{"id":152,"date":"2023-10-18T15:10:40","date_gmt":"2023-10-18T18:10:40","guid":{"rendered":"https:\/\/100anossemrui.casaruibarbosa.gov.br\/?page_id=152"},"modified":"2023-10-19T08:57:44","modified_gmt":"2023-10-19T11:57:44","slug":"fotos-do-adeus","status":"publish","type":"page","link":"https:\/\/100anossemrui.casaruibarbosa.gov.br\/?page_id=152","title":{"rendered":"Fotos do adeus"},"content":{"rendered":"<h4>A rea\u00e7\u00e3o popular ao falecimento de Rui Barbosa<\/p>\n<p><div id=\"envira-gallery-wrap-266\" class=\"envira-gallery-wrap envira-gallery-theme-base envira-lightbox-theme-base\" itemscope itemtype=\"https:\/\/schema.org\/ImageGallery\"><div data-row-height=\"150\" data-gallery-theme=\"normal\" id=\"envira-gallery-266\" class=\"envira-gallery-public envira-gallery-justified-public envira-gallery-0-columns envira-clear enviratope envira-gallery-css-animations\" data-envira-columns=\"0\"><div id=\"envira-gallery-item-63\" class=\"envira-gallery-item enviratope-item envira-gallery-item-1 envira-lazy-load\" style=\"padding-left: 5px; padding-bottom: 10px; padding-right: 5px;\"  itemscope itemtype=\"https:\/\/schema.org\/ImageObject\"><div class=\"envira-gallery-item-inner\"><div class=\"envira-gallery-position-overlay  envira-gallery-top-left\"><\/div><div class=\"envira-gallery-position-overlay  envira-gallery-top-right\"><\/div><div class=\"envira-gallery-position-overlay  envira-gallery-bottom-left\"><\/div><div class=\"envira-gallery-position-overlay  envira-gallery-bottom-right\"><\/div><a href=\"https:\/\/100anossemrui.casaruibarbosa.gov.br\/wp-content\/uploads\/2023\/10\/enterro1.jpg\" class=\"envira-gallery-266 envira-gallery-link\" rel=\"enviragallery266\" title=\"Coche f\u00fanebre em frente \u00e0 casa de Rui em Petr\u00f3polis\" data-envira-caption=\"Coche f\u00fanebre em frente \u00e0 casa de Rui em Petr\u00f3polis\" data-envira-retina=\"\" data-thumbnail=\"\"  itemprop=\"contentUrl\"><img decoding=\"async\" id=\"envira-gallery-image-63\" class=\"envira-gallery-image envira-gallery-image-1 envira-normal envira-lazy\" data-envira-index=\"1\" src=\"https:\/\/100anossemrui.casaruibarbosa.gov.br\/wp-content\/uploads\/2023\/10\/enterro1-640x480.jpg\" data-envira-src=\"https:\/\/100anossemrui.casaruibarbosa.gov.br\/wp-content\/uploads\/2023\/10\/enterro1-640x480.jpg\" data-envira-gallery-id=\"266\" data-envira-item-id=\"63\" data-envira-caption=\"Coche f\u00fanebre em frente \u00e0 casa de Rui em Petr\u00f3polis\" alt=\"Coche f\u00fanebre em frente \u00e0 casa de Rui em Petr\u00f3polis\" title=\"Coche f\u00fanebre em frente \u00e0 casa de Rui em Petr\u00f3polis\"  itemprop=\"thumbnailUrl\" data-envira-srcset=\"https:\/\/100anossemrui.casaruibarbosa.gov.br\/wp-content\/uploads\/2023\/10\/enterro1-640x480.jpg 400w,https:\/\/100anossemrui.casaruibarbosa.gov.br\/wp-content\/uploads\/2023\/10\/enterro1-640x480.jpg 2x\" data-envira-width=\"300\" data-envira-height=\"200\" srcset=\"data:image\/gif;base64,R0lGODlhAQABAIAAAP\/\/\/\/\/\/\/yH5BAEKAAEALAAAAAABAAEAAAICTAEAOw==\" data-safe-src=\"data:image\/gif;base64,R0lGODlhAQABAIAAAP\/\/\/\/\/\/\/yH5BAEKAAEALAAAAAABAAEAAAICTAEAOw==\" \/><\/a><\/div><\/div><div id=\"envira-gallery-item-65\" class=\"envira-gallery-item enviratope-item envira-gallery-item-2 envira-lazy-load\" style=\"padding-left: 5px; padding-bottom: 10px; padding-right: 5px;\"  itemscope itemtype=\"https:\/\/schema.org\/ImageObject\"><div class=\"envira-gallery-item-inner\"><div class=\"envira-gallery-position-overlay  envira-gallery-top-left\"><\/div><div class=\"envira-gallery-position-overlay  envira-gallery-top-right\"><\/div><div class=\"envira-gallery-position-overlay  envira-gallery-bottom-left\"><\/div><div class=\"envira-gallery-position-overlay  envira-gallery-bottom-right\"><\/div><a href=\"https:\/\/100anossemrui.casaruibarbosa.gov.br\/wp-content\/uploads\/2023\/10\/enterro2.jpg\" class=\"envira-gallery-266 envira-gallery-link\" rel=\"enviragallery266\" title=\"Chegada ao Rio de Janeiro. O corpo segue para a Biblioteca Nacional\" data-envira-caption=\"Chegada ao Rio de Janeiro. O corpo segue para a Biblioteca Nacional\" data-envira-retina=\"\" data-thumbnail=\"\"  itemprop=\"contentUrl\"><img decoding=\"async\" id=\"envira-gallery-image-65\" class=\"envira-gallery-image envira-gallery-image-2 envira-normal envira-lazy\" data-envira-index=\"2\" src=\"https:\/\/100anossemrui.casaruibarbosa.gov.br\/wp-content\/uploads\/2023\/10\/enterro2-640x480.jpg\" data-envira-src=\"https:\/\/100anossemrui.casaruibarbosa.gov.br\/wp-content\/uploads\/2023\/10\/enterro2-640x480.jpg\" data-envira-gallery-id=\"266\" data-envira-item-id=\"65\" data-envira-caption=\"Chegada ao Rio de Janeiro. O corpo segue para a Biblioteca Nacional\" alt=\"Chegada ao Rio de Janeiro. O corpo segue para a Biblioteca Nacional\" title=\"Chegada ao Rio de Janeiro. O corpo segue para a Biblioteca Nacional\"  itemprop=\"thumbnailUrl\" data-envira-srcset=\"https:\/\/100anossemrui.casaruibarbosa.gov.br\/wp-content\/uploads\/2023\/10\/enterro2-640x480.jpg 400w,https:\/\/100anossemrui.casaruibarbosa.gov.br\/wp-content\/uploads\/2023\/10\/enterro2-640x480.jpg 2x\" data-envira-width=\"300\" data-envira-height=\"200\" srcset=\"data:image\/gif;base64,R0lGODlhAQABAIAAAP\/\/\/\/\/\/\/yH5BAEKAAEALAAAAAABAAEAAAICTAEAOw==\" data-safe-src=\"data:image\/gif;base64,R0lGODlhAQABAIAAAP\/\/\/\/\/\/\/yH5BAEKAAEALAAAAAABAAEAAAICTAEAOw==\" \/><\/a><\/div><\/div><div id=\"envira-gallery-item-66\" class=\"envira-gallery-item enviratope-item envira-gallery-item-3 envira-lazy-load\" style=\"padding-left: 5px; padding-bottom: 10px; padding-right: 5px;\"  itemscope itemtype=\"https:\/\/schema.org\/ImageObject\"><div class=\"envira-gallery-item-inner\"><div class=\"envira-gallery-position-overlay  envira-gallery-top-left\"><\/div><div class=\"envira-gallery-position-overlay  envira-gallery-top-right\"><\/div><div class=\"envira-gallery-position-overlay  envira-gallery-bottom-left\"><\/div><div class=\"envira-gallery-position-overlay  envira-gallery-bottom-right\"><\/div><a href=\"https:\/\/100anossemrui.casaruibarbosa.gov.br\/wp-content\/uploads\/2023\/10\/enterro3.jpg\" class=\"envira-gallery-266 envira-gallery-link\" rel=\"enviragallery266\" title=\"O cortejo atravessa a Avenida do Mangue\" data-envira-caption=\"O cortejo atravessa a Avenida do Mangue\" data-envira-retina=\"\" data-thumbnail=\"\"  itemprop=\"contentUrl\"><img decoding=\"async\" id=\"envira-gallery-image-66\" class=\"envira-gallery-image envira-gallery-image-3 envira-normal envira-lazy\" data-envira-index=\"3\" src=\"https:\/\/100anossemrui.casaruibarbosa.gov.br\/wp-content\/uploads\/2023\/10\/enterro3-640x480.jpg\" data-envira-src=\"https:\/\/100anossemrui.casaruibarbosa.gov.br\/wp-content\/uploads\/2023\/10\/enterro3-640x480.jpg\" data-envira-gallery-id=\"266\" data-envira-item-id=\"66\" data-envira-caption=\"O cortejo atravessa a Avenida do Mangue\" alt=\"O cortejo atravessa a Avenida do Mangue\" title=\"O cortejo atravessa a Avenida do Mangue\"  itemprop=\"thumbnailUrl\" data-envira-srcset=\"https:\/\/100anossemrui.casaruibarbosa.gov.br\/wp-content\/uploads\/2023\/10\/enterro3-640x480.jpg 400w,https:\/\/100anossemrui.casaruibarbosa.gov.br\/wp-content\/uploads\/2023\/10\/enterro3-640x480.jpg 2x\" data-envira-width=\"300\" data-envira-height=\"200\" srcset=\"data:image\/gif;base64,R0lGODlhAQABAIAAAP\/\/\/\/\/\/\/yH5BAEKAAEALAAAAAABAAEAAAICTAEAOw==\" data-safe-src=\"data:image\/gif;base64,R0lGODlhAQABAIAAAP\/\/\/\/\/\/\/yH5BAEKAAEALAAAAAABAAEAAAICTAEAOw==\" \/><\/a><\/div><\/div><div id=\"envira-gallery-item-67\" class=\"envira-gallery-item enviratope-item envira-gallery-item-4 envira-lazy-load\" style=\"padding-left: 5px; padding-bottom: 10px; padding-right: 5px;\"  itemscope itemtype=\"https:\/\/schema.org\/ImageObject\"><div class=\"envira-gallery-item-inner\"><div class=\"envira-gallery-position-overlay  envira-gallery-top-left\"><\/div><div class=\"envira-gallery-position-overlay  envira-gallery-top-right\"><\/div><div class=\"envira-gallery-position-overlay  envira-gallery-bottom-left\"><\/div><div class=\"envira-gallery-position-overlay  envira-gallery-bottom-right\"><\/div><a href=\"https:\/\/100anossemrui.casaruibarbosa.gov.br\/wp-content\/uploads\/2023\/10\/enterro4.jpg\" class=\"envira-gallery-266 envira-gallery-link\" rel=\"enviragallery266\" title=\"O povo aguarda diante da Biblioteca Nacional\" data-envira-caption=\"O povo aguarda diante da Biblioteca Nacional\" data-envira-retina=\"\" data-thumbnail=\"\"  itemprop=\"contentUrl\"><img decoding=\"async\" id=\"envira-gallery-image-67\" class=\"envira-gallery-image envira-gallery-image-4 envira-normal envira-lazy\" data-envira-index=\"4\" src=\"https:\/\/100anossemrui.casaruibarbosa.gov.br\/wp-content\/uploads\/2023\/10\/enterro4-640x480.jpg\" data-envira-src=\"https:\/\/100anossemrui.casaruibarbosa.gov.br\/wp-content\/uploads\/2023\/10\/enterro4-640x480.jpg\" data-envira-gallery-id=\"266\" data-envira-item-id=\"67\" data-envira-caption=\"O povo aguarda diante da Biblioteca Nacional\" alt=\"O povo aguarda diante da Biblioteca Nacional\" title=\"O povo aguarda diante da Biblioteca Nacional\"  itemprop=\"thumbnailUrl\" data-envira-srcset=\"https:\/\/100anossemrui.casaruibarbosa.gov.br\/wp-content\/uploads\/2023\/10\/enterro4-640x480.jpg 400w,https:\/\/100anossemrui.casaruibarbosa.gov.br\/wp-content\/uploads\/2023\/10\/enterro4-640x480.jpg 2x\" data-envira-width=\"300\" data-envira-height=\"200\" srcset=\"data:image\/gif;base64,R0lGODlhAQABAIAAAP\/\/\/\/\/\/\/yH5BAEKAAEALAAAAAABAAEAAAICTAEAOw==\" data-safe-src=\"data:image\/gif;base64,R0lGODlhAQABAIAAAP\/\/\/\/\/\/\/yH5BAEKAAEALAAAAAABAAEAAAICTAEAOw==\" \/><\/a><\/div><\/div><div id=\"envira-gallery-item-71\" class=\"envira-gallery-item enviratope-item envira-gallery-item-5 envira-lazy-load\" style=\"padding-left: 5px; padding-bottom: 10px; padding-right: 5px;\"  itemscope itemtype=\"https:\/\/schema.org\/ImageObject\"><div class=\"envira-gallery-item-inner\"><div class=\"envira-gallery-position-overlay  envira-gallery-top-left\"><\/div><div class=\"envira-gallery-position-overlay  envira-gallery-top-right\"><\/div><div class=\"envira-gallery-position-overlay  envira-gallery-bottom-left\"><\/div><div class=\"envira-gallery-position-overlay  envira-gallery-bottom-right\"><\/div><a href=\"https:\/\/100anossemrui.casaruibarbosa.gov.br\/wp-content\/uploads\/2023\/10\/enterro5.jpg\" class=\"envira-gallery-266 envira-gallery-link\" rel=\"enviragallery266\" title=\"Artur Bernardes presta as \u00faltimas homenagens\" data-envira-caption=\"Artur Bernardes presta as \u00faltimas homenagens\" data-envira-retina=\"\" data-thumbnail=\"\"  itemprop=\"contentUrl\"><img decoding=\"async\" id=\"envira-gallery-image-71\" class=\"envira-gallery-image envira-gallery-image-5 envira-normal envira-lazy\" data-envira-index=\"5\" src=\"https:\/\/100anossemrui.casaruibarbosa.gov.br\/wp-content\/uploads\/2023\/10\/enterro5-640x480.jpg\" data-envira-src=\"https:\/\/100anossemrui.casaruibarbosa.gov.br\/wp-content\/uploads\/2023\/10\/enterro5-640x480.jpg\" data-envira-gallery-id=\"266\" data-envira-item-id=\"71\" data-envira-caption=\"Artur Bernardes presta as \u00faltimas homenagens\" alt=\"Artur Bernardes presta as \u00faltimas homenagens\" title=\"Artur Bernardes presta as \u00faltimas homenagens\"  itemprop=\"thumbnailUrl\" data-envira-srcset=\"https:\/\/100anossemrui.casaruibarbosa.gov.br\/wp-content\/uploads\/2023\/10\/enterro5-640x480.jpg 400w,https:\/\/100anossemrui.casaruibarbosa.gov.br\/wp-content\/uploads\/2023\/10\/enterro5-640x480.jpg 2x\" data-envira-width=\"300\" data-envira-height=\"200\" srcset=\"data:image\/gif;base64,R0lGODlhAQABAIAAAP\/\/\/\/\/\/\/yH5BAEKAAEALAAAAAABAAEAAAICTAEAOw==\" data-safe-src=\"data:image\/gif;base64,R0lGODlhAQABAIAAAP\/\/\/\/\/\/\/yH5BAEKAAEALAAAAAABAAEAAAICTAEAOw==\" \/><\/a><\/div><\/div><div id=\"envira-gallery-item-72\" class=\"envira-gallery-item enviratope-item envira-gallery-item-6 envira-lazy-load\" style=\"padding-left: 5px; padding-bottom: 10px; padding-right: 5px;\"  itemscope itemtype=\"https:\/\/schema.org\/ImageObject\"><div class=\"envira-gallery-item-inner\"><div class=\"envira-gallery-position-overlay  envira-gallery-top-left\"><\/div><div class=\"envira-gallery-position-overlay  envira-gallery-top-right\"><\/div><div class=\"envira-gallery-position-overlay  envira-gallery-bottom-left\"><\/div><div class=\"envira-gallery-position-overlay  envira-gallery-bottom-right\"><\/div><a href=\"https:\/\/100anossemrui.casaruibarbosa.gov.br\/wp-content\/uploads\/2023\/10\/enterro6.jpg\" class=\"envira-gallery-266 envira-gallery-link\" rel=\"enviragallery266\" title=\"Forma\u00e7\u00e3o do pr\u00e9stito funer\u00e1rio diante da Biblioteca Nacional\" data-envira-caption=\"Forma\u00e7\u00e3o do pr\u00e9stito funer\u00e1rio diante da Biblioteca Nacional\" data-envira-retina=\"\" data-thumbnail=\"\"  itemprop=\"contentUrl\"><img decoding=\"async\" id=\"envira-gallery-image-72\" class=\"envira-gallery-image envira-gallery-image-6 envira-normal envira-lazy\" data-envira-index=\"6\" src=\"https:\/\/100anossemrui.casaruibarbosa.gov.br\/wp-content\/uploads\/2023\/10\/enterro6-640x480.jpg\" data-envira-src=\"https:\/\/100anossemrui.casaruibarbosa.gov.br\/wp-content\/uploads\/2023\/10\/enterro6-640x480.jpg\" data-envira-gallery-id=\"266\" data-envira-item-id=\"72\" data-envira-caption=\"Forma\u00e7\u00e3o do pr\u00e9stito funer\u00e1rio diante da Biblioteca Nacional\" alt=\"Forma\u00e7\u00e3o do pr\u00e9stito funer\u00e1rio diante da Biblioteca Nacional\" title=\"Forma\u00e7\u00e3o do pr\u00e9stito funer\u00e1rio diante da Biblioteca Nacional\"  itemprop=\"thumbnailUrl\" data-envira-srcset=\"https:\/\/100anossemrui.casaruibarbosa.gov.br\/wp-content\/uploads\/2023\/10\/enterro6-640x480.jpg 400w,https:\/\/100anossemrui.casaruibarbosa.gov.br\/wp-content\/uploads\/2023\/10\/enterro6-640x480.jpg 2x\" data-envira-width=\"300\" data-envira-height=\"200\" srcset=\"data:image\/gif;base64,R0lGODlhAQABAIAAAP\/\/\/\/\/\/\/yH5BAEKAAEALAAAAAABAAEAAAICTAEAOw==\" data-safe-src=\"data:image\/gif;base64,R0lGODlhAQABAIAAAP\/\/\/\/\/\/\/yH5BAEKAAEALAAAAAABAAEAAAICTAEAOw==\" \/><\/a><\/div><\/div><div id=\"envira-gallery-item-74\" class=\"envira-gallery-item enviratope-item envira-gallery-item-7 envira-lazy-load\" style=\"padding-left: 5px; padding-bottom: 10px; padding-right: 5px;\"  itemscope itemtype=\"https:\/\/schema.org\/ImageObject\"><div class=\"envira-gallery-item-inner\"><div class=\"envira-gallery-position-overlay  envira-gallery-top-left\"><\/div><div class=\"envira-gallery-position-overlay  envira-gallery-top-right\"><\/div><div class=\"envira-gallery-position-overlay  envira-gallery-bottom-left\"><\/div><div class=\"envira-gallery-position-overlay  envira-gallery-bottom-right\"><\/div><a href=\"https:\/\/100anossemrui.casaruibarbosa.gov.br\/wp-content\/uploads\/2023\/10\/enterro8.jpg\" class=\"envira-gallery-266 envira-gallery-link\" rel=\"enviragallery266\" title=\"D. Maria Augusta deixa a Biblioteca Nacional\" data-envira-caption=\"D. Maria Augusta deixa a Biblioteca Nacional\" data-envira-retina=\"\" data-thumbnail=\"\"  itemprop=\"contentUrl\"><img decoding=\"async\" id=\"envira-gallery-image-74\" class=\"envira-gallery-image envira-gallery-image-7 envira-normal envira-lazy\" data-envira-index=\"7\" src=\"https:\/\/100anossemrui.casaruibarbosa.gov.br\/wp-content\/uploads\/2023\/10\/enterro8-640x480.jpg\" data-envira-src=\"https:\/\/100anossemrui.casaruibarbosa.gov.br\/wp-content\/uploads\/2023\/10\/enterro8-640x480.jpg\" data-envira-gallery-id=\"266\" data-envira-item-id=\"74\" data-envira-caption=\"D. Maria Augusta deixa a Biblioteca Nacional\" alt=\"D. Maria Augusta deixa a Biblioteca Nacional\" title=\"D. Maria Augusta deixa a Biblioteca Nacional\"  itemprop=\"thumbnailUrl\" data-envira-srcset=\"https:\/\/100anossemrui.casaruibarbosa.gov.br\/wp-content\/uploads\/2023\/10\/enterro8-640x480.jpg 400w,https:\/\/100anossemrui.casaruibarbosa.gov.br\/wp-content\/uploads\/2023\/10\/enterro8-640x480.jpg 2x\" data-envira-width=\"300\" data-envira-height=\"200\" srcset=\"data:image\/gif;base64,R0lGODlhAQABAIAAAP\/\/\/\/\/\/\/yH5BAEKAAEALAAAAAABAAEAAAICTAEAOw==\" data-safe-src=\"data:image\/gif;base64,R0lGODlhAQABAIAAAP\/\/\/\/\/\/\/yH5BAEKAAEALAAAAAABAAEAAAICTAEAOw==\" \/><\/a><\/div><\/div><div id=\"envira-gallery-item-83\" class=\"envira-gallery-item enviratope-item envira-gallery-item-8 envira-lazy-load\" style=\"padding-left: 5px; padding-bottom: 10px; padding-right: 5px;\"  itemscope itemtype=\"https:\/\/schema.org\/ImageObject\"><div class=\"envira-gallery-item-inner\"><div class=\"envira-gallery-position-overlay  envira-gallery-top-left\"><\/div><div class=\"envira-gallery-position-overlay  envira-gallery-top-right\"><\/div><div class=\"envira-gallery-position-overlay  envira-gallery-bottom-left\"><\/div><div class=\"envira-gallery-position-overlay  envira-gallery-bottom-right\"><\/div><a href=\"https:\/\/100anossemrui.casaruibarbosa.gov.br\/wp-content\/uploads\/2023\/10\/entpopularesjpg.jpg\" class=\"envira-gallery-266 envira-gallery-link\" rel=\"enviragallery266\" title=\"Nos ombros do povo, o esquife chega ao Cemit\u00e9rio S\u00e3o Jo\u00e3o Batista\" data-envira-caption=\"Nos ombros do povo, o esquife chega ao Cemit\u00e9rio S\u00e3o Jo\u00e3o Batista\" data-envira-retina=\"\" data-thumbnail=\"\"  itemprop=\"contentUrl\"><img decoding=\"async\" id=\"envira-gallery-image-83\" class=\"envira-gallery-image envira-gallery-image-8 envira-normal envira-lazy\" data-envira-index=\"8\" src=\"https:\/\/100anossemrui.casaruibarbosa.gov.br\/wp-content\/uploads\/2023\/10\/entpopularesjpg-640x480.jpg\" data-envira-src=\"https:\/\/100anossemrui.casaruibarbosa.gov.br\/wp-content\/uploads\/2023\/10\/entpopularesjpg-640x480.jpg\" data-envira-gallery-id=\"266\" data-envira-item-id=\"83\" data-envira-caption=\"Nos ombros do povo, o esquife chega ao Cemit\u00e9rio S\u00e3o Jo\u00e3o Batista\" alt=\"Nos ombros do povo o esquife chega ao Cemit\u00e9rio S\u00e3o Jo\u00e3o Batista\" title=\"Nos ombros do povo, o esquife chega ao Cemit\u00e9rio S\u00e3o Jo\u00e3o Batista\"  itemprop=\"thumbnailUrl\" data-envira-srcset=\"https:\/\/100anossemrui.casaruibarbosa.gov.br\/wp-content\/uploads\/2023\/10\/entpopularesjpg-640x480.jpg 400w,https:\/\/100anossemrui.casaruibarbosa.gov.br\/wp-content\/uploads\/2023\/10\/entpopularesjpg-640x480.jpg 2x\" data-envira-width=\"300\" data-envira-height=\"200\" srcset=\"data:image\/gif;base64,R0lGODlhAQABAIAAAP\/\/\/\/\/\/\/yH5BAEKAAEALAAAAAABAAEAAAICTAEAOw==\" data-safe-src=\"data:image\/gif;base64,R0lGODlhAQABAIAAAP\/\/\/\/\/\/\/yH5BAEKAAEALAAAAAABAAEAAAICTAEAOw==\" \/><\/a><\/div><\/div><\/div><\/div><noscript><img decoding=\"async\" src=\"https:\/\/100anossemrui.casaruibarbosa.gov.br\/wp-content\/uploads\/2023\/10\/enterro1.jpg\" alt=\"Coche f\u00fanebre em frente \u00e0 casa de Rui em Petr\u00f3polis\" \/><img decoding=\"async\" src=\"https:\/\/100anossemrui.casaruibarbosa.gov.br\/wp-content\/uploads\/2023\/10\/enterro2.jpg\" alt=\"Chegada ao Rio de Janeiro. O corpo segue para a Biblioteca Nacional\" \/><img decoding=\"async\" src=\"https:\/\/100anossemrui.casaruibarbosa.gov.br\/wp-content\/uploads\/2023\/10\/enterro3.jpg\" alt=\"O cortejo atravessa a Avenida do Mangue\" \/><img decoding=\"async\" src=\"https:\/\/100anossemrui.casaruibarbosa.gov.br\/wp-content\/uploads\/2023\/10\/enterro4.jpg\" alt=\"O povo aguarda diante da Biblioteca Nacional\" \/><img decoding=\"async\" src=\"https:\/\/100anossemrui.casaruibarbosa.gov.br\/wp-content\/uploads\/2023\/10\/enterro5.jpg\" alt=\"Artur Bernardes presta as \u00faltimas homenagens\" \/><img decoding=\"async\" src=\"https:\/\/100anossemrui.casaruibarbosa.gov.br\/wp-content\/uploads\/2023\/10\/enterro6.jpg\" alt=\"Forma\u00e7\u00e3o do pr\u00e9stito funer\u00e1rio diante da Biblioteca Nacional\" \/><img decoding=\"async\" src=\"https:\/\/100anossemrui.casaruibarbosa.gov.br\/wp-content\/uploads\/2023\/10\/enterro8.jpg\" alt=\"D. Maria Augusta deixa a Biblioteca Nacional\" \/><img decoding=\"async\" src=\"https:\/\/100anossemrui.casaruibarbosa.gov.br\/wp-content\/uploads\/2023\/10\/entpopularesjpg.jpg\" alt=\"Nos ombros do povo o esquife chega ao Cemit\u00e9rio S\u00e3o Jo\u00e3o Batista\" \/><\/noscript><\/h4>\n","protected":false},"excerpt":{"rendered":"<p>A rea\u00e7\u00e3o popular ao falecimento de Rui Barbosa<\/p>\n","protected":false},"author":1,"featured_media":0,"parent":0,"menu_order":0,"comment_status":"closed","ping_status":"closed","template":"","meta":{"footnotes":""},"class_list":["post-152","page","type-page","status-publish","hentry"],"_links":{"self":[{"href":"https:\/\/100anossemrui.casaruibarbosa.gov.br\/index.php?rest_route=\/wp\/v2\/pages\/152","targetHints":{"allow":["GET"]}}],"collection":[{"href":"https:\/\/100anossemrui.casaruibarbosa.gov.br\/index.php?rest_route=\/wp\/v2\/pages"}],"about":[{"href":"https:\/\/100anossemrui.casaruibarbosa.gov.br\/index.php?rest_route=\/wp\/v2\/types\/page"}],"author":[{"embeddable":true,"href":"https:\/\/100anossemrui.casaruibarbosa.gov.br\/index.php?rest_route=\/wp\/v2\/users\/1"}],"replies":[{"embeddable":true,"href":"https:\/\/100anossemrui.casaruibarbosa.gov.br\/index.php?rest_route=%2Fwp%2Fv2%2Fcomments&post=152"}],"version-history":[{"count":2,"href":"https:\/\/100anossemrui.casaruibarbosa.gov.br\/index.php?rest_route=\/wp\/v2\/pages\/152\/revisions"}],"predecessor-version":[{"id":267,"href":"https:\/\/100anossemrui.casaruibarbosa.gov.br\/index.php?rest_route=\/wp\/v2\/pages\/152\/revisions\/267"}],"wp:attachment":[{"href":"https:\/\/100anossemrui.casaruibarbosa.gov.br\/index.php?rest_route=%2Fwp%2Fv2%2Fmedia&parent=152"}],"curies":[{"name":"wp","href":"https:\/\/api.w.org\/{rel}","templated":true}]}}