{"id":155,"date":"2023-10-18T15:11:06","date_gmt":"2023-10-18T18:11:06","guid":{"rendered":"https:\/\/100anossemrui.casaruibarbosa.gov.br\/?page_id=155"},"modified":"2023-10-31T10:25:32","modified_gmt":"2023-10-31T13:25:32","slug":"memorabilia","status":"publish","type":"page","link":"https:\/\/100anossemrui.casaruibarbosa.gov.br\/?page_id=155","title":{"rendered":"Memorabilia"},"content":{"rendered":"<h4>Objetos em mem\u00f3ria e em homenagem a Rui<\/h4>\n<p>Ao longo de seus 73 anos de vida, Rui Barbosa recebeu todo tipo de homenagem, como prova de respeito, reconhecimento e admira\u00e7\u00e3o, seja por parte do governo (em nome do povo), seja por institui\u00e7\u00f5es e particulares. Foram comendas e medalhas internacionais (como da Legi\u00e3o de Honra da Fran\u00e7a, da Ordem da Coroa da B\u00e9lgica e da Ordem de S\u00e3o Tiago, de Portugal), foram diversas medalhas nacionais (de cobre, bronze, prata e alum\u00ednio, em homenagem \u00e0 sua atua\u00e7\u00e3o diplom\u00e1tica em Haia e Buenos Aires), foram pe\u00e7as escult\u00f3ricas, plaquetas, cart\u00f5es de prata, pinturas, \u00e1lbuns&#8230;<\/p>\n<div><\/div>\n<p>Ap\u00f3s sua morte, as homenagens n\u00e3o cessaram. A seguir, ilustramos algumas das homenagens p\u00f3stumas, por iniciativa oficial ou particular. Para saber mais detalhes, consultar o livro\u00a0<em>Homenagens<\/em>, de Cl\u00e1udia Barbosa Reis (Rio de Janeiro: Funda\u00e7\u00e3o Casa de Rui Barbosa, 2000), livro de refer\u00eancia para a feitura das legendas das imagens abaixo.<\/p>\n<div id=\"envira-gallery-wrap-358\" class=\"envira-gallery-wrap envira-gallery-theme-base envira-lightbox-theme-base\" itemscope itemtype=\"https:\/\/schema.org\/ImageGallery\"><div data-row-height=\"800\" data-gallery-theme=\"normal\" id=\"envira-gallery-358\" class=\"envira-gallery-public envira-gallery-justified-public envira-gallery-0-columns envira-clear enviratope envira-gallery-css-animations\" data-envira-columns=\"0\"><div id=\"envira-gallery-item-367\" class=\"envira-gallery-item enviratope-item envira-gallery-item-1 envira-lazy-load\" style=\"padding-left: 5px; padding-bottom: 10px; padding-right: 5px;\"  itemscope itemtype=\"https:\/\/schema.org\/ImageObject\"><div class=\"envira-gallery-item-inner\"><div class=\"envira-gallery-position-overlay  envira-gallery-top-left\"><\/div><div class=\"envira-gallery-position-overlay  envira-gallery-top-right\"><\/div><div class=\"envira-gallery-position-overlay  envira-gallery-bottom-left\"><\/div><div class=\"envira-gallery-position-overlay  envira-gallery-bottom-right\"><\/div><a href=\"https:\/\/100anossemrui.casaruibarbosa.gov.br\/wp-content\/uploads\/2023\/10\/imagem_2023-10-20_174144489.png\" class=\"envira-gallery-358 envira-gallery-link\" rel=\"enviragallery358\" title=\"C\u00e9dula de 100.000 r\u00e9is emitida pelo Tesouro Nacional, com a ef\u00edgie de Rui Barbosa ao centro. Circulou de 1924 a 1932.\" data-envira-caption=\"C\u00e9dula de 100.000 r\u00e9is emitida pelo Tesouro Nacional, com a ef\u00edgie de Rui Barbosa ao centro. Circulou de 1924 a 1932.\" data-envira-retina=\"\" data-thumbnail=\"\"  itemprop=\"contentUrl\"><img decoding=\"async\" id=\"envira-gallery-image-367\" class=\"envira-gallery-image envira-gallery-image-1 envira-normal envira-lazy\" data-envira-index=\"1\" src=\"https:\/\/100anossemrui.casaruibarbosa.gov.br\/wp-content\/uploads\/2023\/10\/imagem_2023-10-20_174144489-640x480.png\" data-envira-src=\"https:\/\/100anossemrui.casaruibarbosa.gov.br\/wp-content\/uploads\/2023\/10\/imagem_2023-10-20_174144489-640x480.png\" data-envira-gallery-id=\"358\" data-envira-item-id=\"367\" data-envira-caption=\"C\u00e9dula de 100.000 r\u00e9is emitida pelo Tesouro Nacional, com a ef\u00edgie de Rui Barbosa ao centro. Circulou de 1924 a 1932.\" alt=\"C\u00e9dula de 100.000 r\u00e9is emitida pelo Tesouro Nacional, com a ef\u00edgie de Rui Barbosa ao centro. Circulou de 1924 a 1932.\" title=\"C\u00e9dula de 100.000 r\u00e9is emitida pelo Tesouro Nacional, com a ef\u00edgie de Rui Barbosa ao centro. Circulou de 1924 a 1932.\"  itemprop=\"thumbnailUrl\" data-envira-srcset=\"https:\/\/100anossemrui.casaruibarbosa.gov.br\/wp-content\/uploads\/2023\/10\/imagem_2023-10-20_174144489-640x480.png 400w,https:\/\/100anossemrui.casaruibarbosa.gov.br\/wp-content\/uploads\/2023\/10\/imagem_2023-10-20_174144489-640x480.png 2x\" data-envira-width=\"300\" data-envira-height=\"292\" srcset=\"data:image\/gif;base64,R0lGODlhAQABAIAAAP\/\/\/\/\/\/\/yH5BAEKAAEALAAAAAABAAEAAAICTAEAOw==\" data-safe-src=\"data:image\/gif;base64,R0lGODlhAQABAIAAAP\/\/\/\/\/\/\/yH5BAEKAAEALAAAAAABAAEAAAICTAEAOw==\" \/><\/a><\/div><\/div><div id=\"envira-gallery-item-368\" class=\"envira-gallery-item enviratope-item envira-gallery-item-2 envira-lazy-load\" style=\"padding-left: 5px; padding-bottom: 10px; padding-right: 5px;\"  itemscope itemtype=\"https:\/\/schema.org\/ImageObject\"><div class=\"envira-gallery-item-inner\"><div class=\"envira-gallery-position-overlay  envira-gallery-top-left\"><\/div><div class=\"envira-gallery-position-overlay  envira-gallery-top-right\"><\/div><div class=\"envira-gallery-position-overlay  envira-gallery-bottom-left\"><\/div><div class=\"envira-gallery-position-overlay  envira-gallery-bottom-right\"><\/div><a href=\"https:\/\/100anossemrui.casaruibarbosa.gov.br\/wp-content\/uploads\/2023\/10\/imagem_2023-10-20_174200172.png\" class=\"envira-gallery-358 envira-gallery-link\" rel=\"enviragallery358\" title=\"Reverso da c\u00e9dula de 100.000 r\u00e9is\" data-envira-caption=\"Reverso da c\u00e9dula de 100.000 r\u00e9is\" data-envira-retina=\"\" data-thumbnail=\"\"  itemprop=\"contentUrl\"><img decoding=\"async\" id=\"envira-gallery-image-368\" class=\"envira-gallery-image envira-gallery-image-2 envira-normal envira-lazy\" data-envira-index=\"2\" src=\"https:\/\/100anossemrui.casaruibarbosa.gov.br\/wp-content\/uploads\/2023\/10\/imagem_2023-10-20_174200172-640x480.png\" data-envira-src=\"https:\/\/100anossemrui.casaruibarbosa.gov.br\/wp-content\/uploads\/2023\/10\/imagem_2023-10-20_174200172-640x480.png\" data-envira-gallery-id=\"358\" data-envira-item-id=\"368\" data-envira-caption=\"Reverso da c\u00e9dula de 100.000 r\u00e9is\" alt=\"Reverso da c\u00e9dula de 100.000 r\u00e9is\" title=\"Reverso da c\u00e9dula de 100.000 r\u00e9is\"  itemprop=\"thumbnailUrl\" data-envira-srcset=\"https:\/\/100anossemrui.casaruibarbosa.gov.br\/wp-content\/uploads\/2023\/10\/imagem_2023-10-20_174200172-640x480.png 400w,https:\/\/100anossemrui.casaruibarbosa.gov.br\/wp-content\/uploads\/2023\/10\/imagem_2023-10-20_174200172-640x480.png 2x\" data-envira-width=\"300\" data-envira-height=\"293\" srcset=\"data:image\/gif;base64,R0lGODlhAQABAIAAAP\/\/\/\/\/\/\/yH5BAEKAAEALAAAAAABAAEAAAICTAEAOw==\" data-safe-src=\"data:image\/gif;base64,R0lGODlhAQABAIAAAP\/\/\/\/\/\/\/yH5BAEKAAEALAAAAAABAAEAAAICTAEAOw==\" \/><\/a><\/div><\/div><div id=\"envira-gallery-item-372\" class=\"envira-gallery-item enviratope-item envira-gallery-item-3 envira-lazy-load\" style=\"padding-left: 5px; padding-bottom: 10px; padding-right: 5px;\"  itemscope itemtype=\"https:\/\/schema.org\/ImageObject\"><div class=\"envira-gallery-item-inner\"><div class=\"envira-gallery-position-overlay  envira-gallery-top-left\"><\/div><div class=\"envira-gallery-position-overlay  envira-gallery-top-right\"><\/div><div class=\"envira-gallery-position-overlay  envira-gallery-bottom-left\"><\/div><div class=\"envira-gallery-position-overlay  envira-gallery-bottom-right\"><\/div><a href=\"https:\/\/100anossemrui.casaruibarbosa.gov.br\/wp-content\/uploads\/2023\/10\/imagem_2023-10-20_174502825.png\" class=\"envira-gallery-358 envira-gallery-link\" rel=\"enviragallery358\" title=\"Moeda de 20 centavos em liga de bronze e alum\u00ednio com ef\u00edgie de Rui Barbosa. Circulou entre 1948 e 1956.\" data-envira-caption=\"Moeda de 20 centavos em liga de bronze e alum\u00ednio com ef\u00edgie de Rui Barbosa. Circulou entre 1948 e 1956.\" data-envira-retina=\"\" data-thumbnail=\"\"  itemprop=\"contentUrl\"><img decoding=\"async\" id=\"envira-gallery-image-372\" class=\"envira-gallery-image envira-gallery-image-3 envira-normal envira-lazy\" data-envira-index=\"3\" src=\"https:\/\/100anossemrui.casaruibarbosa.gov.br\/wp-content\/uploads\/2023\/10\/imagem_2023-10-20_174502825-640x480.png\" data-envira-src=\"https:\/\/100anossemrui.casaruibarbosa.gov.br\/wp-content\/uploads\/2023\/10\/imagem_2023-10-20_174502825-640x480.png\" data-envira-gallery-id=\"358\" data-envira-item-id=\"372\" data-envira-caption=\"Moeda de 20 centavos em liga de bronze e alum\u00ednio com ef\u00edgie de Rui Barbosa. Circulou entre 1948 e 1956.\" alt=\"Moeda de 20 centavos em liga de bronze e alum\u00ednio com ef\u00edgie de Rui Barbosa. Circulou entre 1948 e 1956.\" title=\"Moeda de 20 centavos em liga de bronze e alum\u00ednio com ef\u00edgie de Rui Barbosa. Circulou entre 1948 e 1956.\"  itemprop=\"thumbnailUrl\" data-envira-srcset=\"https:\/\/100anossemrui.casaruibarbosa.gov.br\/wp-content\/uploads\/2023\/10\/imagem_2023-10-20_174502825-640x480.png 400w,https:\/\/100anossemrui.casaruibarbosa.gov.br\/wp-content\/uploads\/2023\/10\/imagem_2023-10-20_174502825-640x480.png 2x\" data-envira-width=\"300\" data-envira-height=\"153\" srcset=\"data:image\/gif;base64,R0lGODlhAQABAIAAAP\/\/\/\/\/\/\/yH5BAEKAAEALAAAAAABAAEAAAICTAEAOw==\" data-safe-src=\"data:image\/gif;base64,R0lGODlhAQABAIAAAP\/\/\/\/\/\/\/yH5BAEKAAEALAAAAAABAAEAAAICTAEAOw==\" \/><\/a><\/div><\/div><div id=\"envira-gallery-item-363\" class=\"envira-gallery-item enviratope-item envira-gallery-item-4 envira-lazy-load\" style=\"padding-left: 5px; padding-bottom: 10px; padding-right: 5px;\"  itemscope itemtype=\"https:\/\/schema.org\/ImageObject\"><div class=\"envira-gallery-item-inner\"><div class=\"envira-gallery-position-overlay  envira-gallery-top-left\"><\/div><div class=\"envira-gallery-position-overlay  envira-gallery-top-right\"><\/div><div class=\"envira-gallery-position-overlay  envira-gallery-bottom-left\"><\/div><div class=\"envira-gallery-position-overlay  envira-gallery-bottom-right\"><\/div><a href=\"https:\/\/100anossemrui.casaruibarbosa.gov.br\/wp-content\/uploads\/2023\/10\/imagem_2023-10-20_173828167.png\" class=\"envira-gallery-358 envira-gallery-link\" rel=\"enviragallery358\" title=\"Caricatura de Rui Barbosa feita com objetos. Criada em 1949 por Geraldo Noce, pintor, ceramista e humorista, que se inspirava em pol\u00edticos contempor\u00e2neos e personagens hist\u00f3ricos.\" data-envira-caption=\"Caricatura de Rui Barbosa feita com objetos. Criada em 1949 por Geraldo Noce, pintor, ceramista e humorista, que se inspirava em pol\u00edticos contempor\u00e2neos e personagens hist\u00f3ricos.\" data-envira-retina=\"\" data-thumbnail=\"\"  itemprop=\"contentUrl\"><img decoding=\"async\" id=\"envira-gallery-image-363\" class=\"envira-gallery-image envira-gallery-image-4 envira-normal envira-lazy\" data-envira-index=\"4\" src=\"https:\/\/100anossemrui.casaruibarbosa.gov.br\/wp-content\/uploads\/2023\/10\/imagem_2023-10-20_173828167-640x480.png\" data-envira-src=\"https:\/\/100anossemrui.casaruibarbosa.gov.br\/wp-content\/uploads\/2023\/10\/imagem_2023-10-20_173828167-640x480.png\" data-envira-gallery-id=\"358\" data-envira-item-id=\"363\" data-envira-caption=\"Caricatura de Rui Barbosa feita com objetos. Criada em 1949 por Geraldo Noce, pintor, ceramista e humorista, que se inspirava em pol\u00edticos contempor\u00e2neos e personagens hist\u00f3ricos.\" alt=\"Caricatura de Rui Barbosa feita com objetos. Criada em 1949 por Geraldo Noce, pintor, ceramista e humorista, que se inspirava em pol\u00edticos contempor\u00e2neos e personagens hist\u00f3ricos.\" title=\"Caricatura de Rui Barbosa feita com objetos. Criada em 1949 por Geraldo Noce, pintor, ceramista e humorista, que se inspirava em pol\u00edticos contempor\u00e2neos e personagens hist\u00f3ricos.\"  itemprop=\"thumbnailUrl\" data-envira-srcset=\"https:\/\/100anossemrui.casaruibarbosa.gov.br\/wp-content\/uploads\/2023\/10\/imagem_2023-10-20_173828167-640x480.png 400w,https:\/\/100anossemrui.casaruibarbosa.gov.br\/wp-content\/uploads\/2023\/10\/imagem_2023-10-20_173828167-640x480.png 2x\" data-envira-width=\"300\" data-envira-height=\"300\" srcset=\"data:image\/gif;base64,R0lGODlhAQABAIAAAP\/\/\/\/\/\/\/yH5BAEKAAEALAAAAAABAAEAAAICTAEAOw==\" data-safe-src=\"data:image\/gif;base64,R0lGODlhAQABAIAAAP\/\/\/\/\/\/\/yH5BAEKAAEALAAAAAABAAEAAAICTAEAOw==\" \/><\/a><\/div><\/div><div id=\"envira-gallery-item-369\" class=\"envira-gallery-item enviratope-item envira-gallery-item-5 envira-lazy-load\" style=\"padding-left: 5px; padding-bottom: 10px; padding-right: 5px;\"  itemscope itemtype=\"https:\/\/schema.org\/ImageObject\"><div class=\"envira-gallery-item-inner\"><div class=\"envira-gallery-position-overlay  envira-gallery-top-left\"><\/div><div class=\"envira-gallery-position-overlay  envira-gallery-top-right\"><\/div><div class=\"envira-gallery-position-overlay  envira-gallery-bottom-left\"><\/div><div class=\"envira-gallery-position-overlay  envira-gallery-bottom-right\"><\/div><a href=\"https:\/\/100anossemrui.casaruibarbosa.gov.br\/wp-content\/uploads\/2023\/10\/imagem_2023-10-20_174302705.png\" class=\"envira-gallery-358 envira-gallery-link\" rel=\"enviragallery358\" title=\"Cart\u00e3o da 3\u00aa Exposi\u00e7\u00e3o Filat\u00e9lica e Numism\u00e1tica de Santos, 1949. Homenagem pelo centen\u00e1rio de nascimento de Rui Barbosa.\" data-envira-caption=\"Cart\u00e3o da 3\u00aa Exposi\u00e7\u00e3o Filat\u00e9lica e Numism\u00e1tica de Santos, 1949. Homenagem pelo centen\u00e1rio de nascimento de Rui Barbosa.\" data-envira-retina=\"\" data-thumbnail=\"\"  itemprop=\"contentUrl\"><img decoding=\"async\" id=\"envira-gallery-image-369\" class=\"envira-gallery-image envira-gallery-image-5 envira-normal envira-lazy\" data-envira-index=\"5\" src=\"https:\/\/100anossemrui.casaruibarbosa.gov.br\/wp-content\/uploads\/2023\/10\/imagem_2023-10-20_174302705-640x480.png\" data-envira-src=\"https:\/\/100anossemrui.casaruibarbosa.gov.br\/wp-content\/uploads\/2023\/10\/imagem_2023-10-20_174302705-640x480.png\" data-envira-gallery-id=\"358\" data-envira-item-id=\"369\" data-envira-caption=\"Cart\u00e3o da 3\u00aa Exposi\u00e7\u00e3o Filat\u00e9lica e Numism\u00e1tica de Santos, 1949. Homenagem pelo centen\u00e1rio de nascimento de Rui Barbosa.\" alt=\"Cart\u00e3o da 3\u00aa Exposi\u00e7\u00e3o Filat\u00e9lica e Numism\u00e1tica de Santos, 1949. Homenagem pelo centen\u00e1rio de nascimento de Rui Barbosa.\" title=\"Cart\u00e3o da 3\u00aa Exposi\u00e7\u00e3o Filat\u00e9lica e Numism\u00e1tica de Santos, 1949. Homenagem pelo centen\u00e1rio de nascimento de Rui Barbosa.\"  itemprop=\"thumbnailUrl\" data-envira-srcset=\"https:\/\/100anossemrui.casaruibarbosa.gov.br\/wp-content\/uploads\/2023\/10\/imagem_2023-10-20_174302705-640x480.png 400w,https:\/\/100anossemrui.casaruibarbosa.gov.br\/wp-content\/uploads\/2023\/10\/imagem_2023-10-20_174302705-640x480.png 2x\" data-envira-width=\"300\" data-envira-height=\"300\" srcset=\"data:image\/gif;base64,R0lGODlhAQABAIAAAP\/\/\/\/\/\/\/yH5BAEKAAEALAAAAAABAAEAAAICTAEAOw==\" data-safe-src=\"data:image\/gif;base64,R0lGODlhAQABAIAAAP\/\/\/\/\/\/\/yH5BAEKAAEALAAAAAABAAEAAAICTAEAOw==\" \/><\/a><\/div><\/div><div id=\"envira-gallery-item-371\" class=\"envira-gallery-item enviratope-item envira-gallery-item-6 envira-lazy-load\" style=\"padding-left: 5px; padding-bottom: 10px; padding-right: 5px;\"  itemscope itemtype=\"https:\/\/schema.org\/ImageObject\"><div class=\"envira-gallery-item-inner\"><div class=\"envira-gallery-position-overlay  envira-gallery-top-left\"><\/div><div class=\"envira-gallery-position-overlay  envira-gallery-top-right\"><\/div><div class=\"envira-gallery-position-overlay  envira-gallery-bottom-left\"><\/div><div class=\"envira-gallery-position-overlay  envira-gallery-bottom-right\"><\/div><a href=\"https:\/\/100anossemrui.casaruibarbosa.gov.br\/wp-content\/uploads\/2023\/10\/imagem_2023-10-20_174433083.png\" class=\"envira-gallery-358 envira-gallery-link\" rel=\"enviragallery358\" title=\"Placa de bronze com dois medalh\u00f5es: com a ef\u00edgie de Rui Barbosa e as figuras de dois atletas. Outubro de 1950.\" data-envira-caption=\"Placa de bronze com dois medalh\u00f5es: com a ef\u00edgie de Rui Barbosa e as figuras de dois atletas. Outubro de 1950.\" data-envira-retina=\"\" data-thumbnail=\"\"  itemprop=\"contentUrl\"><img decoding=\"async\" id=\"envira-gallery-image-371\" class=\"envira-gallery-image envira-gallery-image-6 envira-normal envira-lazy\" data-envira-index=\"6\" src=\"https:\/\/100anossemrui.casaruibarbosa.gov.br\/wp-content\/uploads\/2023\/10\/imagem_2023-10-20_174433083-640x480.png\" data-envira-src=\"https:\/\/100anossemrui.casaruibarbosa.gov.br\/wp-content\/uploads\/2023\/10\/imagem_2023-10-20_174433083-640x480.png\" data-envira-gallery-id=\"358\" data-envira-item-id=\"371\" data-envira-caption=\"Placa de bronze com dois medalh\u00f5es: com a ef\u00edgie de Rui Barbosa e as figuras de dois atletas. Outubro de 1950.\" alt=\"Placa de bronze com dois medalh\u00f5es: com a ef\u00edgie de Rui Barbosa e as figuras de dois atletas. Outubro de 1950.\" title=\"Placa de bronze com dois medalh\u00f5es: com a ef\u00edgie de Rui Barbosa e as figuras de dois atletas. Outubro de 1950.\"  itemprop=\"thumbnailUrl\" data-envira-srcset=\"https:\/\/100anossemrui.casaruibarbosa.gov.br\/wp-content\/uploads\/2023\/10\/imagem_2023-10-20_174433083-640x480.png 400w,https:\/\/100anossemrui.casaruibarbosa.gov.br\/wp-content\/uploads\/2023\/10\/imagem_2023-10-20_174433083-640x480.png 2x\" data-envira-width=\"300\" data-envira-height=\"200\" srcset=\"data:image\/gif;base64,R0lGODlhAQABAIAAAP\/\/\/\/\/\/\/yH5BAEKAAEALAAAAAABAAEAAAICTAEAOw==\" data-safe-src=\"data:image\/gif;base64,R0lGODlhAQABAIAAAP\/\/\/\/\/\/\/yH5BAEKAAEALAAAAAABAAEAAAICTAEAOw==\" \/><\/a><\/div><\/div><div id=\"envira-gallery-item-364\" class=\"envira-gallery-item enviratope-item envira-gallery-item-7 envira-lazy-load\" style=\"padding-left: 5px; padding-bottom: 10px; padding-right: 5px;\"  itemscope itemtype=\"https:\/\/schema.org\/ImageObject\"><div class=\"envira-gallery-item-inner\"><div class=\"envira-gallery-position-overlay  envira-gallery-top-left\"><\/div><div class=\"envira-gallery-position-overlay  envira-gallery-top-right\"><\/div><div class=\"envira-gallery-position-overlay  envira-gallery-bottom-left\"><\/div><div class=\"envira-gallery-position-overlay  envira-gallery-bottom-right\"><\/div><a href=\"https:\/\/100anossemrui.casaruibarbosa.gov.br\/wp-content\/uploads\/2023\/10\/imagem_2023-10-20_173910558.png\" class=\"envira-gallery-358 envira-gallery-link\" rel=\"enviragallery358\" title=\"Moldagens em gesso da figura de Rui Barbosa. Oferecidas ao Museu pelo Col\u00e9gio da Academia de Com\u00e9rcio da Bahia, em 1974.\" data-envira-caption=\"Moldagens em gesso da figura de Rui Barbosa. Oferecidas ao Museu pelo Col\u00e9gio da Academia de Com\u00e9rcio da Bahia, em 1974.\" data-envira-retina=\"\" data-thumbnail=\"\"  itemprop=\"contentUrl\"><img decoding=\"async\" id=\"envira-gallery-image-364\" class=\"envira-gallery-image envira-gallery-image-7 envira-normal envira-lazy\" data-envira-index=\"7\" src=\"https:\/\/100anossemrui.casaruibarbosa.gov.br\/wp-content\/uploads\/2023\/10\/imagem_2023-10-20_173910558-640x480.png\" data-envira-src=\"https:\/\/100anossemrui.casaruibarbosa.gov.br\/wp-content\/uploads\/2023\/10\/imagem_2023-10-20_173910558-640x480.png\" data-envira-gallery-id=\"358\" data-envira-item-id=\"364\" data-envira-caption=\"Moldagens em gesso da figura de Rui Barbosa. Oferecidas ao Museu pelo Col\u00e9gio da Academia de Com\u00e9rcio da Bahia, em 1974.\" alt=\"Moldagens em gesso da figura de Rui Barbosa. Oferecidas ao Museu pelo Col\u00e9gio da Academia de Com\u00e9rcio da Bahia, em 1974.\" title=\"Moldagens em gesso da figura de Rui Barbosa. Oferecidas ao Museu pelo Col\u00e9gio da Academia de Com\u00e9rcio da Bahia, em 1974.\"  itemprop=\"thumbnailUrl\" data-envira-srcset=\"https:\/\/100anossemrui.casaruibarbosa.gov.br\/wp-content\/uploads\/2023\/10\/imagem_2023-10-20_173910558-640x480.png 400w,https:\/\/100anossemrui.casaruibarbosa.gov.br\/wp-content\/uploads\/2023\/10\/imagem_2023-10-20_173910558-640x480.png 2x\" data-envira-width=\"239\" data-envira-height=\"300\" srcset=\"data:image\/gif;base64,R0lGODlhAQABAIAAAP\/\/\/\/\/\/\/yH5BAEKAAEALAAAAAABAAEAAAICTAEAOw==\" data-safe-src=\"data:image\/gif;base64,R0lGODlhAQABAIAAAP\/\/\/\/\/\/\/yH5BAEKAAEALAAAAAABAAEAAAICTAEAOw==\" \/><\/a><\/div><\/div><div id=\"envira-gallery-item-365\" class=\"envira-gallery-item enviratope-item envira-gallery-item-8 envira-lazy-load\" style=\"padding-left: 5px; padding-bottom: 10px; padding-right: 5px;\"  itemscope itemtype=\"https:\/\/schema.org\/ImageObject\"><div class=\"envira-gallery-item-inner\"><div class=\"envira-gallery-position-overlay  envira-gallery-top-left\"><\/div><div class=\"envira-gallery-position-overlay  envira-gallery-top-right\"><\/div><div class=\"envira-gallery-position-overlay  envira-gallery-bottom-left\"><\/div><div class=\"envira-gallery-position-overlay  envira-gallery-bottom-right\"><\/div><a href=\"https:\/\/100anossemrui.casaruibarbosa.gov.br\/wp-content\/uploads\/2023\/10\/imagem_2023-10-20_173946539.png\" class=\"envira-gallery-358 envira-gallery-link\" rel=\"enviragallery358\" title=\"C\u00e9dula de 10.000 cruzeiros com a ef\u00edgie de Rui Barbosa e a reprodu\u00e7\u00e3o da sua mesa de trabalho, conforme exposta na Sala de Haia, na FCRB. Lan\u00e7ada pelo Banco Central em 1984. A c\u00e9dula foi relan\u00e7ada no valor de 10 cruzados, dois anos mais tarde.\" data-envira-caption=\"C\u00e9dula de 10.000 cruzeiros com a ef\u00edgie de Rui Barbosa e a reprodu\u00e7\u00e3o da sua mesa de trabalho, conforme exposta na Sala de Haia, na FCRB. Lan\u00e7ada pelo Banco Central em 1984. A c\u00e9dula foi relan\u00e7ada no valor de 10 cruzados, dois anos mais tarde.\" data-envira-retina=\"\" data-thumbnail=\"\"  itemprop=\"contentUrl\"><img decoding=\"async\" id=\"envira-gallery-image-365\" class=\"envira-gallery-image envira-gallery-image-8 envira-normal envira-lazy\" data-envira-index=\"8\" src=\"https:\/\/100anossemrui.casaruibarbosa.gov.br\/wp-content\/uploads\/2023\/10\/imagem_2023-10-20_173946539-640x480.png\" data-envira-src=\"https:\/\/100anossemrui.casaruibarbosa.gov.br\/wp-content\/uploads\/2023\/10\/imagem_2023-10-20_173946539-640x480.png\" data-envira-gallery-id=\"358\" data-envira-item-id=\"365\" data-envira-caption=\"C\u00e9dula de 10.000 cruzeiros com a ef\u00edgie de Rui Barbosa e a reprodu\u00e7\u00e3o da sua mesa de trabalho, conforme exposta na Sala de Haia, na FCRB. Lan\u00e7ada pelo Banco Central em 1984. A c\u00e9dula foi relan\u00e7ada no valor de 10 cruzados, dois anos mais tarde.\" alt=\"C\u00e9dula de 10.000 cruzeiros com a ef\u00edgie de Rui Barbosa e a reprodu\u00e7\u00e3o da sua mesa de trabalho, conforme exposta na Sala de Haia, na FCRB. Lan\u00e7ada pelo Banco Central em 1984. A c\u00e9dula foi relan\u00e7ada no valor de 10 cruzados, dois anos mais tarde.\" title=\"C\u00e9dula de 10.000 cruzeiros com a ef\u00edgie de Rui Barbosa e a reprodu\u00e7\u00e3o da sua mesa de trabalho, conforme exposta na Sala de Haia, na FCRB. Lan\u00e7ada pelo Banco Central em 1984. A c\u00e9dula foi relan\u00e7ada no valor de 10 cruzados, dois anos mais tarde.\"  itemprop=\"thumbnailUrl\" data-envira-srcset=\"https:\/\/100anossemrui.casaruibarbosa.gov.br\/wp-content\/uploads\/2023\/10\/imagem_2023-10-20_173946539-640x480.png 400w,https:\/\/100anossemrui.casaruibarbosa.gov.br\/wp-content\/uploads\/2023\/10\/imagem_2023-10-20_173946539-640x480.png 2x\" data-envira-width=\"300\" data-envira-height=\"151\" srcset=\"data:image\/gif;base64,R0lGODlhAQABAIAAAP\/\/\/\/\/\/\/yH5BAEKAAEALAAAAAABAAEAAAICTAEAOw==\" data-safe-src=\"data:image\/gif;base64,R0lGODlhAQABAIAAAP\/\/\/\/\/\/\/yH5BAEKAAEALAAAAAABAAEAAAICTAEAOw==\" \/><\/a><\/div><\/div><div id=\"envira-gallery-item-366\" class=\"envira-gallery-item enviratope-item envira-gallery-item-9 envira-lazy-load\" style=\"padding-left: 5px; padding-bottom: 10px; padding-right: 5px;\"  itemscope itemtype=\"https:\/\/schema.org\/ImageObject\"><div class=\"envira-gallery-item-inner\"><div class=\"envira-gallery-position-overlay  envira-gallery-top-left\"><\/div><div class=\"envira-gallery-position-overlay  envira-gallery-top-right\"><\/div><div class=\"envira-gallery-position-overlay  envira-gallery-bottom-left\"><\/div><div class=\"envira-gallery-position-overlay  envira-gallery-bottom-right\"><\/div><a href=\"https:\/\/100anossemrui.casaruibarbosa.gov.br\/wp-content\/uploads\/2023\/10\/imagem_2023-10-20_174010924.png\" class=\"envira-gallery-358 envira-gallery-link\" rel=\"enviragallery358\" title=\"Verso da c\u00e9dula de 10.000 cruzeiros homenageando participa\u00e7\u00e3o de Rui Barbosa em Haia.\" data-envira-caption=\"Verso da c\u00e9dula de 10.000 cruzeiros homenageando participa\u00e7\u00e3o de Rui Barbosa em Haia.\" data-envira-retina=\"\" data-thumbnail=\"\"  itemprop=\"contentUrl\"><img decoding=\"async\" id=\"envira-gallery-image-366\" class=\"envira-gallery-image envira-gallery-image-9 envira-normal envira-lazy\" data-envira-index=\"9\" src=\"https:\/\/100anossemrui.casaruibarbosa.gov.br\/wp-content\/uploads\/2023\/10\/imagem_2023-10-20_174010924-640x480.png\" data-envira-src=\"https:\/\/100anossemrui.casaruibarbosa.gov.br\/wp-content\/uploads\/2023\/10\/imagem_2023-10-20_174010924-640x480.png\" data-envira-gallery-id=\"358\" data-envira-item-id=\"366\" data-envira-caption=\"Verso da c\u00e9dula de 10.000 cruzeiros homenageando participa\u00e7\u00e3o de Rui Barbosa em Haia.\" alt=\"Verso da c\u00e9dula de 10.000 cruzeiros homenageando participa\u00e7\u00e3o de Rui Barbosa em Haia.\" title=\"Verso da c\u00e9dula de 10.000 cruzeiros homenageando participa\u00e7\u00e3o de Rui Barbosa em Haia.\"  itemprop=\"thumbnailUrl\" data-envira-srcset=\"https:\/\/100anossemrui.casaruibarbosa.gov.br\/wp-content\/uploads\/2023\/10\/imagem_2023-10-20_174010924-640x480.png 400w,https:\/\/100anossemrui.casaruibarbosa.gov.br\/wp-content\/uploads\/2023\/10\/imagem_2023-10-20_174010924-640x480.png 2x\" data-envira-width=\"300\" data-envira-height=\"156\" srcset=\"data:image\/gif;base64,R0lGODlhAQABAIAAAP\/\/\/\/\/\/\/yH5BAEKAAEALAAAAAABAAEAAAICTAEAOw==\" data-safe-src=\"data:image\/gif;base64,R0lGODlhAQABAIAAAP\/\/\/\/\/\/\/yH5BAEKAAEALAAAAAABAAEAAAICTAEAOw==\" \/><\/a><\/div><\/div><div id=\"envira-gallery-item-600\" class=\"envira-gallery-item enviratope-item envira-gallery-item-10 envira-lazy-load\" style=\"padding-left: 5px; padding-bottom: 10px; padding-right: 5px;\"  itemscope itemtype=\"https:\/\/schema.org\/ImageObject\"><div class=\"envira-gallery-item-inner\"><div class=\"envira-gallery-position-overlay  envira-gallery-top-left\"><\/div><div class=\"envira-gallery-position-overlay  envira-gallery-top-right\"><\/div><div class=\"envira-gallery-position-overlay  envira-gallery-bottom-left\"><\/div><div class=\"envira-gallery-position-overlay  envira-gallery-bottom-right\"><\/div><a href=\"https:\/\/100anossemrui.casaruibarbosa.gov.br\/wp-content\/uploads\/2023\/10\/medalhas_centenario.png\" class=\"envira-gallery-358 envira-gallery-link\" rel=\"enviragallery358\" title=\"Medalhas de prata e bronze comemorativas do Centen\u00e1rio de Nascimento de Rui Barbosa, tendo, no anverso, busto de Rui Barbosa ladeado por tinteiro e a inscri\u00e7\u00e3o &quot;Centen\u00e1rio de Rui Barbosa 1849-1949&quot;. No reverso, bras\u00e3o da cidade de Santos e a inscri\u00e7\u00e3o &quot;Homenagem da municipalidade de Santos ao g\u00eanio da ra\u00e7a&quot;.\" data-envira-caption=\"Medalhas de prata e bronze comemorativas do Centen\u00e1rio de Nascimento de Rui Barbosa, tendo, no anverso, busto de Rui Barbosa ladeado por tinteiro e a inscri\u00e7\u00e3o &quot;Centen\u00e1rio de Rui Barbosa 1849-1949&quot;. No reverso, bras\u00e3o da cidade de Santos e a inscri\u00e7\u00e3o &quot;Homenagem da municipalidade de Santos ao g\u00eanio da ra\u00e7a&quot;.\" data-envira-retina=\"\" data-thumbnail=\"\"  itemprop=\"contentUrl\"><img decoding=\"async\" id=\"envira-gallery-image-600\" class=\"envira-gallery-image envira-gallery-image-10 envira-normal envira-lazy\" data-envira-index=\"10\" src=\"https:\/\/100anossemrui.casaruibarbosa.gov.br\/wp-content\/uploads\/2023\/10\/medalhas_centenario-640x480.png\" data-envira-src=\"https:\/\/100anossemrui.casaruibarbosa.gov.br\/wp-content\/uploads\/2023\/10\/medalhas_centenario-640x480.png\" data-envira-gallery-id=\"358\" data-envira-item-id=\"600\" data-envira-caption=\"Medalhas de prata e bronze comemorativas do Centen\u00e1rio de Nascimento de Rui Barbosa, tendo, no anverso, busto de Rui Barbosa ladeado por tinteiro e a inscri\u00e7\u00e3o &quot;Centen\u00e1rio de Rui Barbosa 1849-1949&quot;. No reverso, bras\u00e3o da cidade de Santos e a inscri\u00e7\u00e3o &quot;Homenagem da municipalidade de Santos ao g\u00eanio da ra\u00e7a&quot;.\" alt=\"Medalhas de prata e bronze comemorativas do Centen\u00e1rio de Nascimento de Rui Barbosa, tendo, no anverso, busto de Rui Barbosa ladeado por tinteiro e a inscri\u00e7\u00e3o &quot;Centen\u00e1rio de Rui Barbosa 1849-1949&quot;. No reverso, bras\u00e3o da cidade de Santos e a inscri\u00e7\u00e3o &quot;Homenagem da municipalidade de Santos ao g\u00eanio da ra\u00e7a&quot;.\" title=\"Medalhas de prata e bronze comemorativas do Centen\u00e1rio de Nascimento de Rui Barbosa, tendo, no anverso, busto de Rui Barbosa ladeado por tinteiro e a inscri\u00e7\u00e3o &quot;Centen\u00e1rio de Rui Barbosa 1849-1949&quot;. No reverso, bras\u00e3o da cidade de Santos e a inscri\u00e7\u00e3o &quot;Homenagem da municipalidade de Santos ao g\u00eanio da ra\u00e7a&quot;.\"  itemprop=\"thumbnailUrl\" data-envira-srcset=\"https:\/\/100anossemrui.casaruibarbosa.gov.br\/wp-content\/uploads\/2023\/10\/medalhas_centenario-640x480.png 400w,https:\/\/100anossemrui.casaruibarbosa.gov.br\/wp-content\/uploads\/2023\/10\/medalhas_centenario-640x480.png 2x\" data-envira-width=\"300\" data-envira-height=\"287\" srcset=\"data:image\/gif;base64,R0lGODlhAQABAIAAAP\/\/\/\/\/\/\/yH5BAEKAAEALAAAAAABAAEAAAICTAEAOw==\" data-safe-src=\"data:image\/gif;base64,R0lGODlhAQABAIAAAP\/\/\/\/\/\/\/yH5BAEKAAEALAAAAAABAAEAAAICTAEAOw==\" \/><\/a><\/div><\/div><div id=\"envira-gallery-item-370\" class=\"envira-gallery-item enviratope-item envira-gallery-item-11 envira-lazy-load\" style=\"padding-left: 5px; padding-bottom: 10px; padding-right: 5px;\"  itemscope itemtype=\"https:\/\/schema.org\/ImageObject\"><div class=\"envira-gallery-item-inner\"><div class=\"envira-gallery-position-overlay  envira-gallery-top-left\"><\/div><div class=\"envira-gallery-position-overlay  envira-gallery-top-right\"><\/div><div class=\"envira-gallery-position-overlay  envira-gallery-bottom-left\"><\/div><div class=\"envira-gallery-position-overlay  envira-gallery-bottom-right\"><\/div><a href=\"https:\/\/100anossemrui.casaruibarbosa.gov.br\/wp-content\/uploads\/2023\/10\/imagem_2023-10-20_174408361.png\" class=\"envira-gallery-358 envira-gallery-link\" rel=\"enviragallery358\" title=\"Selo comemorativo do 150\u00ba anivers\u00e1rio do nascimento de Rui Barbosa, comemorado em 1999. O ano de 1999 foi considerado por decreto federal o ano Joaquim Nabuco e Rui Barbosa. Carimbo comemorativo do evento oblitera a pe\u00e7a.\" data-envira-caption=\"Selo comemorativo do 150\u00ba anivers\u00e1rio do nascimento de Rui Barbosa, comemorado em 1999. O ano de 1999 foi considerado por decreto federal o ano Joaquim Nabuco e Rui Barbosa. Carimbo comemorativo do evento oblitera a pe\u00e7a.\" data-envira-retina=\"\" data-thumbnail=\"\"  itemprop=\"contentUrl\"><img decoding=\"async\" id=\"envira-gallery-image-370\" class=\"envira-gallery-image envira-gallery-image-11 envira-normal envira-lazy\" data-envira-index=\"11\" src=\"https:\/\/100anossemrui.casaruibarbosa.gov.br\/wp-content\/uploads\/2023\/10\/imagem_2023-10-20_174408361-640x480.png\" data-envira-src=\"https:\/\/100anossemrui.casaruibarbosa.gov.br\/wp-content\/uploads\/2023\/10\/imagem_2023-10-20_174408361-640x480.png\" data-envira-gallery-id=\"358\" data-envira-item-id=\"370\" data-envira-caption=\"Selo comemorativo do 150\u00ba anivers\u00e1rio do nascimento de Rui Barbosa, comemorado em 1999. O ano de 1999 foi considerado por decreto federal o ano Joaquim Nabuco e Rui Barbosa. Carimbo comemorativo do evento oblitera a pe\u00e7a.\" alt=\"Selo comemorativo do 150\u00ba anivers\u00e1rio do nascimento de Rui Barbosa, comemorado em 1999. O ano de 1999 foi considerado por decreto federal o ano Joaquim Nabuco e Rui Barbosa. Carimbo comemorativo do evento oblitera a pe\u00e7a.\" title=\"Selo comemorativo do 150\u00ba anivers\u00e1rio do nascimento de Rui Barbosa, comemorado em 1999. O ano de 1999 foi considerado por decreto federal o ano Joaquim Nabuco e Rui Barbosa. Carimbo comemorativo do evento oblitera a pe\u00e7a.\"  itemprop=\"thumbnailUrl\" data-envira-srcset=\"https:\/\/100anossemrui.casaruibarbosa.gov.br\/wp-content\/uploads\/2023\/10\/imagem_2023-10-20_174408361-640x480.png 400w,https:\/\/100anossemrui.casaruibarbosa.gov.br\/wp-content\/uploads\/2023\/10\/imagem_2023-10-20_174408361-640x480.png 2x\" data-envira-width=\"300\" data-envira-height=\"186\" srcset=\"data:image\/gif;base64,R0lGODlhAQABAIAAAP\/\/\/\/\/\/\/yH5BAEKAAEALAAAAAABAAEAAAICTAEAOw==\" data-safe-src=\"data:image\/gif;base64,R0lGODlhAQABAIAAAP\/\/\/\/\/\/\/yH5BAEKAAEALAAAAAABAAEAAAICTAEAOw==\" \/><\/a><\/div><\/div><div id=\"envira-gallery-item-359\" class=\"envira-gallery-item enviratope-item envira-gallery-item-12 envira-lazy-load\" style=\"padding-left: 5px; padding-bottom: 10px; padding-right: 5px;\"  itemscope itemtype=\"https:\/\/schema.org\/ImageObject\"><div class=\"envira-gallery-item-inner\"><div class=\"envira-gallery-position-overlay  envira-gallery-top-left\"><\/div><div class=\"envira-gallery-position-overlay  envira-gallery-top-right\"><\/div><div class=\"envira-gallery-position-overlay  envira-gallery-bottom-left\"><\/div><div class=\"envira-gallery-position-overlay  envira-gallery-bottom-right\"><\/div><a href=\"https:\/\/100anossemrui.casaruibarbosa.gov.br\/wp-content\/uploads\/2023\/10\/imagem_2023-10-20_173240352.png\" class=\"envira-gallery-358 envira-gallery-link\" rel=\"enviragallery358\" title=\"Len\u00e7o de cambraia de linho branca, tendo em um dos cantos, bordada, uma \u00e1guia de asas abertas e a inscri\u00e7\u00e3o: &quot;1\u00ba Centen\u00e1rio de Ruy 849-949&quot;. O doador encontrou-o na vitrine de uma loja de bordados em Salvador.\" data-envira-caption=\"Len\u00e7o de cambraia de linho branca, tendo em um dos cantos, bordada, uma \u00e1guia de asas abertas e a inscri\u00e7\u00e3o: &quot;1\u00ba Centen\u00e1rio de Ruy 849-949&quot;. O doador encontrou-o na vitrine de uma loja de bordados em Salvador.\" data-envira-retina=\"\" data-thumbnail=\"\"  itemprop=\"contentUrl\"><img decoding=\"async\" id=\"envira-gallery-image-359\" class=\"envira-gallery-image envira-gallery-image-12 envira-normal envira-lazy\" data-envira-index=\"12\" src=\"https:\/\/100anossemrui.casaruibarbosa.gov.br\/wp-content\/uploads\/2023\/10\/imagem_2023-10-20_173240352-640x480.png\" data-envira-src=\"https:\/\/100anossemrui.casaruibarbosa.gov.br\/wp-content\/uploads\/2023\/10\/imagem_2023-10-20_173240352-640x480.png\" data-envira-gallery-id=\"358\" data-envira-item-id=\"359\" data-envira-caption=\"Len\u00e7o de cambraia de linho branca, tendo em um dos cantos, bordada, uma \u00e1guia de asas abertas e a inscri\u00e7\u00e3o: &quot;1\u00ba Centen\u00e1rio de Ruy 849-949&quot;. O doador encontrou-o na vitrine de uma loja de bordados em Salvador.\" alt=\"Len\u00e7o de cambraia de linho branca, tendo em um dos cantos, bordada, uma \u00e1guia de asas abertas e a inscri\u00e7\u00e3o: &quot;1\u00ba Centen\u00e1rio de Ruy 849-949&quot;. O doador encontrou-o na vitrine de uma loja de bordados em Salvador.\" title=\"Len\u00e7o de cambraia de linho branca, tendo em um dos cantos, bordada, uma \u00e1guia de asas abertas e a inscri\u00e7\u00e3o: &quot;1\u00ba Centen\u00e1rio de Ruy 849-949&quot;. O doador encontrou-o na vitrine de uma loja de bordados em Salvador.\"  itemprop=\"thumbnailUrl\" data-envira-srcset=\"https:\/\/100anossemrui.casaruibarbosa.gov.br\/wp-content\/uploads\/2023\/10\/imagem_2023-10-20_173240352-640x480.png 400w,https:\/\/100anossemrui.casaruibarbosa.gov.br\/wp-content\/uploads\/2023\/10\/imagem_2023-10-20_173240352-640x480.png 2x\" data-envira-width=\"300\" data-envira-height=\"277\" srcset=\"data:image\/gif;base64,R0lGODlhAQABAIAAAP\/\/\/\/\/\/\/yH5BAEKAAEALAAAAAABAAEAAAICTAEAOw==\" data-safe-src=\"data:image\/gif;base64,R0lGODlhAQABAIAAAP\/\/\/\/\/\/\/yH5BAEKAAEALAAAAAABAAEAAAICTAEAOw==\" \/><\/a><\/div><\/div><div id=\"envira-gallery-item-601\" class=\"envira-gallery-item enviratope-item envira-gallery-item-13 envira-lazy-load\" style=\"padding-left: 5px; padding-bottom: 10px; padding-right: 5px;\"  itemscope itemtype=\"https:\/\/schema.org\/ImageObject\"><div class=\"envira-gallery-item-inner\"><div class=\"envira-gallery-position-overlay  envira-gallery-top-left\"><\/div><div class=\"envira-gallery-position-overlay  envira-gallery-top-right\"><\/div><div class=\"envira-gallery-position-overlay  envira-gallery-bottom-left\"><\/div><div class=\"envira-gallery-position-overlay  envira-gallery-bottom-right\"><\/div><a href=\"https:\/\/100anossemrui.casaruibarbosa.gov.br\/wp-content\/uploads\/2023\/10\/caricatura_escultura.png\" class=\"envira-gallery-358 envira-gallery-link\" rel=\"enviragallery358\" title=\"Dois \u00e2ngulos da estatueta-caricatura de Rui Barbosa montado na lombada de um livro, em bronze. Autoria de Raul Pederneiras, que foi desenhista, caricaturista, teatr\u00f3logo e poeta.\" data-envira-caption=\"Dois \u00e2ngulos da estatueta-caricatura de Rui Barbosa montado na lombada de um livro, em bronze. Autoria de Raul Pederneiras, que foi desenhista, caricaturista, teatr\u00f3logo e poeta.\" data-envira-retina=\"\" data-thumbnail=\"\"  itemprop=\"contentUrl\"><img decoding=\"async\" id=\"envira-gallery-image-601\" class=\"envira-gallery-image envira-gallery-image-13 envira-normal envira-lazy\" data-envira-index=\"13\" src=\"https:\/\/100anossemrui.casaruibarbosa.gov.br\/wp-content\/uploads\/2023\/10\/caricatura_escultura-1024x787-640x480.png\" data-envira-src=\"https:\/\/100anossemrui.casaruibarbosa.gov.br\/wp-content\/uploads\/2023\/10\/caricatura_escultura-1024x787-640x480.png\" data-envira-gallery-id=\"358\" data-envira-item-id=\"601\" data-envira-caption=\"Dois \u00e2ngulos da estatueta-caricatura de Rui Barbosa montado na lombada de um livro, em bronze. Autoria de Raul Pederneiras, que foi desenhista, caricaturista, teatr\u00f3logo e poeta.\" alt=\"Dois \u00e2ngulos da estatueta-caricatura de Rui Barbosa montado na lombada de um livro, em bronze. Autoria de Raul Pederneiras, que foi desenhista, caricaturista, teatr\u00f3logo e poeta.\" title=\"Dois \u00e2ngulos da estatueta-caricatura de Rui Barbosa montado na lombada de um livro, em bronze. Autoria de Raul Pederneiras, que foi desenhista, caricaturista, teatr\u00f3logo e poeta.\"  itemprop=\"thumbnailUrl\" data-envira-srcset=\"https:\/\/100anossemrui.casaruibarbosa.gov.br\/wp-content\/uploads\/2023\/10\/caricatura_escultura-1024x787-640x480.png 400w,https:\/\/100anossemrui.casaruibarbosa.gov.br\/wp-content\/uploads\/2023\/10\/caricatura_escultura-1024x787-640x480.png 2x\" data-envira-width=\"300\" data-envira-height=\"231\" srcset=\"data:image\/gif;base64,R0lGODlhAQABAIAAAP\/\/\/\/\/\/\/yH5BAEKAAEALAAAAAABAAEAAAICTAEAOw==\" data-safe-src=\"data:image\/gif;base64,R0lGODlhAQABAIAAAP\/\/\/\/\/\/\/yH5BAEKAAEALAAAAAABAAEAAAICTAEAOw==\" \/><\/a><\/div><\/div><div id=\"envira-gallery-item-602\" class=\"envira-gallery-item enviratope-item envira-gallery-item-14 envira-lazy-load\" style=\"padding-left: 5px; padding-bottom: 10px; padding-right: 5px;\"  itemscope itemtype=\"https:\/\/schema.org\/ImageObject\"><div class=\"envira-gallery-item-inner\"><div class=\"envira-gallery-position-overlay  envira-gallery-top-left\"><\/div><div class=\"envira-gallery-position-overlay  envira-gallery-top-right\"><\/div><div class=\"envira-gallery-position-overlay  envira-gallery-bottom-left\"><\/div><div class=\"envira-gallery-position-overlay  envira-gallery-bottom-right\"><\/div><a href=\"https:\/\/100anossemrui.casaruibarbosa.gov.br\/wp-content\/uploads\/2023\/10\/36-medCentCasaBronze.png\" class=\"envira-gallery-358 envira-gallery-link\" rel=\"enviragallery358\" title=\"Medalha de bronze comemorativa do centen\u00e1rio de nascimento de Rui Barbosa. Tamb\u00e9m foi cunhada em prata. No anverso, perfil de Rui Barbosa em relevo e a inscri\u00e7\u00e3o &quot;Rui Barbosa 1849-1849&quot;. No reverso, fachada da casa de Rui Barbosa em Salvador e a inscri\u00e7\u00e3o: &quot;Casa onde nasceu Rui Barbosa na Bahia 05\/11\/1849&quot;.\" data-envira-caption=\"Medalha de bronze comemorativa do centen\u00e1rio de nascimento de Rui Barbosa. Tamb\u00e9m foi cunhada em prata. No anverso, perfil de Rui Barbosa em relevo e a inscri\u00e7\u00e3o &quot;Rui Barbosa 1849-1849&quot;. No reverso, fachada da casa de Rui Barbosa em Salvador e a inscri\u00e7\u00e3o: &quot;Casa onde nasceu Rui Barbosa na Bahia 05\/11\/1849&quot;.\" data-envira-retina=\"\" data-thumbnail=\"\"  itemprop=\"contentUrl\"><img decoding=\"async\" id=\"envira-gallery-image-602\" class=\"envira-gallery-image envira-gallery-image-14 envira-normal envira-lazy\" data-envira-index=\"14\" src=\"https:\/\/100anossemrui.casaruibarbosa.gov.br\/wp-content\/uploads\/2023\/10\/36-medCentCasaBronze-640x480.png\" data-envira-src=\"https:\/\/100anossemrui.casaruibarbosa.gov.br\/wp-content\/uploads\/2023\/10\/36-medCentCasaBronze-640x480.png\" data-envira-gallery-id=\"358\" data-envira-item-id=\"602\" data-envira-caption=\"Medalha de bronze comemorativa do centen\u00e1rio de nascimento de Rui Barbosa. Tamb\u00e9m foi cunhada em prata. No anverso, perfil de Rui Barbosa em relevo e a inscri\u00e7\u00e3o &quot;Rui Barbosa 1849-1849&quot;. No reverso, fachada da casa de Rui Barbosa em Salvador e a inscri\u00e7\u00e3o: &quot;Casa onde nasceu Rui Barbosa na Bahia 05\/11\/1849&quot;.\" alt=\"Medalha de bronze comemorativa do centen\u00e1rio de nascimento de Rui Barbosa. Tamb\u00e9m foi cunhada em prata. No anverso, perfil de Rui Barbosa em relevo e a inscri\u00e7\u00e3o &quot;Rui Barbosa 1849-1849&quot;. No reverso, fachada da casa de Rui Barbosa em Salvador e a inscri\u00e7\u00e3o: &quot;Casa onde nasceu Rui Barbosa na Bahia 05\/11\/1849&quot;.\" title=\"Medalha de bronze comemorativa do centen\u00e1rio de nascimento de Rui Barbosa. Tamb\u00e9m foi cunhada em prata. No anverso, perfil de Rui Barbosa em relevo e a inscri\u00e7\u00e3o &quot;Rui Barbosa 1849-1849&quot;. No reverso, fachada da casa de Rui Barbosa em Salvador e a inscri\u00e7\u00e3o: &quot;Casa onde nasceu Rui Barbosa na Bahia 05\/11\/1849&quot;.\"  itemprop=\"thumbnailUrl\" data-envira-srcset=\"https:\/\/100anossemrui.casaruibarbosa.gov.br\/wp-content\/uploads\/2023\/10\/36-medCentCasaBronze-640x480.png 400w,https:\/\/100anossemrui.casaruibarbosa.gov.br\/wp-content\/uploads\/2023\/10\/36-medCentCasaBronze-640x480.png 2x\" data-envira-width=\"300\" data-envira-height=\"150\" srcset=\"data:image\/gif;base64,R0lGODlhAQABAIAAAP\/\/\/\/\/\/\/yH5BAEKAAEALAAAAAABAAEAAAICTAEAOw==\" data-safe-src=\"data:image\/gif;base64,R0lGODlhAQABAIAAAP\/\/\/\/\/\/\/yH5BAEKAAEALAAAAAABAAEAAAICTAEAOw==\" \/><\/a><\/div><\/div><\/div><\/div><noscript><img decoding=\"async\" src=\"https:\/\/100anossemrui.casaruibarbosa.gov.br\/wp-content\/uploads\/2023\/10\/imagem_2023-10-20_174144489.png\" alt=\"C\u00e9dula de 100.000 r\u00e9is emitida pelo Tesouro Nacional, com a ef\u00edgie de Rui Barbosa ao centro. Circulou de 1924 a 1932.\" \/><img decoding=\"async\" src=\"https:\/\/100anossemrui.casaruibarbosa.gov.br\/wp-content\/uploads\/2023\/10\/imagem_2023-10-20_174200172.png\" alt=\"Reverso da c\u00e9dula de 100.000 r\u00e9is\" \/><img decoding=\"async\" src=\"https:\/\/100anossemrui.casaruibarbosa.gov.br\/wp-content\/uploads\/2023\/10\/imagem_2023-10-20_174502825.png\" alt=\"Moeda de 20 centavos em liga de bronze e alum\u00ednio com ef\u00edgie de Rui Barbosa. Circulou entre 1948 e 1956.\" \/><img decoding=\"async\" src=\"https:\/\/100anossemrui.casaruibarbosa.gov.br\/wp-content\/uploads\/2023\/10\/imagem_2023-10-20_173828167.png\" alt=\"Caricatura de Rui Barbosa feita com objetos. Criada em 1949 por Geraldo Noce, pintor, ceramista e humorista, que se inspirava em pol\u00edticos contempor\u00e2neos e personagens hist\u00f3ricos.\" \/><img decoding=\"async\" src=\"https:\/\/100anossemrui.casaruibarbosa.gov.br\/wp-content\/uploads\/2023\/10\/imagem_2023-10-20_174302705.png\" alt=\"Cart\u00e3o da 3\u00aa Exposi\u00e7\u00e3o Filat\u00e9lica e Numism\u00e1tica de Santos, 1949. Homenagem pelo centen\u00e1rio de nascimento de Rui Barbosa.\" \/><img decoding=\"async\" src=\"https:\/\/100anossemrui.casaruibarbosa.gov.br\/wp-content\/uploads\/2023\/10\/imagem_2023-10-20_174433083.png\" alt=\"Placa de bronze com dois medalh\u00f5es: com a ef\u00edgie de Rui Barbosa e as figuras de dois atletas. Outubro de 1950.\" \/><img decoding=\"async\" src=\"https:\/\/100anossemrui.casaruibarbosa.gov.br\/wp-content\/uploads\/2023\/10\/imagem_2023-10-20_173910558.png\" alt=\"Moldagens em gesso da figura de Rui Barbosa. Oferecidas ao Museu pelo Col\u00e9gio da Academia de Com\u00e9rcio da Bahia, em 1974.\" \/><img decoding=\"async\" src=\"https:\/\/100anossemrui.casaruibarbosa.gov.br\/wp-content\/uploads\/2023\/10\/imagem_2023-10-20_173946539.png\" alt=\"C\u00e9dula de 10.000 cruzeiros com a ef\u00edgie de Rui Barbosa e a reprodu\u00e7\u00e3o da sua mesa de trabalho, conforme exposta na Sala de Haia, na FCRB. Lan\u00e7ada pelo Banco Central em 1984. A c\u00e9dula foi relan\u00e7ada no valor de 10 cruzados, dois anos mais tarde.\" \/><img decoding=\"async\" src=\"https:\/\/100anossemrui.casaruibarbosa.gov.br\/wp-content\/uploads\/2023\/10\/imagem_2023-10-20_174010924.png\" alt=\"Verso da c\u00e9dula de 10.000 cruzeiros homenageando participa\u00e7\u00e3o de Rui Barbosa em Haia.\" \/><img decoding=\"async\" src=\"https:\/\/100anossemrui.casaruibarbosa.gov.br\/wp-content\/uploads\/2023\/10\/medalhas_centenario.png\" alt=\"Medalhas de prata e bronze comemorativas do Centen\u00e1rio de Nascimento de Rui Barbosa, tendo, no anverso, busto de Rui Barbosa ladeado por tinteiro e a inscri\u00e7\u00e3o &quot;Centen\u00e1rio de Rui Barbosa 1849-1949&quot;. No reverso, bras\u00e3o da cidade de Santos e a inscri\u00e7\u00e3o &quot;Homenagem da municipalidade de Santos ao g\u00eanio da ra\u00e7a&quot;.\" \/><img decoding=\"async\" src=\"https:\/\/100anossemrui.casaruibarbosa.gov.br\/wp-content\/uploads\/2023\/10\/imagem_2023-10-20_174408361.png\" alt=\"Selo comemorativo do 150\u00ba anivers\u00e1rio do nascimento de Rui Barbosa, comemorado em 1999. O ano de 1999 foi considerado por decreto federal o ano Joaquim Nabuco e Rui Barbosa. Carimbo comemorativo do evento oblitera a pe\u00e7a.\" \/><img decoding=\"async\" src=\"https:\/\/100anossemrui.casaruibarbosa.gov.br\/wp-content\/uploads\/2023\/10\/imagem_2023-10-20_173240352.png\" alt=\"Len\u00e7o de cambraia de linho branca, tendo em um dos cantos, bordada, uma \u00e1guia de asas abertas e a inscri\u00e7\u00e3o: &quot;1\u00ba Centen\u00e1rio de Ruy 849-949&quot;. O doador encontrou-o na vitrine de uma loja de bordados em Salvador.\" \/><img decoding=\"async\" src=\"https:\/\/100anossemrui.casaruibarbosa.gov.br\/wp-content\/uploads\/2023\/10\/caricatura_escultura.png\" alt=\"Dois \u00e2ngulos da estatueta-caricatura de Rui Barbosa montado na lombada de um livro, em bronze. Autoria de Raul Pederneiras, que foi desenhista, caricaturista, teatr\u00f3logo e poeta.\" \/><img decoding=\"async\" src=\"https:\/\/100anossemrui.casaruibarbosa.gov.br\/wp-content\/uploads\/2023\/10\/36-medCentCasaBronze.png\" alt=\"Medalha de bronze comemorativa do centen\u00e1rio de nascimento de Rui Barbosa. Tamb\u00e9m foi cunhada em prata. No anverso, perfil de Rui Barbosa em relevo e a inscri\u00e7\u00e3o &quot;Rui Barbosa 1849-1849&quot;. No reverso, fachada da casa de Rui Barbosa em Salvador e a inscri\u00e7\u00e3o: &quot;Casa onde nasceu Rui Barbosa na Bahia 05\/11\/1849&quot;.\" \/><\/noscript>\n<div class=\"container\"><\/div>\n","protected":false},"excerpt":{"rendered":"<p>Objetos em mem\u00f3ria e em homenagem a Rui Ao longo de seus 73 anos de vida, Rui Barbosa recebeu todo tipo de homenagem, como prova de respeito, reconhecimento e admira\u00e7\u00e3o, seja por parte do governo (em nome do povo), seja por institui\u00e7\u00f5es e particulares. Foram comendas e medalhas internacionais (como da Legi\u00e3o de Honra da [&hellip;]<\/p>\n","protected":false},"author":1,"featured_media":0,"parent":0,"menu_order":0,"comment_status":"closed","ping_status":"closed","template":"","meta":{"footnotes":""},"class_list":["post-155","page","type-page","status-publish","hentry"],"_links":{"self":[{"href":"https:\/\/100anossemrui.casaruibarbosa.gov.br\/index.php?rest_route=\/wp\/v2\/pages\/155","targetHints":{"allow":["GET"]}}],"collection":[{"href":"https:\/\/100anossemrui.casaruibarbosa.gov.br\/index.php?rest_route=\/wp\/v2\/pages"}],"about":[{"href":"https:\/\/100anossemrui.casaruibarbosa.gov.br\/index.php?rest_route=\/wp\/v2\/types\/page"}],"author":[{"embeddable":true,"href":"https:\/\/100anossemrui.casaruibarbosa.gov.br\/index.php?rest_route=\/wp\/v2\/users\/1"}],"replies":[{"embeddable":true,"href":"https:\/\/100anossemrui.casaruibarbosa.gov.br\/index.php?rest_route=%2Fwp%2Fv2%2Fcomments&post=155"}],"version-history":[{"count":12,"href":"https:\/\/100anossemrui.casaruibarbosa.gov.br\/index.php?rest_route=\/wp\/v2\/pages\/155\/revisions"}],"predecessor-version":[{"id":697,"href":"https:\/\/100anossemrui.casaruibarbosa.gov.br\/index.php?rest_route=\/wp\/v2\/pages\/155\/revisions\/697"}],"wp:attachment":[{"href":"https:\/\/100anossemrui.casaruibarbosa.gov.br\/index.php?rest_route=%2Fwp%2Fv2%2Fmedia&parent=155"}],"curies":[{"name":"wp","href":"https:\/\/api.w.org\/{rel}","templated":true}]}}