{"id":28,"date":"2023-10-18T14:22:27","date_gmt":"2023-10-18T17:22:27","guid":{"rendered":"https:\/\/100anossemrui.casaruibarbosa.gov.br\/?page_id=28"},"modified":"2023-11-07T19:51:17","modified_gmt":"2023-11-07T22:51:17","slug":"pensamento","status":"publish","type":"page","link":"https:\/\/100anossemrui.casaruibarbosa.gov.br\/?page_id=28","title":{"rendered":"Pensamento"},"content":{"rendered":"<h1>100 anos depois&#8230;<\/h1>\n<p>&nbsp;<\/p>\n<h3>Pensamento<\/h3>\n<h4>Rui Barbosa na atualidade<\/h4>\n<p>&nbsp;<\/p>\n<blockquote><p>Cem anos ap\u00f3s seu falecimento, pode-se constatar que ideias e propostas de Rui est\u00e3o atuais e alguns problemas da sociedade brasileira, por ele apontados, ainda esperam solu\u00e7\u00e3o.<\/p>\n<p>&nbsp;<\/p><\/blockquote>\n<h3>A escravid\u00e3o e a quest\u00e3o rural<\/h3>\n<p>Rui se preocupou, desde a juventude, com a causa abolicionista. Prop\u00f4s o projeto de liberta\u00e7\u00e3o dos filhos de escravizadas de propriedade dos ma\u00e7ons, ideia precursora da Lei do Ventre Livre. A seguir, redigiu o projeto Dantas sobre a emancipa\u00e7\u00e3o dos escravizados aos 60 anos, que depois se converteu (com cortes) na Lei dos Sexagen\u00e1rios.<\/p>\n<p>A &#8220;liberta\u00e7\u00e3o dos escravos&#8221; historicamente aconteceu, mas Rui observou que a Lei \u00c1urea n\u00e3o foi suficiente para uma aboli\u00e7\u00e3o total, assim , at\u00e9 o fim da sua vida, foi um severo cr\u00edtico de uma aboli\u00e7\u00e3o feita \u201csem uma pol\u00edtica de recapacita\u00e7\u00e3o e de integra\u00e7\u00e3o social dos ex-escravos.\u201d (Bol\u00edvar Lamounier. Rui Barbosa e a constru\u00e7\u00e3o institucional da democracia brasileira. In: &#8212;-. <em>Rui Barbosa<\/em>. Rio de Janeiro: Nova Fronteira, 1999. p. 67).<\/p>\n<p>Rui queria uma real integra\u00e7\u00e3o das pessoas que tinham sido escravizadas \u00e0 sociedade, queria que as mesmas adquirissem n\u00e3o s\u00f3 a liberdade, mas tamb\u00e9m a cidadania. Hoje em dia, as pessoas negras ainda lutam por direitos e igualdade, embora v\u00e1rias medidas venham sendo adotadas, a partir da luta desse\u00a0grupo\u00a0social.<\/p>\n<p><a href=\"https:\/\/100anossemrui.casaruibarbosa.gov.br\/?page_id=586\" target=\"_blank\" rel=\"noopener\"><img decoding=\"async\" class=\"alignnone wp-image-579 size-full\" src=\"https:\/\/100anossemrui.casaruibarbosa.gov.br\/wp-content\/uploads\/2023\/10\/liberati.png\" alt=\"\" width=\"50\" height=\"50\" \/><\/a>&gt; Trecho sobre a aboli\u00e7\u00e3o da escravid\u00e3o e suas sequelas<\/p>\n<p>&nbsp;<\/p>\n<p>Se a aboli\u00e7\u00e3o n\u00e3o resolveu definitivamente a quest\u00e3o dos ex-escravizados, tamb\u00e9m n\u00e3o transformou a realidade\u00a0brasileira. Josaphat Marinho (<em>Rui Barbosa: valores da personalidade e da obra<\/em>) salienta que j\u00e1 em 1888, Rui &#8220;advertiu que o abolicionismo n\u00e3o era &#8216;o termo de uma aspira\u00e7\u00e3o satisfeita&#8217;, mas &#8216;apenas o ponto inicial de uma trajet\u00f3ria sideral&#8217;. Apontou ent\u00e3o como programa de reformas: &#8216;a liberdade religiosa, a democratiza\u00e7\u00e3o do voto, a desoligarquiza\u00e7\u00e3o do Senado, a desenfeuda\u00e7\u00e3o da propriedade e a federa\u00e7\u00e3o&#8217;. Recordando esse pensamento em 1942, Jo\u00e3o Mangabeira sublinhou que o programa de Rui, de &#8216;desenfeuda\u00e7\u00e3o da propriedade&#8217; seria &#8216;avan\u00e7ado&#8217; naquele ano. Podemos dizer que o \u00e9 ainda hoje, se atentarmos em nossa realidade quanto \u00e0 explora\u00e7\u00e3o da terra, \u00e0s injusti\u00e7as nela praticadas e \u00e0 reforma agr\u00e1ria em solu\u00e7os.&#8221; (p. 14)<\/p>\n<p>&nbsp;<\/p>\n<h3>A educa\u00e7\u00e3o e a constru\u00e7\u00e3o do pa\u00eds<\/h3>\n<p>Rui acreditava no aperfei\u00e7oamento social e pol\u00edtico por meio de um longo processo educativo e categ\u00f3rico, quando declarou: &#8220;Ao nosso ver, a chave misteriosa das desgra\u00e7as que nos afligem, \u00e9 esta, e s\u00f3 esta: a ignor\u00e2ncia popular, m\u00e3e da servilidade e da mis\u00e9ria.&#8221; [<em>Reforma do ensino prim\u00e1rio&#8230;<\/em> Rio de Janeiro: Minist\u00e9rio da Educa\u00e7\u00e3o e Sa\u00fade, 1947. p. 121. (Obras Completas de Rui Barbosa. v. 10, 1883, t. 1).]<\/p>\n<p>Na C\u00e2mara do Imp\u00e9rio, como relator da reforma do ensino (prim\u00e1rio, secund\u00e1rio e superior), produziu dois extensos pareceres sobre a organiza\u00e7\u00e3o nacional na \u00e1rea da educa\u00e7\u00e3o. Pregou a alfabetiza\u00e7\u00e3o das massas (em processo at\u00e9 os dias atuais) e o princ\u00edpio de liberdade no magist\u00e9rio. Josaphat Marinho (ibidem) ressalta a import\u00e2ncia desse princ\u00edpio: &#8220;No parecer a respeito do ensino secund\u00e1rio e superior, [Rui] observou que &#8216;o direito de enunciar e discutir livremente todas as opini\u00f5es \u00e9 inerente \u00e0 ci\u00eancia. O Estado n\u00e3o tem compet\u00eancia para definir ou patrocinar dogmas; e se a tem, n\u00e3o abra estabelecimentos cient\u00edficos; porque a exist\u00eancia dessas institui\u00e7\u00f5es \u00e9 incompat\u00edvel com a de cren\u00e7as privilegiadas. Da condi\u00e7\u00e3o essencial \u00e0 ci\u00eancia \u00e9 o n\u00e3o obedecer a concep\u00e7\u00f5es a priori, duvidar do que n\u00e3o seja metodicamente averiguado, e s\u00f3 adotar a realidade verificada segundo os preceitos rigorosos da l\u00f3gica experimental&#8217;.&#8221; (p. 13)<\/p>\n<p>Rui adotou o lema &#8220;Educa\u00e7\u00e3o \u00e9 prepara\u00e7\u00e3o para a vida completa e vida completa exige educa\u00e7\u00e3o integral&#8221;, preocupando-se com a educa\u00e7\u00e3o do corpo e do esp\u00edrito. Em seus pareceres, especificou as modalidades: educa\u00e7\u00e3o art\u00edstica, educa\u00e7\u00e3o moral e c\u00edvica, educa\u00e7\u00e3o econ\u00f4mica, educa\u00e7\u00e3o para a sa\u00fade, para o trabalho e para o lar. Esses pareceres deram a Rui o t\u00edtulo de precursor, no Brasil, da Educa\u00e7\u00e3o F\u00edsica, do ensino musical, do desenho e dos trabalhos manuais, sendo os dois \u00faltimos, na vis\u00e3o de Rui, b\u00e1sicos para o ensino industrial e consequente desenvolvimento do pa\u00eds.<\/p>\n<p><a title=\"A educaca\u00e7\u00e3o e a constru\u00e7\u00e3o do pa\u00eds\" href=\"https:\/\/100anossemrui.casaruibarbosa.gov.br\/?page_id=590\" target=\"_blank\" rel=\"noopener\"><img decoding=\"async\" class=\"alignnone size-full wp-image-579\" src=\"https:\/\/100anossemrui.casaruibarbosa.gov.br\/wp-content\/uploads\/2023\/10\/liberati.png\" alt=\"\" width=\"50\" height=\"50\" \/><\/a>&gt; Trecho sobre a educa\u00e7\u00e3o e a constru\u00e7\u00e3o do pa\u00eds<\/p>\n<p>&nbsp;<\/p>\n<h3>Rui, a l\u00edngua e os livros<\/h3>\n<p>Ciente do valor da educa\u00e7\u00e3o, Rui era um incans\u00e1vel estudioso, amante dos livros e da l\u00edngua. Entre as suas muitas contribui\u00e7\u00f5es, podem ser citadas:<\/p>\n<h3>&#8211; Contribui\u00e7\u00e3o para o C\u00f3digo Civil<\/h3>\n<p>Presidente da Comiss\u00e3o Especial da revis\u00e3o do C\u00f3digo Civil no Senado, Rui elaborou o parecer sobre a reda\u00e7\u00e3o feita pelo seu mestre, professor Ernesto Carneiro Ribeiro. Critica-lhe a linguagem e prop\u00f5e emendas a quase todos os artigos, estabelecendo-se uma das maiores pol\u00eamicas de gram\u00e1tica e estilo travadas no Brasil, que gerou um importante trabalho da filologia brasileira: a <em>R\u00e9plica<\/em>.<\/p>\n<p>&nbsp;<\/p>\n<h3>&#8211; Rui tinha um cuidado especial com o l\u00e9xico,<\/h3>\n<p>n\u00e3o s\u00f3 quanto ao seu emprego, como tamb\u00e9m em uma meticulosa coleta de dados. Seus exemplares do\u00a0<em>Novo dicion\u00e1rio da l\u00edngua portuguesa<\/em>, de C\u00e2ndido de Figueiredo, em tr\u00eas diversas edi\u00e7\u00f5es, s\u00e3o todos anotados. Rui Barbosa ia &#8220;completando&#8221; os livros com novas acep\u00e7\u00f5es, variantes regionais, abona\u00e7\u00f5es em textos cl\u00e1ssicos (como Padre Ant\u00f4nio Vieira) e textos de autores contempor\u00e2neos (como Monteiro Lobato).<\/p>\n<div id=\"envira-gallery-wrap-280\" class=\"envira-gallery-wrap envira-gallery-theme-base envira-lightbox-theme-base\" itemscope itemtype=\"https:\/\/schema.org\/ImageGallery\"><div data-row-height=\"\" data-gallery-theme=\"\" id=\"envira-gallery-280\" class=\"envira-gallery-public  envira-gallery-3-columns envira-clear enviratope envira-gallery-css-animations\" data-envira-columns=\"3\"><div id=\"envira-gallery-item-104\" class=\"envira-gallery-item enviratope-item envira-gallery-item-1 envira-lazy-load\" style=\"padding-left: 5px; padding-bottom: 10px; padding-right: 5px;\"  itemscope itemtype=\"https:\/\/schema.org\/ImageObject\"><div class=\"envira-gallery-item-inner\"><div class=\"envira-gallery-position-overlay  envira-gallery-top-left\"><\/div><div class=\"envira-gallery-position-overlay  envira-gallery-top-right\"><\/div><div class=\"envira-gallery-position-overlay  envira-gallery-bottom-left\"><\/div><div class=\"envira-gallery-position-overlay  envira-gallery-bottom-right\"><\/div><a href=\"https:\/\/100anossemrui.casaruibarbosa.gov.br\/wp-content\/uploads\/2023\/10\/IMG_0006.jpg\" class=\"envira-gallery-280 envira-gallery-link\" rel=\"enviragallery280\" title=\"\" data-envira-caption=\"\" data-envira-retina=\"\" data-thumbnail=\"\"  itemprop=\"contentUrl\"><div class=\"envira-lazy\" data-test-width=\"40\" data-test-height=\"80\" style=\"padding-bottom:200%;\"><img decoding=\"async\" id=\"envira-gallery-image-104\" class=\"envira-gallery-image envira-gallery-image-1\" data-envira-index=\"1\" src=\"https:\/\/100anossemrui.casaruibarbosa.gov.br\/wp-content\/uploads\/2023\/10\/IMG_0006-300x187.jpg\" data-envira-src=\"https:\/\/100anossemrui.casaruibarbosa.gov.br\/wp-content\/uploads\/2023\/10\/IMG_0006-300x187.jpg\" data-envira-gallery-id=\"280\" data-envira-item-id=\"104\" data-envira-caption=\"\" alt=\"\" title=\"\"  itemprop=\"thumbnailUrl\" data-envira-srcset=\"https:\/\/100anossemrui.casaruibarbosa.gov.br\/wp-content\/uploads\/2023\/10\/IMG_0006-300x187.jpg 400w,https:\/\/100anossemrui.casaruibarbosa.gov.br\/wp-content\/uploads\/2023\/10\/IMG_0006-300x187.jpg 2x\" srcset=\"data:image\/gif;base64,R0lGODlhAQABAIAAAP\/\/\/\/\/\/\/yH5BAEKAAEALAAAAAABAAEAAAICTAEAOw==\" \/><\/div><\/a><\/div><\/div><div id=\"envira-gallery-item-102\" class=\"envira-gallery-item enviratope-item envira-gallery-item-2 envira-lazy-load\" style=\"padding-left: 5px; padding-bottom: 10px; padding-right: 5px;\"  itemscope itemtype=\"https:\/\/schema.org\/ImageObject\"><div class=\"envira-gallery-item-inner\"><div class=\"envira-gallery-position-overlay  envira-gallery-top-left\"><\/div><div class=\"envira-gallery-position-overlay  envira-gallery-top-right\"><\/div><div class=\"envira-gallery-position-overlay  envira-gallery-bottom-left\"><\/div><div class=\"envira-gallery-position-overlay  envira-gallery-bottom-right\"><\/div><a href=\"https:\/\/100anossemrui.casaruibarbosa.gov.br\/wp-content\/uploads\/2023\/10\/IMG_0004.jpg\" class=\"envira-gallery-280 envira-gallery-link\" rel=\"enviragallery280\" title=\"\" data-envira-caption=\"\" data-envira-retina=\"\" data-thumbnail=\"\"  itemprop=\"contentUrl\"><div class=\"envira-lazy\" data-test-width=\"40\" data-test-height=\"80\" style=\"padding-bottom:200%;\"><img decoding=\"async\" id=\"envira-gallery-image-102\" class=\"envira-gallery-image envira-gallery-image-2\" data-envira-index=\"2\" src=\"https:\/\/100anossemrui.casaruibarbosa.gov.br\/wp-content\/uploads\/2023\/10\/IMG_0004-300x226.jpg\" data-envira-src=\"https:\/\/100anossemrui.casaruibarbosa.gov.br\/wp-content\/uploads\/2023\/10\/IMG_0004-300x226.jpg\" data-envira-gallery-id=\"280\" data-envira-item-id=\"102\" data-envira-caption=\"\" alt=\"\" title=\"\"  itemprop=\"thumbnailUrl\" data-envira-srcset=\"https:\/\/100anossemrui.casaruibarbosa.gov.br\/wp-content\/uploads\/2023\/10\/IMG_0004-300x226.jpg 400w,https:\/\/100anossemrui.casaruibarbosa.gov.br\/wp-content\/uploads\/2023\/10\/IMG_0004-300x226.jpg 2x\" srcset=\"data:image\/gif;base64,R0lGODlhAQABAIAAAP\/\/\/\/\/\/\/yH5BAEKAAEALAAAAAABAAEAAAICTAEAOw==\" \/><\/div><\/a><\/div><\/div><div id=\"envira-gallery-item-100\" class=\"envira-gallery-item enviratope-item envira-gallery-item-3 envira-lazy-load\" style=\"padding-left: 5px; padding-bottom: 10px; padding-right: 5px;\"  itemscope itemtype=\"https:\/\/schema.org\/ImageObject\"><div class=\"envira-gallery-item-inner\"><div class=\"envira-gallery-position-overlay  envira-gallery-top-left\"><\/div><div class=\"envira-gallery-position-overlay  envira-gallery-top-right\"><\/div><div class=\"envira-gallery-position-overlay  envira-gallery-bottom-left\"><\/div><div class=\"envira-gallery-position-overlay  envira-gallery-bottom-right\"><\/div><a href=\"https:\/\/100anossemrui.casaruibarbosa.gov.br\/wp-content\/uploads\/2023\/10\/IMG_0002.jpg\" class=\"envira-gallery-280 envira-gallery-link\" rel=\"enviragallery280\" title=\"\" data-envira-caption=\"\" data-envira-retina=\"\" data-thumbnail=\"\"  itemprop=\"contentUrl\"><div class=\"envira-lazy\" data-test-width=\"40\" data-test-height=\"80\" style=\"padding-bottom:200%;\"><img decoding=\"async\" id=\"envira-gallery-image-100\" class=\"envira-gallery-image envira-gallery-image-3\" data-envira-index=\"3\" src=\"https:\/\/100anossemrui.casaruibarbosa.gov.br\/wp-content\/uploads\/2023\/10\/IMG_0002-204x300.jpg\" data-envira-src=\"https:\/\/100anossemrui.casaruibarbosa.gov.br\/wp-content\/uploads\/2023\/10\/IMG_0002-204x300.jpg\" data-envira-gallery-id=\"280\" data-envira-item-id=\"100\" data-envira-caption=\"\" alt=\"\" title=\"\"  itemprop=\"thumbnailUrl\" data-envira-srcset=\"https:\/\/100anossemrui.casaruibarbosa.gov.br\/wp-content\/uploads\/2023\/10\/IMG_0002-204x300.jpg 400w,https:\/\/100anossemrui.casaruibarbosa.gov.br\/wp-content\/uploads\/2023\/10\/IMG_0002-204x300.jpg 2x\" srcset=\"data:image\/gif;base64,R0lGODlhAQABAIAAAP\/\/\/\/\/\/\/yH5BAEKAAEALAAAAAABAAEAAAICTAEAOw==\" \/><\/div><\/a><\/div><\/div><div id=\"envira-gallery-item-110\" class=\"envira-gallery-item enviratope-item envira-gallery-item-4 envira-lazy-load\" style=\"padding-left: 5px; padding-bottom: 10px; padding-right: 5px;\"  itemscope itemtype=\"https:\/\/schema.org\/ImageObject\"><div class=\"envira-gallery-item-inner\"><div class=\"envira-gallery-position-overlay  envira-gallery-top-left\"><\/div><div class=\"envira-gallery-position-overlay  envira-gallery-top-right\"><\/div><div class=\"envira-gallery-position-overlay  envira-gallery-bottom-left\"><\/div><div class=\"envira-gallery-position-overlay  envira-gallery-bottom-right\"><\/div><a href=\"https:\/\/100anossemrui.casaruibarbosa.gov.br\/wp-content\/uploads\/2023\/10\/IMG_0012.jpg\" class=\"envira-gallery-280 envira-gallery-link\" rel=\"enviragallery280\" title=\"\" data-envira-caption=\"\" data-envira-retina=\"\" data-thumbnail=\"\"  itemprop=\"contentUrl\"><div class=\"envira-lazy\" data-test-width=\"40\" data-test-height=\"80\" style=\"padding-bottom:200%;\"><img decoding=\"async\" id=\"envira-gallery-image-110\" class=\"envira-gallery-image envira-gallery-image-4\" data-envira-index=\"4\" src=\"https:\/\/100anossemrui.casaruibarbosa.gov.br\/wp-content\/uploads\/2023\/10\/IMG_0012-300x226.jpg\" data-envira-src=\"https:\/\/100anossemrui.casaruibarbosa.gov.br\/wp-content\/uploads\/2023\/10\/IMG_0012-300x226.jpg\" data-envira-gallery-id=\"280\" data-envira-item-id=\"110\" data-envira-caption=\"\" alt=\"\" title=\"\"  itemprop=\"thumbnailUrl\" data-envira-srcset=\"https:\/\/100anossemrui.casaruibarbosa.gov.br\/wp-content\/uploads\/2023\/10\/IMG_0012-300x226.jpg 400w,https:\/\/100anossemrui.casaruibarbosa.gov.br\/wp-content\/uploads\/2023\/10\/IMG_0012-300x226.jpg 2x\" srcset=\"data:image\/gif;base64,R0lGODlhAQABAIAAAP\/\/\/\/\/\/\/yH5BAEKAAEALAAAAAABAAEAAAICTAEAOw==\" \/><\/div><\/a><\/div><\/div><div id=\"envira-gallery-item-112\" class=\"envira-gallery-item enviratope-item envira-gallery-item-5 envira-lazy-load\" style=\"padding-left: 5px; padding-bottom: 10px; padding-right: 5px;\"  itemscope itemtype=\"https:\/\/schema.org\/ImageObject\"><div class=\"envira-gallery-item-inner\"><div class=\"envira-gallery-position-overlay  envira-gallery-top-left\"><\/div><div class=\"envira-gallery-position-overlay  envira-gallery-top-right\"><\/div><div class=\"envira-gallery-position-overlay  envira-gallery-bottom-left\"><\/div><div class=\"envira-gallery-position-overlay  envira-gallery-bottom-right\"><\/div><a href=\"https:\/\/100anossemrui.casaruibarbosa.gov.br\/wp-content\/uploads\/2023\/10\/IMG_0015.jpg\" class=\"envira-gallery-280 envira-gallery-link\" rel=\"enviragallery280\" title=\"\" data-envira-caption=\"\" data-envira-retina=\"\" data-thumbnail=\"\"  itemprop=\"contentUrl\"><div class=\"envira-lazy\" data-test-width=\"40\" data-test-height=\"80\" style=\"padding-bottom:200%;\"><img decoding=\"async\" id=\"envira-gallery-image-112\" class=\"envira-gallery-image envira-gallery-image-5\" data-envira-index=\"5\" src=\"https:\/\/100anossemrui.casaruibarbosa.gov.br\/wp-content\/uploads\/2023\/10\/IMG_0015-300x196.jpg\" data-envira-src=\"https:\/\/100anossemrui.casaruibarbosa.gov.br\/wp-content\/uploads\/2023\/10\/IMG_0015-300x196.jpg\" data-envira-gallery-id=\"280\" data-envira-item-id=\"112\" data-envira-caption=\"\" alt=\"\" title=\"\"  itemprop=\"thumbnailUrl\" data-envira-srcset=\"https:\/\/100anossemrui.casaruibarbosa.gov.br\/wp-content\/uploads\/2023\/10\/IMG_0015-300x196.jpg 400w,https:\/\/100anossemrui.casaruibarbosa.gov.br\/wp-content\/uploads\/2023\/10\/IMG_0015-300x196.jpg 2x\" srcset=\"data:image\/gif;base64,R0lGODlhAQABAIAAAP\/\/\/\/\/\/\/yH5BAEKAAEALAAAAAABAAEAAAICTAEAOw==\" \/><\/div><\/a><\/div><\/div><div id=\"envira-gallery-item-114\" class=\"envira-gallery-item enviratope-item envira-gallery-item-6 envira-lazy-load\" style=\"padding-left: 5px; padding-bottom: 10px; padding-right: 5px;\"  itemscope itemtype=\"https:\/\/schema.org\/ImageObject\"><div class=\"envira-gallery-item-inner\"><div class=\"envira-gallery-position-overlay  envira-gallery-top-left\"><\/div><div class=\"envira-gallery-position-overlay  envira-gallery-top-right\"><\/div><div class=\"envira-gallery-position-overlay  envira-gallery-bottom-left\"><\/div><div class=\"envira-gallery-position-overlay  envira-gallery-bottom-right\"><\/div><a href=\"https:\/\/100anossemrui.casaruibarbosa.gov.br\/wp-content\/uploads\/2023\/10\/IMG_0018.jpg\" class=\"envira-gallery-280 envira-gallery-link\" rel=\"enviragallery280\" title=\"\" data-envira-caption=\"\" data-envira-retina=\"\" data-thumbnail=\"\"  itemprop=\"contentUrl\"><div class=\"envira-lazy\" data-test-width=\"40\" data-test-height=\"80\" style=\"padding-bottom:200%;\"><img decoding=\"async\" id=\"envira-gallery-image-114\" class=\"envira-gallery-image envira-gallery-image-6\" data-envira-index=\"6\" src=\"https:\/\/100anossemrui.casaruibarbosa.gov.br\/wp-content\/uploads\/2023\/10\/IMG_0018-151x300.jpg\" data-envira-src=\"https:\/\/100anossemrui.casaruibarbosa.gov.br\/wp-content\/uploads\/2023\/10\/IMG_0018-151x300.jpg\" data-envira-gallery-id=\"280\" data-envira-item-id=\"114\" data-envira-caption=\"\" alt=\"\" title=\"\"  itemprop=\"thumbnailUrl\" data-envira-srcset=\"https:\/\/100anossemrui.casaruibarbosa.gov.br\/wp-content\/uploads\/2023\/10\/IMG_0018-151x300.jpg 400w,https:\/\/100anossemrui.casaruibarbosa.gov.br\/wp-content\/uploads\/2023\/10\/IMG_0018-151x300.jpg 2x\" srcset=\"data:image\/gif;base64,R0lGODlhAQABAIAAAP\/\/\/\/\/\/\/yH5BAEKAAEALAAAAAABAAEAAAICTAEAOw==\" \/><\/div><\/a><\/div><\/div><div id=\"envira-gallery-item-116\" class=\"envira-gallery-item enviratope-item envira-gallery-item-7 envira-lazy-load\" style=\"padding-left: 5px; padding-bottom: 10px; padding-right: 5px;\"  itemscope itemtype=\"https:\/\/schema.org\/ImageObject\"><div class=\"envira-gallery-item-inner\"><div class=\"envira-gallery-position-overlay  envira-gallery-top-left\"><\/div><div class=\"envira-gallery-position-overlay  envira-gallery-top-right\"><\/div><div class=\"envira-gallery-position-overlay  envira-gallery-bottom-left\"><\/div><div class=\"envira-gallery-position-overlay  envira-gallery-bottom-right\"><\/div><a href=\"https:\/\/100anossemrui.casaruibarbosa.gov.br\/wp-content\/uploads\/2023\/10\/IMG_0019.jpg\" class=\"envira-gallery-280 envira-gallery-link\" rel=\"enviragallery280\" title=\"\" data-envira-caption=\"\" data-envira-retina=\"\" data-thumbnail=\"\"  itemprop=\"contentUrl\"><div class=\"envira-lazy\" data-test-width=\"40\" data-test-height=\"80\" style=\"padding-bottom:200%;\"><img decoding=\"async\" id=\"envira-gallery-image-116\" class=\"envira-gallery-image envira-gallery-image-7\" data-envira-index=\"7\" src=\"https:\/\/100anossemrui.casaruibarbosa.gov.br\/wp-content\/uploads\/2023\/10\/IMG_0019-225x300.jpg\" data-envira-src=\"https:\/\/100anossemrui.casaruibarbosa.gov.br\/wp-content\/uploads\/2023\/10\/IMG_0019-225x300.jpg\" data-envira-gallery-id=\"280\" data-envira-item-id=\"116\" data-envira-caption=\"\" alt=\"\" title=\"\"  itemprop=\"thumbnailUrl\" data-envira-srcset=\"https:\/\/100anossemrui.casaruibarbosa.gov.br\/wp-content\/uploads\/2023\/10\/IMG_0019-225x300.jpg 400w,https:\/\/100anossemrui.casaruibarbosa.gov.br\/wp-content\/uploads\/2023\/10\/IMG_0019-225x300.jpg 2x\" srcset=\"data:image\/gif;base64,R0lGODlhAQABAIAAAP\/\/\/\/\/\/\/yH5BAEKAAEALAAAAAABAAEAAAICTAEAOw==\" \/><\/div><\/a><\/div><\/div><div id=\"envira-gallery-item-118\" class=\"envira-gallery-item enviratope-item envira-gallery-item-8 envira-lazy-load\" style=\"padding-left: 5px; padding-bottom: 10px; padding-right: 5px;\"  itemscope itemtype=\"https:\/\/schema.org\/ImageObject\"><div class=\"envira-gallery-item-inner\"><div class=\"envira-gallery-position-overlay  envira-gallery-top-left\"><\/div><div class=\"envira-gallery-position-overlay  envira-gallery-top-right\"><\/div><div class=\"envira-gallery-position-overlay  envira-gallery-bottom-left\"><\/div><div class=\"envira-gallery-position-overlay  envira-gallery-bottom-right\"><\/div><a href=\"https:\/\/100anossemrui.casaruibarbosa.gov.br\/wp-content\/uploads\/2023\/10\/IMG_0022.jpg\" class=\"envira-gallery-280 envira-gallery-link\" rel=\"enviragallery280\" title=\"\" data-envira-caption=\"\" data-envira-retina=\"\" data-thumbnail=\"\"  itemprop=\"contentUrl\"><div class=\"envira-lazy\" data-test-width=\"40\" data-test-height=\"80\" style=\"padding-bottom:200%;\"><img decoding=\"async\" id=\"envira-gallery-image-118\" class=\"envira-gallery-image envira-gallery-image-8\" data-envira-index=\"8\" src=\"https:\/\/100anossemrui.casaruibarbosa.gov.br\/wp-content\/uploads\/2023\/10\/IMG_0022-300x225.jpg\" data-envira-src=\"https:\/\/100anossemrui.casaruibarbosa.gov.br\/wp-content\/uploads\/2023\/10\/IMG_0022-300x225.jpg\" data-envira-gallery-id=\"280\" data-envira-item-id=\"118\" data-envira-caption=\"\" alt=\"\" title=\"\"  itemprop=\"thumbnailUrl\" data-envira-srcset=\"https:\/\/100anossemrui.casaruibarbosa.gov.br\/wp-content\/uploads\/2023\/10\/IMG_0022-300x225.jpg 400w,https:\/\/100anossemrui.casaruibarbosa.gov.br\/wp-content\/uploads\/2023\/10\/IMG_0022-300x225.jpg 2x\" srcset=\"data:image\/gif;base64,R0lGODlhAQABAIAAAP\/\/\/\/\/\/\/yH5BAEKAAEALAAAAAABAAEAAAICTAEAOw==\" \/><\/div><\/a><\/div><\/div><div id=\"envira-gallery-item-120\" class=\"envira-gallery-item enviratope-item envira-gallery-item-9 envira-lazy-load\" style=\"padding-left: 5px; padding-bottom: 10px; padding-right: 5px;\"  itemscope itemtype=\"https:\/\/schema.org\/ImageObject\"><div class=\"envira-gallery-item-inner\"><div class=\"envira-gallery-position-overlay  envira-gallery-top-left\"><\/div><div class=\"envira-gallery-position-overlay  envira-gallery-top-right\"><\/div><div class=\"envira-gallery-position-overlay  envira-gallery-bottom-left\"><\/div><div class=\"envira-gallery-position-overlay  envira-gallery-bottom-right\"><\/div><a href=\"https:\/\/100anossemrui.casaruibarbosa.gov.br\/wp-content\/uploads\/2023\/10\/IMG_0023.jpg\" class=\"envira-gallery-280 envira-gallery-link\" rel=\"enviragallery280\" title=\"\" data-envira-caption=\"\" data-envira-retina=\"\" data-thumbnail=\"\"  itemprop=\"contentUrl\"><div class=\"envira-lazy\" data-test-width=\"40\" data-test-height=\"80\" style=\"padding-bottom:200%;\"><img decoding=\"async\" id=\"envira-gallery-image-120\" class=\"envira-gallery-image envira-gallery-image-9\" data-envira-index=\"9\" src=\"https:\/\/100anossemrui.casaruibarbosa.gov.br\/wp-content\/uploads\/2023\/10\/IMG_0023-251x300.jpg\" data-envira-src=\"https:\/\/100anossemrui.casaruibarbosa.gov.br\/wp-content\/uploads\/2023\/10\/IMG_0023-251x300.jpg\" data-envira-gallery-id=\"280\" data-envira-item-id=\"120\" data-envira-caption=\"\" alt=\"\" title=\"\"  itemprop=\"thumbnailUrl\" data-envira-srcset=\"https:\/\/100anossemrui.casaruibarbosa.gov.br\/wp-content\/uploads\/2023\/10\/IMG_0023-251x300.jpg 400w,https:\/\/100anossemrui.casaruibarbosa.gov.br\/wp-content\/uploads\/2023\/10\/IMG_0023-251x300.jpg 2x\" srcset=\"data:image\/gif;base64,R0lGODlhAQABAIAAAP\/\/\/\/\/\/\/yH5BAEKAAEALAAAAAABAAEAAAICTAEAOw==\" \/><\/div><\/a><\/div><\/div><div id=\"envira-gallery-item-122\" class=\"envira-gallery-item enviratope-item envira-gallery-item-10 envira-lazy-load\" style=\"padding-left: 5px; padding-bottom: 10px; padding-right: 5px;\"  itemscope itemtype=\"https:\/\/schema.org\/ImageObject\"><div class=\"envira-gallery-item-inner\"><div class=\"envira-gallery-position-overlay  envira-gallery-top-left\"><\/div><div class=\"envira-gallery-position-overlay  envira-gallery-top-right\"><\/div><div class=\"envira-gallery-position-overlay  envira-gallery-bottom-left\"><\/div><div class=\"envira-gallery-position-overlay  envira-gallery-bottom-right\"><\/div><a href=\"https:\/\/100anossemrui.casaruibarbosa.gov.br\/wp-content\/uploads\/2023\/10\/quadra.jpg\" class=\"envira-gallery-280 envira-gallery-link\" rel=\"enviragallery280\" title=\"\" data-envira-caption=\"\" data-envira-retina=\"\" data-thumbnail=\"\"  itemprop=\"contentUrl\"><div class=\"envira-lazy\" data-test-width=\"40\" data-test-height=\"80\" style=\"padding-bottom:200%;\"><img decoding=\"async\" id=\"envira-gallery-image-122\" class=\"envira-gallery-image envira-gallery-image-10\" data-envira-index=\"10\" src=\"https:\/\/100anossemrui.casaruibarbosa.gov.br\/wp-content\/uploads\/2023\/10\/quadra-300x225.jpg\" data-envira-src=\"https:\/\/100anossemrui.casaruibarbosa.gov.br\/wp-content\/uploads\/2023\/10\/quadra-300x225.jpg\" data-envira-gallery-id=\"280\" data-envira-item-id=\"122\" data-envira-caption=\"\" alt=\"\" title=\"\"  itemprop=\"thumbnailUrl\" data-envira-srcset=\"https:\/\/100anossemrui.casaruibarbosa.gov.br\/wp-content\/uploads\/2023\/10\/quadra-300x225.jpg 400w,https:\/\/100anossemrui.casaruibarbosa.gov.br\/wp-content\/uploads\/2023\/10\/quadra-300x225.jpg 2x\" srcset=\"data:image\/gif;base64,R0lGODlhAQABAIAAAP\/\/\/\/\/\/\/yH5BAEKAAEALAAAAAABAAEAAAICTAEAOw==\" \/><\/div><\/a><\/div><\/div><\/div><\/div><noscript><img decoding=\"async\" src=\"https:\/\/100anossemrui.casaruibarbosa.gov.br\/wp-content\/uploads\/2023\/10\/IMG_0006.jpg\" alt=\"\" \/><img decoding=\"async\" src=\"https:\/\/100anossemrui.casaruibarbosa.gov.br\/wp-content\/uploads\/2023\/10\/IMG_0004.jpg\" alt=\"\" \/><img decoding=\"async\" src=\"https:\/\/100anossemrui.casaruibarbosa.gov.br\/wp-content\/uploads\/2023\/10\/IMG_0002.jpg\" alt=\"\" \/><img decoding=\"async\" src=\"https:\/\/100anossemrui.casaruibarbosa.gov.br\/wp-content\/uploads\/2023\/10\/IMG_0012.jpg\" alt=\"\" \/><img decoding=\"async\" src=\"https:\/\/100anossemrui.casaruibarbosa.gov.br\/wp-content\/uploads\/2023\/10\/IMG_0015.jpg\" alt=\"\" \/><img decoding=\"async\" src=\"https:\/\/100anossemrui.casaruibarbosa.gov.br\/wp-content\/uploads\/2023\/10\/IMG_0018.jpg\" alt=\"\" \/><img decoding=\"async\" src=\"https:\/\/100anossemrui.casaruibarbosa.gov.br\/wp-content\/uploads\/2023\/10\/IMG_0019.jpg\" alt=\"\" \/><img decoding=\"async\" src=\"https:\/\/100anossemrui.casaruibarbosa.gov.br\/wp-content\/uploads\/2023\/10\/IMG_0022.jpg\" alt=\"\" \/><img decoding=\"async\" src=\"https:\/\/100anossemrui.casaruibarbosa.gov.br\/wp-content\/uploads\/2023\/10\/IMG_0023.jpg\" alt=\"\" \/><img decoding=\"async\" src=\"https:\/\/100anossemrui.casaruibarbosa.gov.br\/wp-content\/uploads\/2023\/10\/quadra.jpg\" alt=\"\" \/><\/noscript>\n<p>&nbsp;<\/p>\n<h3>&#8211; Seu amor pelos livros legou \u00e0 posteridade uma biblioteca de 35.000 volumes,<\/h3>\n<p>hoje parte do acervo da Funda\u00e7\u00e3o Casa de Rui Barbosa, e importante fonte de pesquisa para o p\u00fablico, como anteviu o c\u00f4nsul argentino no Rio de Janeiro, em ora\u00e7\u00e3o durante o sepultamento de Rui: \u201cRui Barbosa n\u00e3o desaparece, senhores: ficam suas obras, seus discursos, seus escritos forenses, suas confer\u00eancias, sua a\u00e7\u00e3o parlamentar, sua biblioteca de incalcul\u00e1vel m\u00e9rito cient\u00edfico, pol\u00edtico, liter\u00e1rio e social, manancial inesgot\u00e1vel de eterna corrente, ao qual acudir\u00e3o as gera\u00e7\u00f5es presentes e futuras, para beberem em sua linfa cristalina, os conselhos, a doutrina, a ci\u00eancia, a experi\u00eancia e receberem as inspira\u00e7\u00f5es que esse esp\u00edrito genial e prodigioso derramou em sua longa e fecunda passagem pelo mundo.&#8221;<\/p>\n<p>&nbsp;<\/p>\n<h3>A guerra e a paz. A igualdade jur\u00eddica das na\u00e7\u00f5es<\/h3>\n<p>&nbsp;<\/p>\n<p align=\"left\">Rui Barbosa sempre se preocupou com a paz no Brasil e no mundo. Antes mesmo das duas famosas embaixadas <b>\u2014<\/b> a de Haia e a de Buenos Aires <b>\u2014<\/b> j\u00e1 se manifestava sobre a quest\u00e3o.<\/p>\n<p align=\"left\"><a href=\"https:\/\/100anossemrui.casaruibarbosa.gov.br\/?page_id=592\" target=\"_blank\" rel=\"noopener\"><img decoding=\"async\" class=\"alignnone size-full wp-image-579\" style=\"font-style: italic;\" src=\"https:\/\/100anossemrui.casaruibarbosa.gov.br\/wp-content\/uploads\/2023\/10\/liberati.png\" alt=\"\" width=\"50\" height=\"50\" \/><\/a>&gt; <span style=\"font-style: italic;\">Trecho sobre a guerra e a paz &#8211; a igualdade pol\u00edtica entre as na\u00e7\u00f5es<\/span><\/p>\n<p>&nbsp;<\/p>\n<h3>&#8211; A 2\u00aa Confer\u00eancia da Paz, em 1907,<\/h3>\n<p>em Haia, foi um dos momentos culminantes da sua carreira. Designado embaixador extraordin\u00e1rio e plenipotenci\u00e1rio e delegado para representar o Brasil , deixou a sua marca, sendo depois conhecido como &#8220;\u00e1guia de Haia&#8221;.<\/p>\n<blockquote>\n<figure id=\"attachment_61\" aria-describedby=\"caption-attachment-61\" style=\"width: 500px\" class=\"wp-caption aligncenter\"><a href=\"https:\/\/100anossemrui.casaruibarbosa.gov.br\/wp-content\/uploads\/2023\/10\/courrier.jpg\"><img loading=\"lazy\" decoding=\"async\" class=\"wp-image-61 size-full\" src=\"https:\/\/100anossemrui.casaruibarbosa.gov.br\/wp-content\/uploads\/2023\/10\/courrier.jpg\" alt=\"Rui \u00e9 reconhecido publicamente como um dos sete s\u00e1bios da Confer\u00eancia da Paz\" width=\"500\" height=\"736\" srcset=\"https:\/\/100anossemrui.casaruibarbosa.gov.br\/wp-content\/uploads\/2023\/10\/courrier.jpg 500w, https:\/\/100anossemrui.casaruibarbosa.gov.br\/wp-content\/uploads\/2023\/10\/courrier-204x300.jpg 204w\" sizes=\"(max-width: 500px) 100vw, 500px\" \/><\/a><figcaption id=\"caption-attachment-61\" class=\"wp-caption-text\">Rui \u00e9 reconhecido publicamente como um dos sete s\u00e1bios da Confer\u00eancia da Paz<\/figcaption><\/figure><\/blockquote>\n<p>Durante os debates sobre a forma\u00e7\u00e3o de uma corte permanente de justi\u00e7a internacional, Rui Barbosa enfrentou corajosamente os representantes das grandes pot\u00eancias <b>\u2014<\/b> Inglaterra, Alemanha e Estados Unidos <b>\u2014<\/b>, que propunham a cria\u00e7\u00e3o de um Tribunal de Arbitramento formado pelas na\u00e7\u00f5es mais fortes. Sustentou que a escolha dos pa\u00edses segundo crit\u00e9rios que levassem em conta o poderio militar estimularia uma corrida armamentista, direcionando o curso pol\u00edtico do mundo para a guerra, o que contrariava os objetivos daquele encontro.<\/p>\n<p>Rui foi al\u00e9m, provocando impasse nas discuss\u00f5es ao apresentar a tese de que, perante a ordem jur\u00eddica internacional, todos os Estados s\u00e3o iguais e soberanos. Fortes ou fracos, ricos ou pobres, grandes ou pequenos, o que estava em jogo era a igualdade e a soberania.<\/p>\n<h3>&#8211; Durante a Primeira Guerra Mundial, em 1916,<\/h3>\n<p>Rui foi novamente nomeado embaixador para representar o Brasil nas comemora\u00e7\u00f5es do primeiro centen\u00e1rio da independ\u00eancia da Argentina. Na Faculdade de Direito e Ci\u00eancias Sociais de Buenos Aires, proferiu a confer\u00eancia \u201cO dever dos neutros\u201d ou \u201cOs conceitos modernos do Direito Internacional\u201d, onde protestou contra a neutralidade inerte e surda-muda dos pa\u00edses impass\u00edveis diante das atrocidades da guerra e apregoou como princ\u00edpio verdadeiro o da \u201cneutralidade vigilante e judicativa\u201d. Rui observou a exist\u00eancia de \u201cna\u00e7\u00f5es de presa\u201d e de \u201cna\u00e7\u00f5es de pasto\u201d e registrou sua indigna\u00e7\u00e3o com o conceito de \u201cguerra preventiva\u201d, ainda utilizado pelas na\u00e7\u00f5es &#8220;de presa&#8221;, como os EUA em 2003, para justificar a segunda guerra contra\u00a0o\u00a0Iraque.<\/p>\n<p><a href=\"https:\/\/100anossemrui.casaruibarbosa.gov.br\/?page_id=598\" target=\"_blank\" rel=\"noopener\"><img decoding=\"async\" class=\"alignnone size-full wp-image-579\" src=\"https:\/\/100anossemrui.casaruibarbosa.gov.br\/wp-content\/uploads\/2023\/10\/liberati.png\" alt=\"\" width=\"50\" height=\"50\" \/><\/a>&gt; Trechos de &#8220;Os Conceitos Modernos do Direito Internacional&#8221;<\/p>\n<p>&nbsp;<\/p>\n<h3>Rui, a reforma constitucional e a quest\u00e3o social<\/h3>\n<p>Durante a segunda campanha eleitoral \u00e0 presid\u00eancia em 1919, Rui realiza com\u00edcios e confer\u00eancias, propondo reforma da Constitui\u00e7\u00e3o e defesa da quest\u00e3o social. Em 20 de mar\u00e7o desse ano, na confer\u00eancia &#8220;A quest\u00e3o social e pol\u00edtica, no Brasil&#8221;, afirma que as constitui\u00e7\u00f5es &#8220;s\u00e3o consequ\u00eancias da irresist\u00edvel evolu\u00e7\u00e3o econ\u00f4mica do mundo [&#8230;]. A inflexibilidade individualista dessas cartas, imortais, mas n\u00e3o imut\u00e1veis, alguma coisa tem de ceder ao sopro da socializa\u00e7\u00e3o, que agita o mundo.&#8221; [<em>Campanha presidencial<\/em>. Rio de Janeiro: Minist\u00e9rio da Educa\u00e7\u00e3o e Cultura, 1956. p. 119-120. (Obras Completas de Rui Barbosa, vol. 46, 1919, t. 1).]<\/p>\n<p>Sobre isso, Josaphat Marinho em <em>Rui Barbosa: valores da personalidade e da obra<\/em> (2001, p. 12-13), comenta: &#8220;O talento inquieto e o estudo incessante impeliam-no, com frequ\u00eancia, a divisar o futuro, rompendo as peias do conservadorismo, desprezando o direito estabelecido em busca do direito em forma\u00e7\u00e3o. N\u00e3o obstante ter sido o art\u00edfice principal da Constitui\u00e7\u00e3o de 1891, sustentou, at\u00e9 com sacrif\u00edcio de posi\u00e7\u00f5es pol\u00edticas, a necessidade de reforma de seu texto, \u00e0 base de falhas encontradas ou para impedir os erros praticados \u00e0 sua sombra. [&#8230;] Visava \u00e0 atualidade do conhecimento e da norma, e n\u00e3o \u00e0 sua petrifica\u00e7\u00e3o.&#8221;<\/p>\n<p>Durante essa confer\u00eancia, Rui abordou a quest\u00e3o social. Pela primeira vez, um pol\u00edtico de sua envergadura abordava em uma plataforma eleitoral o problema da concilia\u00e7\u00e3o entre capital e trabalho. &#8220;Trabalho e capital n\u00e3o s\u00e3o entidades estranhas uma \u00e0 outra, que lucrem, de qualquer modo, em se hostilizar mutuamente. Assim como do trabalho depende o capital, assim, e na mesma propor\u00e7\u00e3o, do capital depende o trabalho. S\u00e3o as metades que, reciprocamente, se inteiram de um organismo, cujos dois elementos viventes n\u00e3o se podem separar sem se destru\u00edrem.&#8221; [<em>Campanha presidencial<\/em>. Rio de Janeiro: Minist\u00e9rio da Educa\u00e7\u00e3o e Cultura, 1956. p. 118-119. (Obras Completas de Rui Barbosa, vol. 46, 1919, t. 1).]<\/p>\n<p>Pode-se observar a modernidade do pensamento de Rui pela sua plataforma eleitoral: s\u00e3o propostas que somente come\u00e7aram a se concretizar duas d\u00e9cadas ap\u00f3s e muitas delas at\u00e9 hoje n\u00e3o foram plenamente atendidas.<\/p>\n<p>A quest\u00e3o social na plataforma eleitoral de Rui Barbosa:<\/p>\n<blockquote>\n<blockquote>\n<div align=\"left\"><strong><span style=\"color: #000000;\">1<\/span>\u00a0Constru\u00e7\u00e3o de casas para oper\u00e1rios<br \/>\n<span style=\"color: #000000;\">2<\/span>\u00a0Prote\u00e7\u00e3o ao trabalho de menores<br \/>\n<span style=\"color: #000000;\">3<\/span>\u00a0Limita\u00e7\u00e3o das jornadas, em especial do trabalho noturno<br \/>\n<span style=\"color: #000000;\">4<\/span> Igualdade salarial para ambos os sexos<br \/>\n<span style=\"color: #000000;\">5<\/span>\u00a0Amparo \u00e0 m\u00e3e oper\u00e1ria e \u00e0 gestante; licen\u00e7a maternidade<br \/>\n<span style=\"color: #000000;\">6<\/span>\u00a0Indeniza\u00e7\u00e3o para acidentes de trabalho<br \/>\n<span style=\"color: #000000;\">7<\/span>\u00a0Legaliza\u00e7\u00e3o do trabalho agr\u00edcola<br \/>\n<span style=\"color: #000000;\">8<\/span>\u00a0Seguro previdenci\u00e1rio.<\/strong><\/div>\n<\/blockquote>\n<\/blockquote>\n<p>Pode-se finalizar com a an\u00e1lise na obra citada, do advogado e professor Josaphat Marinho: &#8220;[&#8230;] toda a obra intelectual de Rui Barbosa, elaborada entre combates, repousa no esp\u00edrito das leis e visa \u00e0 defesa de direitos individuais, pol\u00edticos e sociais. Sobrevive, \u00e9 atual, precisamente porque se insere no quadro educativo de prote\u00e7\u00e3o dos direitos humanos, sem exclus\u00e3o nem preconceito.&#8221; (p. 24)<\/p>\n","protected":false},"excerpt":{"rendered":"<p>100 anos depois&#8230; &nbsp; Pensamento Rui Barbosa na atualidade &nbsp; Cem anos ap\u00f3s seu falecimento, pode-se constatar que ideias e propostas de Rui est\u00e3o atuais e alguns problemas da sociedade brasileira, por ele apontados, ainda esperam solu\u00e7\u00e3o. &nbsp; A escravid\u00e3o e a quest\u00e3o rural Rui se preocupou, desde a juventude, com a causa abolicionista. Prop\u00f4s [&hellip;]<\/p>\n","protected":false},"author":1,"featured_media":0,"parent":0,"menu_order":0,"comment_status":"closed","ping_status":"closed","template":"","meta":{"footnotes":""},"class_list":["post-28","page","type-page","status-publish","hentry"],"_links":{"self":[{"href":"https:\/\/100anossemrui.casaruibarbosa.gov.br\/index.php?rest_route=\/wp\/v2\/pages\/28","targetHints":{"allow":["GET"]}}],"collection":[{"href":"https:\/\/100anossemrui.casaruibarbosa.gov.br\/index.php?rest_route=\/wp\/v2\/pages"}],"about":[{"href":"https:\/\/100anossemrui.casaruibarbosa.gov.br\/index.php?rest_route=\/wp\/v2\/types\/page"}],"author":[{"embeddable":true,"href":"https:\/\/100anossemrui.casaruibarbosa.gov.br\/index.php?rest_route=\/wp\/v2\/users\/1"}],"replies":[{"embeddable":true,"href":"https:\/\/100anossemrui.casaruibarbosa.gov.br\/index.php?rest_route=%2Fwp%2Fv2%2Fcomments&post=28"}],"version-history":[{"count":27,"href":"https:\/\/100anossemrui.casaruibarbosa.gov.br\/index.php?rest_route=\/wp\/v2\/pages\/28\/revisions"}],"predecessor-version":[{"id":751,"href":"https:\/\/100anossemrui.casaruibarbosa.gov.br\/index.php?rest_route=\/wp\/v2\/pages\/28\/revisions\/751"}],"wp:attachment":[{"href":"https:\/\/100anossemrui.casaruibarbosa.gov.br\/index.php?rest_route=%2Fwp%2Fv2%2Fmedia&parent=28"}],"curies":[{"name":"wp","href":"https:\/\/api.w.org\/{rel}","templated":true}]}}