{"id":30,"date":"2023-10-18T14:23:02","date_gmt":"2023-10-18T17:23:02","guid":{"rendered":"https:\/\/100anossemrui.casaruibarbosa.gov.br\/?page_id=30"},"modified":"2023-10-31T18:42:28","modified_gmt":"2023-10-31T21:42:28","slug":"exposicao-comemorativa","status":"publish","type":"page","link":"https:\/\/100anossemrui.casaruibarbosa.gov.br\/?page_id=30","title":{"rendered":"Mostras comemorativas"},"content":{"rendered":"<h1>100 anos depois&#8230;<\/h1>\n<p>&nbsp;<\/p>\n<h3>Mostras comemorativas<\/h3>\n<p>&nbsp;<\/p>\n<p><strong>Adeus, Conselheiro: 100 anos sem Rui Barbosa<\/strong><\/p>\n<p>Mostra realizada no e pelo Museu da Funda\u00e7\u00e3o Casa de Rui Barbosa. De 24 de mar\u00e7o a 23 de junho de 2023.<\/p>\n<p>Na noite de 1 de mar\u00e7o de 1923, Rui Barbosa, ent\u00e3o com 73 anos, morre na sua casa em Petr\u00f3polis. O corpo \u00e9 levado num trem especial para o Rio de Janeiro e permanece em c\u00e2mara-ardente na Biblioteca Nacional. Decretado luto oficial de tr\u00eas dias, aquele homem que jamais lograra ocupar o posto supremo da Na\u00e7\u00e3o recebe honras de chefe de Estado. Nos ombros do povo o esquife seguiu para o cemit\u00e9rio S\u00e3o Jo\u00e3o Batista, onde foi sepultado. Em 1949 seus restos mortais foram trasladados para o Tribunal de Justi\u00e7a da Bahia, em Salvador \u2013 hoje F\u00f3rum Rui Barbosa.<\/p>\n<div id=\"envira-gallery-wrap-489\" class=\"envira-gallery-wrap envira-gallery-theme-base envira-lightbox-theme-base\" itemscope itemtype=\"https:\/\/schema.org\/ImageGallery\"><div data-row-height=\"150\" data-gallery-theme=\"normal\" id=\"envira-gallery-489\" class=\"envira-gallery-public envira-gallery-justified-public envira-gallery-0-columns envira-clear enviratope envira-gallery-css-animations\" data-envira-columns=\"0\"><div id=\"envira-gallery-item-490\" class=\"envira-gallery-item enviratope-item envira-gallery-item-1 envira-lazy-load\" style=\"padding-left: 5px; padding-bottom: 10px; padding-right: 5px;\"  itemscope itemtype=\"https:\/\/schema.org\/ImageObject\"><div class=\"envira-gallery-item-inner\"><div class=\"envira-gallery-position-overlay  envira-gallery-top-left\"><\/div><div class=\"envira-gallery-position-overlay  envira-gallery-top-right\"><\/div><div class=\"envira-gallery-position-overlay  envira-gallery-bottom-left\"><\/div><div class=\"envira-gallery-position-overlay  envira-gallery-bottom-right\"><\/div><a href=\"https:\/\/100anossemrui.casaruibarbosa.gov.br\/wp-content\/uploads\/2023\/10\/image001.jpg\" class=\"envira-gallery-489 envira-gallery-link\" rel=\"enviragallery489\" title=\"\" data-envira-caption=\"\" data-envira-retina=\"\" data-thumbnail=\"\"  itemprop=\"contentUrl\"><img decoding=\"async\" id=\"envira-gallery-image-490\" class=\"envira-gallery-image envira-gallery-image-1 envira-normal envira-lazy\" data-envira-index=\"1\" src=\"https:\/\/100anossemrui.casaruibarbosa.gov.br\/wp-content\/uploads\/2023\/10\/image001-640x480.jpg\" data-envira-src=\"https:\/\/100anossemrui.casaruibarbosa.gov.br\/wp-content\/uploads\/2023\/10\/image001-640x480.jpg\" data-envira-gallery-id=\"489\" data-envira-item-id=\"490\" data-envira-caption=\"\" alt=\"\" title=\"\"  itemprop=\"thumbnailUrl\" data-envira-srcset=\"https:\/\/100anossemrui.casaruibarbosa.gov.br\/wp-content\/uploads\/2023\/10\/image001-640x480.jpg 400w,https:\/\/100anossemrui.casaruibarbosa.gov.br\/wp-content\/uploads\/2023\/10\/image001-640x480.jpg 2x\" data-envira-width=\"300\" data-envira-height=\"212\" srcset=\"data:image\/gif;base64,R0lGODlhAQABAIAAAP\/\/\/\/\/\/\/yH5BAEKAAEALAAAAAABAAEAAAICTAEAOw==\" data-safe-src=\"data:image\/gif;base64,R0lGODlhAQABAIAAAP\/\/\/\/\/\/\/yH5BAEKAAEALAAAAAABAAEAAAICTAEAOw==\" \/><\/a><\/div><\/div><div id=\"envira-gallery-item-495\" class=\"envira-gallery-item enviratope-item envira-gallery-item-2 envira-lazy-load\" style=\"padding-left: 5px; padding-bottom: 10px; padding-right: 5px;\"  itemscope itemtype=\"https:\/\/schema.org\/ImageObject\"><div class=\"envira-gallery-item-inner\"><div class=\"envira-gallery-position-overlay  envira-gallery-top-left\"><\/div><div class=\"envira-gallery-position-overlay  envira-gallery-top-right\"><\/div><div class=\"envira-gallery-position-overlay  envira-gallery-bottom-left\"><\/div><div class=\"envira-gallery-position-overlay  envira-gallery-bottom-right\"><\/div><a href=\"https:\/\/100anossemrui.casaruibarbosa.gov.br\/wp-content\/uploads\/2023\/10\/image006.jpg\" class=\"envira-gallery-489 envira-gallery-link\" rel=\"enviragallery489\" title=\"Bandeira que envolveu o ata\u00fade de Rui Barbosa quando da vinda de seu corpo de Petr\u00f3polis para o Rio de Janeiro, em 1923\" data-envira-caption=\"Bandeira que envolveu o ata\u00fade de Rui Barbosa quando da vinda de seu corpo de Petr\u00f3polis para o Rio de Janeiro, em 1923\" data-envira-retina=\"\" data-thumbnail=\"\"  itemprop=\"contentUrl\"><img decoding=\"async\" id=\"envira-gallery-image-495\" class=\"envira-gallery-image envira-gallery-image-2 envira-normal envira-lazy\" data-envira-index=\"2\" src=\"https:\/\/100anossemrui.casaruibarbosa.gov.br\/wp-content\/uploads\/2023\/10\/image006-1024x683-640x480.jpg\" data-envira-src=\"https:\/\/100anossemrui.casaruibarbosa.gov.br\/wp-content\/uploads\/2023\/10\/image006-1024x683-640x480.jpg\" data-envira-gallery-id=\"489\" data-envira-item-id=\"495\" data-envira-caption=\"Bandeira que envolveu o ata\u00fade de Rui Barbosa quando da vinda de seu corpo de Petr\u00f3polis para o Rio de Janeiro, em 1923\" alt=\"Bandeira que envolveu o ata\u00fade de Rui Barbosa quando da vinda de seu corpo de Petr\u00f3polis para o Rio de Janeiro, em 1923\" title=\"Bandeira que envolveu o ata\u00fade de Rui Barbosa quando da vinda de seu corpo de Petr\u00f3polis para o Rio de Janeiro, em 1923\"  itemprop=\"thumbnailUrl\" data-envira-srcset=\"https:\/\/100anossemrui.casaruibarbosa.gov.br\/wp-content\/uploads\/2023\/10\/image006-1024x683-640x480.jpg 400w,https:\/\/100anossemrui.casaruibarbosa.gov.br\/wp-content\/uploads\/2023\/10\/image006-1024x683-640x480.jpg 2x\" data-envira-width=\"300\" data-envira-height=\"200\" srcset=\"data:image\/gif;base64,R0lGODlhAQABAIAAAP\/\/\/\/\/\/\/yH5BAEKAAEALAAAAAABAAEAAAICTAEAOw==\" data-safe-src=\"data:image\/gif;base64,R0lGODlhAQABAIAAAP\/\/\/\/\/\/\/yH5BAEKAAEALAAAAAABAAEAAAICTAEAOw==\" \/><\/a><\/div><\/div><div id=\"envira-gallery-item-496\" class=\"envira-gallery-item enviratope-item envira-gallery-item-3 envira-lazy-load\" style=\"padding-left: 5px; padding-bottom: 10px; padding-right: 5px;\"  itemscope itemtype=\"https:\/\/schema.org\/ImageObject\"><div class=\"envira-gallery-item-inner\"><div class=\"envira-gallery-position-overlay  envira-gallery-top-left\"><\/div><div class=\"envira-gallery-position-overlay  envira-gallery-top-right\"><\/div><div class=\"envira-gallery-position-overlay  envira-gallery-bottom-left\"><\/div><div class=\"envira-gallery-position-overlay  envira-gallery-bottom-right\"><\/div><a href=\"https:\/\/100anossemrui.casaruibarbosa.gov.br\/wp-content\/uploads\/2023\/10\/image007.jpg\" class=\"envira-gallery-489 envira-gallery-link\" rel=\"enviragallery489\" title=\"Bandeira que cobriu o esquife de Rui Barbosa da Biblioteca Nacional ao Cemit\u00e9rio S\u00e3o Jo\u00e3o Batista\" data-envira-caption=\"Bandeira que cobriu o esquife de Rui Barbosa da Biblioteca Nacional ao Cemit\u00e9rio S\u00e3o Jo\u00e3o Batista\" data-envira-retina=\"\" data-thumbnail=\"\"  itemprop=\"contentUrl\"><img decoding=\"async\" id=\"envira-gallery-image-496\" class=\"envira-gallery-image envira-gallery-image-3 envira-normal envira-lazy\" data-envira-index=\"3\" src=\"https:\/\/100anossemrui.casaruibarbosa.gov.br\/wp-content\/uploads\/2023\/10\/image007-1024x683-640x480.jpg\" data-envira-src=\"https:\/\/100anossemrui.casaruibarbosa.gov.br\/wp-content\/uploads\/2023\/10\/image007-1024x683-640x480.jpg\" data-envira-gallery-id=\"489\" data-envira-item-id=\"496\" data-envira-caption=\"Bandeira que cobriu o esquife de Rui Barbosa da Biblioteca Nacional ao Cemit\u00e9rio S\u00e3o Jo\u00e3o Batista\" alt=\"Bandeira que cobriu o esquife de Rui Barbosa da Biblioteca Nacional ao Cemit\u00e9rio S\u00e3o Jo\u00e3o Batista\" title=\"Bandeira que cobriu o esquife de Rui Barbosa da Biblioteca Nacional ao Cemit\u00e9rio S\u00e3o Jo\u00e3o Batista\"  itemprop=\"thumbnailUrl\" data-envira-srcset=\"https:\/\/100anossemrui.casaruibarbosa.gov.br\/wp-content\/uploads\/2023\/10\/image007-1024x683-640x480.jpg 400w,https:\/\/100anossemrui.casaruibarbosa.gov.br\/wp-content\/uploads\/2023\/10\/image007-1024x683-640x480.jpg 2x\" data-envira-width=\"300\" data-envira-height=\"200\" srcset=\"data:image\/gif;base64,R0lGODlhAQABAIAAAP\/\/\/\/\/\/\/yH5BAEKAAEALAAAAAABAAEAAAICTAEAOw==\" data-safe-src=\"data:image\/gif;base64,R0lGODlhAQABAIAAAP\/\/\/\/\/\/\/yH5BAEKAAEALAAAAAABAAEAAAICTAEAOw==\" \/><\/a><\/div><\/div><div id=\"envira-gallery-item-491\" class=\"envira-gallery-item enviratope-item envira-gallery-item-4 envira-lazy-load\" style=\"padding-left: 5px; padding-bottom: 10px; padding-right: 5px;\"  itemscope itemtype=\"https:\/\/schema.org\/ImageObject\"><div class=\"envira-gallery-item-inner\"><div class=\"envira-gallery-position-overlay  envira-gallery-top-left\"><\/div><div class=\"envira-gallery-position-overlay  envira-gallery-top-right\"><\/div><div class=\"envira-gallery-position-overlay  envira-gallery-bottom-left\"><\/div><div class=\"envira-gallery-position-overlay  envira-gallery-bottom-right\"><\/div><a href=\"https:\/\/100anossemrui.casaruibarbosa.gov.br\/wp-content\/uploads\/2023\/10\/image002.jpg\" class=\"envira-gallery-489 envira-gallery-link\" rel=\"enviragallery489\" title=\"Ata\u00fade que cont\u00e9m a m\u00e1scara mortu\u00e1ria de Rui Barbosa, ladeado pelas duas bandeiras do Brasil\" data-envira-caption=\"Ata\u00fade que cont\u00e9m a m\u00e1scara mortu\u00e1ria de Rui Barbosa, ladeado pelas duas bandeiras do Brasil\" data-envira-retina=\"\" data-thumbnail=\"\"  itemprop=\"contentUrl\"><img decoding=\"async\" id=\"envira-gallery-image-491\" class=\"envira-gallery-image envira-gallery-image-4 envira-normal envira-lazy\" data-envira-index=\"4\" src=\"https:\/\/100anossemrui.casaruibarbosa.gov.br\/wp-content\/uploads\/2023\/10\/image002-1024x683-640x480.jpg\" data-envira-src=\"https:\/\/100anossemrui.casaruibarbosa.gov.br\/wp-content\/uploads\/2023\/10\/image002-1024x683-640x480.jpg\" data-envira-gallery-id=\"489\" data-envira-item-id=\"491\" data-envira-caption=\"Ata\u00fade que cont\u00e9m a m\u00e1scara mortu\u00e1ria de Rui Barbosa, ladeado pelas duas bandeiras do Brasil\" alt=\"Ata\u00fade que cont\u00e9m a m\u00e1scara mortu\u00e1ria de Rui Barbosa, ladeado pelas duas bandeiras do Brasil\" title=\"Ata\u00fade que cont\u00e9m a m\u00e1scara mortu\u00e1ria de Rui Barbosa, ladeado pelas duas bandeiras do Brasil\"  itemprop=\"thumbnailUrl\" data-envira-srcset=\"https:\/\/100anossemrui.casaruibarbosa.gov.br\/wp-content\/uploads\/2023\/10\/image002-1024x683-640x480.jpg 400w,https:\/\/100anossemrui.casaruibarbosa.gov.br\/wp-content\/uploads\/2023\/10\/image002-1024x683-640x480.jpg 2x\" data-envira-width=\"300\" data-envira-height=\"200\" srcset=\"data:image\/gif;base64,R0lGODlhAQABAIAAAP\/\/\/\/\/\/\/yH5BAEKAAEALAAAAAABAAEAAAICTAEAOw==\" data-safe-src=\"data:image\/gif;base64,R0lGODlhAQABAIAAAP\/\/\/\/\/\/\/yH5BAEKAAEALAAAAAABAAEAAAICTAEAOw==\" \/><\/a><\/div><\/div><div id=\"envira-gallery-item-493\" class=\"envira-gallery-item enviratope-item envira-gallery-item-5 envira-lazy-load\" style=\"padding-left: 5px; padding-bottom: 10px; padding-right: 5px;\"  itemscope itemtype=\"https:\/\/schema.org\/ImageObject\"><div class=\"envira-gallery-item-inner\"><div class=\"envira-gallery-position-overlay  envira-gallery-top-left\"><\/div><div class=\"envira-gallery-position-overlay  envira-gallery-top-right\"><\/div><div class=\"envira-gallery-position-overlay  envira-gallery-bottom-left\"><\/div><div class=\"envira-gallery-position-overlay  envira-gallery-bottom-right\"><\/div><a href=\"https:\/\/100anossemrui.casaruibarbosa.gov.br\/wp-content\/uploads\/2023\/10\/image004.jpg\" class=\"envira-gallery-489 envira-gallery-link\" rel=\"enviragallery489\" title=\"Ata\u00fade que cont\u00e9m a m\u00e1scara mortu\u00e1ria de Rui Barbosa, ladeado pelas duas bandeiras do Brasil\" data-envira-caption=\"Ata\u00fade que cont\u00e9m a m\u00e1scara mortu\u00e1ria de Rui Barbosa, ladeado pelas duas bandeiras do Brasil\" data-envira-retina=\"\" data-thumbnail=\"\"  itemprop=\"contentUrl\"><img decoding=\"async\" id=\"envira-gallery-image-493\" class=\"envira-gallery-image envira-gallery-image-5 envira-normal envira-lazy\" data-envira-index=\"5\" src=\"https:\/\/100anossemrui.casaruibarbosa.gov.br\/wp-content\/uploads\/2023\/10\/image004-1024x683-640x480.jpg\" data-envira-src=\"https:\/\/100anossemrui.casaruibarbosa.gov.br\/wp-content\/uploads\/2023\/10\/image004-1024x683-640x480.jpg\" data-envira-gallery-id=\"489\" data-envira-item-id=\"493\" data-envira-caption=\"Ata\u00fade que cont\u00e9m a m\u00e1scara mortu\u00e1ria de Rui Barbosa, ladeado pelas duas bandeiras do Brasil\" alt=\"Ata\u00fade que cont\u00e9m a m\u00e1scara mortu\u00e1ria de Rui Barbosa, ladeado pelas duas bandeiras do Brasil\" title=\"Ata\u00fade que cont\u00e9m a m\u00e1scara mortu\u00e1ria de Rui Barbosa, ladeado pelas duas bandeiras do Brasil\"  itemprop=\"thumbnailUrl\" data-envira-srcset=\"https:\/\/100anossemrui.casaruibarbosa.gov.br\/wp-content\/uploads\/2023\/10\/image004-1024x683-640x480.jpg 400w,https:\/\/100anossemrui.casaruibarbosa.gov.br\/wp-content\/uploads\/2023\/10\/image004-1024x683-640x480.jpg 2x\" data-envira-width=\"300\" data-envira-height=\"200\" srcset=\"data:image\/gif;base64,R0lGODlhAQABAIAAAP\/\/\/\/\/\/\/yH5BAEKAAEALAAAAAABAAEAAAICTAEAOw==\" data-safe-src=\"data:image\/gif;base64,R0lGODlhAQABAIAAAP\/\/\/\/\/\/\/yH5BAEKAAEALAAAAAABAAEAAAICTAEAOw==\" \/><\/a><\/div><\/div><div id=\"envira-gallery-item-492\" class=\"envira-gallery-item enviratope-item envira-gallery-item-6 envira-lazy-load\" style=\"padding-left: 5px; padding-bottom: 10px; padding-right: 5px;\"  itemscope itemtype=\"https:\/\/schema.org\/ImageObject\"><div class=\"envira-gallery-item-inner\"><div class=\"envira-gallery-position-overlay  envira-gallery-top-left\"><\/div><div class=\"envira-gallery-position-overlay  envira-gallery-top-right\"><\/div><div class=\"envira-gallery-position-overlay  envira-gallery-bottom-left\"><\/div><div class=\"envira-gallery-position-overlay  envira-gallery-bottom-right\"><\/div><a href=\"https:\/\/100anossemrui.casaruibarbosa.gov.br\/wp-content\/uploads\/2023\/10\/image003.jpg\" class=\"envira-gallery-489 envira-gallery-link\" rel=\"enviragallery489\" title=\"\" data-envira-caption=\"\" data-envira-retina=\"\" data-thumbnail=\"\"  itemprop=\"contentUrl\"><img decoding=\"async\" id=\"envira-gallery-image-492\" class=\"envira-gallery-image envira-gallery-image-6 envira-normal envira-lazy\" data-envira-index=\"6\" src=\"https:\/\/100anossemrui.casaruibarbosa.gov.br\/wp-content\/uploads\/2023\/10\/image003-1024x683-640x480.jpg\" data-envira-src=\"https:\/\/100anossemrui.casaruibarbosa.gov.br\/wp-content\/uploads\/2023\/10\/image003-1024x683-640x480.jpg\" data-envira-gallery-id=\"489\" data-envira-item-id=\"492\" data-envira-caption=\"\" alt=\"\" title=\"\"  itemprop=\"thumbnailUrl\" data-envira-srcset=\"https:\/\/100anossemrui.casaruibarbosa.gov.br\/wp-content\/uploads\/2023\/10\/image003-1024x683-640x480.jpg 400w,https:\/\/100anossemrui.casaruibarbosa.gov.br\/wp-content\/uploads\/2023\/10\/image003-1024x683-640x480.jpg 2x\" data-envira-width=\"300\" data-envira-height=\"200\" srcset=\"data:image\/gif;base64,R0lGODlhAQABAIAAAP\/\/\/\/\/\/\/yH5BAEKAAEALAAAAAABAAEAAAICTAEAOw==\" data-safe-src=\"data:image\/gif;base64,R0lGODlhAQABAIAAAP\/\/\/\/\/\/\/yH5BAEKAAEALAAAAAABAAEAAAICTAEAOw==\" \/><\/a><\/div><\/div><div id=\"envira-gallery-item-497\" class=\"envira-gallery-item enviratope-item envira-gallery-item-7 envira-lazy-load\" style=\"padding-left: 5px; padding-bottom: 10px; padding-right: 5px;\"  itemscope itemtype=\"https:\/\/schema.org\/ImageObject\"><div class=\"envira-gallery-item-inner\"><div class=\"envira-gallery-position-overlay  envira-gallery-top-left\"><\/div><div class=\"envira-gallery-position-overlay  envira-gallery-top-right\"><\/div><div class=\"envira-gallery-position-overlay  envira-gallery-bottom-left\"><\/div><div class=\"envira-gallery-position-overlay  envira-gallery-bottom-right\"><\/div><a href=\"https:\/\/100anossemrui.casaruibarbosa.gov.br\/wp-content\/uploads\/2023\/10\/image008.jpg\" class=\"envira-gallery-489 envira-gallery-link\" rel=\"enviragallery489\" title=\"M\u00e1scara mortu\u00e1ria de Rui Barbosa, em bronze. \u00c0 frente da m\u00e1scara, p\u00e9tala de flor de L\u00f3tus do enterro. \u00c0 esquerda, a bandeira que cobriu o esquife de Rui Barbosa da Biblioteca Nacional ao Cemit\u00e9rio S\u00e3o Jo\u00e3o Batista. E, \u00e0 direita, bandeira que envolveu o ata\u00fade de Rui Barbosa quando da vinda de seu corpo de Petr\u00f3polis para o Rio de Janeiro, em 1923.\" data-envira-caption=\"M\u00e1scara mortu\u00e1ria de Rui Barbosa, em bronze. \u00c0 frente da m\u00e1scara, p\u00e9tala de flor de L\u00f3tus do enterro. \u00c0 esquerda, a bandeira que cobriu o esquife de Rui Barbosa da Biblioteca Nacional ao Cemit\u00e9rio S\u00e3o Jo\u00e3o Batista. E, \u00e0 direita, bandeira que envolveu o ata\u00fade de Rui Barbosa quando da vinda de seu corpo de Petr\u00f3polis para o Rio de Janeiro, em 1923.\" data-envira-retina=\"\" data-thumbnail=\"\"  itemprop=\"contentUrl\"><img decoding=\"async\" id=\"envira-gallery-image-497\" class=\"envira-gallery-image envira-gallery-image-7 envira-normal envira-lazy\" data-envira-index=\"7\" src=\"https:\/\/100anossemrui.casaruibarbosa.gov.br\/wp-content\/uploads\/2023\/10\/image008-1024x683-640x480.jpg\" data-envira-src=\"https:\/\/100anossemrui.casaruibarbosa.gov.br\/wp-content\/uploads\/2023\/10\/image008-1024x683-640x480.jpg\" data-envira-gallery-id=\"489\" data-envira-item-id=\"497\" data-envira-caption=\"M\u00e1scara mortu\u00e1ria de Rui Barbosa, em bronze. \u00c0 frente da m\u00e1scara, p\u00e9tala de flor de L\u00f3tus do enterro. \u00c0 esquerda, a bandeira que cobriu o esquife de Rui Barbosa da Biblioteca Nacional ao Cemit\u00e9rio S\u00e3o Jo\u00e3o Batista. E, \u00e0 direita, bandeira que envolveu o ata\u00fade de Rui Barbosa quando da vinda de seu corpo de Petr\u00f3polis para o Rio de Janeiro, em 1923.\" alt=\"M\u00e1scara mortu\u00e1ria de Rui Barbosa, em bronze. \u00c0 frente da m\u00e1scara, p\u00e9tala de flor de L\u00f3tus do enterro. \u00c0 esquerda, a bandeira que cobriu o esquife de Rui Barbosa da Biblioteca Nacional ao Cemit\u00e9rio S\u00e3o Jo\u00e3o Batista. E, \u00e0 direita, bandeira que envolveu o ata\u00fade de Rui Barbosa quando da vinda de seu corpo de Petr\u00f3polis para o Rio de Janeiro, em 1923.\" title=\"M\u00e1scara mortu\u00e1ria de Rui Barbosa, em bronze. \u00c0 frente da m\u00e1scara, p\u00e9tala de flor de L\u00f3tus do enterro. \u00c0 esquerda, a bandeira que cobriu o esquife de Rui Barbosa da Biblioteca Nacional ao Cemit\u00e9rio S\u00e3o Jo\u00e3o Batista. E, \u00e0 direita, bandeira que envolveu o ata\u00fade de Rui Barbosa quando da vinda de seu corpo de Petr\u00f3polis para o Rio de Janeiro, em 1923.\"  itemprop=\"thumbnailUrl\" data-envira-srcset=\"https:\/\/100anossemrui.casaruibarbosa.gov.br\/wp-content\/uploads\/2023\/10\/image008-1024x683-640x480.jpg 400w,https:\/\/100anossemrui.casaruibarbosa.gov.br\/wp-content\/uploads\/2023\/10\/image008-1024x683-640x480.jpg 2x\" data-envira-width=\"300\" data-envira-height=\"200\" srcset=\"data:image\/gif;base64,R0lGODlhAQABAIAAAP\/\/\/\/\/\/\/yH5BAEKAAEALAAAAAABAAEAAAICTAEAOw==\" data-safe-src=\"data:image\/gif;base64,R0lGODlhAQABAIAAAP\/\/\/\/\/\/\/yH5BAEKAAEALAAAAAABAAEAAAICTAEAOw==\" \/><\/a><\/div><\/div><div id=\"envira-gallery-item-499\" class=\"envira-gallery-item enviratope-item envira-gallery-item-8 envira-lazy-load\" style=\"padding-left: 5px; padding-bottom: 10px; padding-right: 5px;\"  itemscope itemtype=\"https:\/\/schema.org\/ImageObject\"><div class=\"envira-gallery-item-inner\"><div class=\"envira-gallery-position-overlay  envira-gallery-top-left\"><\/div><div class=\"envira-gallery-position-overlay  envira-gallery-top-right\"><\/div><div class=\"envira-gallery-position-overlay  envira-gallery-bottom-left\"><\/div><div class=\"envira-gallery-position-overlay  envira-gallery-bottom-right\"><\/div><a href=\"https:\/\/100anossemrui.casaruibarbosa.gov.br\/wp-content\/uploads\/2023\/10\/image010.jpg\" class=\"envira-gallery-489 envira-gallery-link\" rel=\"enviragallery489\" title=\"M\u00e1scara mortu\u00e1ria de Rui Barbosa, em bronze\" data-envira-caption=\"M\u00e1scara mortu\u00e1ria de Rui Barbosa, em bronze\" data-envira-retina=\"\" data-thumbnail=\"\"  itemprop=\"contentUrl\"><img decoding=\"async\" id=\"envira-gallery-image-499\" class=\"envira-gallery-image envira-gallery-image-8 envira-normal envira-lazy\" data-envira-index=\"8\" src=\"https:\/\/100anossemrui.casaruibarbosa.gov.br\/wp-content\/uploads\/2023\/10\/image010-1024x683-640x480.jpg\" data-envira-src=\"https:\/\/100anossemrui.casaruibarbosa.gov.br\/wp-content\/uploads\/2023\/10\/image010-1024x683-640x480.jpg\" data-envira-gallery-id=\"489\" data-envira-item-id=\"499\" data-envira-caption=\"M\u00e1scara mortu\u00e1ria de Rui Barbosa, em bronze\" alt=\"M\u00e1scara mortu\u00e1ria de Rui Barbosa, em bronze\" title=\"M\u00e1scara mortu\u00e1ria de Rui Barbosa, em bronze\"  itemprop=\"thumbnailUrl\" data-envira-srcset=\"https:\/\/100anossemrui.casaruibarbosa.gov.br\/wp-content\/uploads\/2023\/10\/image010-1024x683-640x480.jpg 400w,https:\/\/100anossemrui.casaruibarbosa.gov.br\/wp-content\/uploads\/2023\/10\/image010-1024x683-640x480.jpg 2x\" data-envira-width=\"300\" data-envira-height=\"200\" srcset=\"data:image\/gif;base64,R0lGODlhAQABAIAAAP\/\/\/\/\/\/\/yH5BAEKAAEALAAAAAABAAEAAAICTAEAOw==\" data-safe-src=\"data:image\/gif;base64,R0lGODlhAQABAIAAAP\/\/\/\/\/\/\/yH5BAEKAAEALAAAAAABAAEAAAICTAEAOw==\" \/><\/a><\/div><\/div><div id=\"envira-gallery-item-500\" class=\"envira-gallery-item enviratope-item envira-gallery-item-9 envira-lazy-load\" style=\"padding-left: 5px; padding-bottom: 10px; padding-right: 5px;\"  itemscope itemtype=\"https:\/\/schema.org\/ImageObject\"><div class=\"envira-gallery-item-inner\"><div class=\"envira-gallery-position-overlay  envira-gallery-top-left\"><\/div><div class=\"envira-gallery-position-overlay  envira-gallery-top-right\"><\/div><div class=\"envira-gallery-position-overlay  envira-gallery-bottom-left\"><\/div><div class=\"envira-gallery-position-overlay  envira-gallery-bottom-right\"><\/div><a href=\"https:\/\/100anossemrui.casaruibarbosa.gov.br\/wp-content\/uploads\/2023\/10\/image011.jpg\" class=\"envira-gallery-489 envira-gallery-link\" rel=\"enviragallery489\" title=\"M\u00f3veis que pertenciam ao quarto de Rui Barbosa e dona Maria Augusta na casa de Petr\u00f3polis. Rui Barbosa faleceu nessa cama.\" data-envira-caption=\"M\u00f3veis que pertenciam ao quarto de Rui Barbosa e dona Maria Augusta na casa de Petr\u00f3polis. Rui Barbosa faleceu nessa cama.\" data-envira-retina=\"\" data-thumbnail=\"\"  itemprop=\"contentUrl\"><img decoding=\"async\" id=\"envira-gallery-image-500\" class=\"envira-gallery-image envira-gallery-image-9 envira-normal envira-lazy\" data-envira-index=\"9\" src=\"https:\/\/100anossemrui.casaruibarbosa.gov.br\/wp-content\/uploads\/2023\/10\/image011-1024x683-640x480.jpg\" data-envira-src=\"https:\/\/100anossemrui.casaruibarbosa.gov.br\/wp-content\/uploads\/2023\/10\/image011-1024x683-640x480.jpg\" data-envira-gallery-id=\"489\" data-envira-item-id=\"500\" data-envira-caption=\"M\u00f3veis que pertenciam ao quarto de Rui Barbosa e dona Maria Augusta na casa de Petr\u00f3polis. Rui Barbosa faleceu nessa cama.\" alt=\"M\u00f3veis que pertenciam ao quarto de Rui Barbosa e dona Maria Augusta na casa de Petr\u00f3polis. Rui Barbosa faleceu nessa cama.\" title=\"M\u00f3veis que pertenciam ao quarto de Rui Barbosa e dona Maria Augusta na casa de Petr\u00f3polis. Rui Barbosa faleceu nessa cama.\"  itemprop=\"thumbnailUrl\" data-envira-srcset=\"https:\/\/100anossemrui.casaruibarbosa.gov.br\/wp-content\/uploads\/2023\/10\/image011-1024x683-640x480.jpg 400w,https:\/\/100anossemrui.casaruibarbosa.gov.br\/wp-content\/uploads\/2023\/10\/image011-1024x683-640x480.jpg 2x\" data-envira-width=\"300\" data-envira-height=\"200\" srcset=\"data:image\/gif;base64,R0lGODlhAQABAIAAAP\/\/\/\/\/\/\/yH5BAEKAAEALAAAAAABAAEAAAICTAEAOw==\" data-safe-src=\"data:image\/gif;base64,R0lGODlhAQABAIAAAP\/\/\/\/\/\/\/yH5BAEKAAEALAAAAAABAAEAAAICTAEAOw==\" \/><\/a><\/div><\/div><div id=\"envira-gallery-item-501\" class=\"envira-gallery-item enviratope-item envira-gallery-item-10 envira-lazy-load\" style=\"padding-left: 5px; padding-bottom: 10px; padding-right: 5px;\"  itemscope itemtype=\"https:\/\/schema.org\/ImageObject\"><div class=\"envira-gallery-item-inner\"><div class=\"envira-gallery-position-overlay  envira-gallery-top-left\"><\/div><div class=\"envira-gallery-position-overlay  envira-gallery-top-right\"><\/div><div class=\"envira-gallery-position-overlay  envira-gallery-bottom-left\"><\/div><div class=\"envira-gallery-position-overlay  envira-gallery-bottom-right\"><\/div><a href=\"https:\/\/100anossemrui.casaruibarbosa.gov.br\/wp-content\/uploads\/2023\/10\/image012.jpg\" class=\"envira-gallery-489 envira-gallery-link\" rel=\"enviragallery489\" title=\"M\u00f3veis que pertenciam ao quarto de Rui Barbosa e dona Maria Augusta na casa de Petr\u00f3polis. Rui Barbosa faleceu nessa cama.\" data-envira-caption=\"M\u00f3veis que pertenciam ao quarto de Rui Barbosa e dona Maria Augusta na casa de Petr\u00f3polis. Rui Barbosa faleceu nessa cama.\" data-envira-retina=\"\" data-thumbnail=\"\"  itemprop=\"contentUrl\"><img decoding=\"async\" id=\"envira-gallery-image-501\" class=\"envira-gallery-image envira-gallery-image-10 envira-normal envira-lazy\" data-envira-index=\"10\" src=\"https:\/\/100anossemrui.casaruibarbosa.gov.br\/wp-content\/uploads\/2023\/10\/image012-640x480.jpg\" data-envira-src=\"https:\/\/100anossemrui.casaruibarbosa.gov.br\/wp-content\/uploads\/2023\/10\/image012-640x480.jpg\" data-envira-gallery-id=\"489\" data-envira-item-id=\"501\" data-envira-caption=\"M\u00f3veis que pertenciam ao quarto de Rui Barbosa e dona Maria Augusta na casa de Petr\u00f3polis. Rui Barbosa faleceu nessa cama.\" alt=\"M\u00f3veis que pertenciam ao quarto de Rui Barbosa e dona Maria Augusta na casa de Petr\u00f3polis. Rui Barbosa faleceu nessa cama.\" title=\"M\u00f3veis que pertenciam ao quarto de Rui Barbosa e dona Maria Augusta na casa de Petr\u00f3polis. Rui Barbosa faleceu nessa cama.\"  itemprop=\"thumbnailUrl\" data-envira-srcset=\"https:\/\/100anossemrui.casaruibarbosa.gov.br\/wp-content\/uploads\/2023\/10\/image012-640x480.jpg 400w,https:\/\/100anossemrui.casaruibarbosa.gov.br\/wp-content\/uploads\/2023\/10\/image012-640x480.jpg 2x\" data-envira-width=\"300\" data-envira-height=\"242\" srcset=\"data:image\/gif;base64,R0lGODlhAQABAIAAAP\/\/\/\/\/\/\/yH5BAEKAAEALAAAAAABAAEAAAICTAEAOw==\" data-safe-src=\"data:image\/gif;base64,R0lGODlhAQABAIAAAP\/\/\/\/\/\/\/yH5BAEKAAEALAAAAAABAAEAAAICTAEAOw==\" \/><\/a><\/div><\/div><div id=\"envira-gallery-item-502\" class=\"envira-gallery-item enviratope-item envira-gallery-item-11 envira-lazy-load\" style=\"padding-left: 5px; padding-bottom: 10px; padding-right: 5px;\"  itemscope itemtype=\"https:\/\/schema.org\/ImageObject\"><div class=\"envira-gallery-item-inner\"><div class=\"envira-gallery-position-overlay  envira-gallery-top-left\"><\/div><div class=\"envira-gallery-position-overlay  envira-gallery-top-right\"><\/div><div class=\"envira-gallery-position-overlay  envira-gallery-bottom-left\"><\/div><div class=\"envira-gallery-position-overlay  envira-gallery-bottom-right\"><\/div><a href=\"https:\/\/100anossemrui.casaruibarbosa.gov.br\/wp-content\/uploads\/2023\/10\/image013.jpg\" class=\"envira-gallery-489 envira-gallery-link\" rel=\"enviragallery489\" title=\"\" data-envira-caption=\"\" data-envira-retina=\"\" data-thumbnail=\"\"  itemprop=\"contentUrl\"><img decoding=\"async\" id=\"envira-gallery-image-502\" class=\"envira-gallery-image envira-gallery-image-11 envira-normal envira-lazy\" data-envira-index=\"11\" src=\"https:\/\/100anossemrui.casaruibarbosa.gov.br\/wp-content\/uploads\/2023\/10\/image013-1024x683-640x480.jpg\" data-envira-src=\"https:\/\/100anossemrui.casaruibarbosa.gov.br\/wp-content\/uploads\/2023\/10\/image013-1024x683-640x480.jpg\" data-envira-gallery-id=\"489\" data-envira-item-id=\"502\" data-envira-caption=\"\" alt=\"\" title=\"\"  itemprop=\"thumbnailUrl\" data-envira-srcset=\"https:\/\/100anossemrui.casaruibarbosa.gov.br\/wp-content\/uploads\/2023\/10\/image013-1024x683-640x480.jpg 400w,https:\/\/100anossemrui.casaruibarbosa.gov.br\/wp-content\/uploads\/2023\/10\/image013-1024x683-640x480.jpg 2x\" data-envira-width=\"300\" data-envira-height=\"200\" srcset=\"data:image\/gif;base64,R0lGODlhAQABAIAAAP\/\/\/\/\/\/\/yH5BAEKAAEALAAAAAABAAEAAAICTAEAOw==\" data-safe-src=\"data:image\/gif;base64,R0lGODlhAQABAIAAAP\/\/\/\/\/\/\/yH5BAEKAAEALAAAAAABAAEAAAICTAEAOw==\" \/><\/a><\/div><\/div><div id=\"envira-gallery-item-503\" class=\"envira-gallery-item enviratope-item envira-gallery-item-12 envira-lazy-load\" style=\"padding-left: 5px; padding-bottom: 10px; padding-right: 5px;\"  itemscope itemtype=\"https:\/\/schema.org\/ImageObject\"><div class=\"envira-gallery-item-inner\"><div class=\"envira-gallery-position-overlay  envira-gallery-top-left\"><\/div><div class=\"envira-gallery-position-overlay  envira-gallery-top-right\"><\/div><div class=\"envira-gallery-position-overlay  envira-gallery-bottom-left\"><\/div><div class=\"envira-gallery-position-overlay  envira-gallery-bottom-right\"><\/div><a href=\"https:\/\/100anossemrui.casaruibarbosa.gov.br\/wp-content\/uploads\/2023\/10\/image014.jpg\" class=\"envira-gallery-489 envira-gallery-link\" rel=\"enviragallery489\" title=\"Camisa que Rui Barbosa vestia quando faleceu.\" data-envira-caption=\"Camisa que Rui Barbosa vestia quando faleceu.\" data-envira-retina=\"\" data-thumbnail=\"\"  itemprop=\"contentUrl\"><img decoding=\"async\" id=\"envira-gallery-image-503\" class=\"envira-gallery-image envira-gallery-image-12 envira-normal envira-lazy\" data-envira-index=\"12\" src=\"https:\/\/100anossemrui.casaruibarbosa.gov.br\/wp-content\/uploads\/2023\/10\/image014-1024x657-640x480.jpg\" data-envira-src=\"https:\/\/100anossemrui.casaruibarbosa.gov.br\/wp-content\/uploads\/2023\/10\/image014-1024x657-640x480.jpg\" data-envira-gallery-id=\"489\" data-envira-item-id=\"503\" data-envira-caption=\"Camisa que Rui Barbosa vestia quando faleceu.\" alt=\"Camisa que Rui Barbosa vestia quando faleceu.\" title=\"Camisa que Rui Barbosa vestia quando faleceu.\"  itemprop=\"thumbnailUrl\" data-envira-srcset=\"https:\/\/100anossemrui.casaruibarbosa.gov.br\/wp-content\/uploads\/2023\/10\/image014-1024x657-640x480.jpg 400w,https:\/\/100anossemrui.casaruibarbosa.gov.br\/wp-content\/uploads\/2023\/10\/image014-1024x657-640x480.jpg 2x\" data-envira-width=\"300\" data-envira-height=\"193\" srcset=\"data:image\/gif;base64,R0lGODlhAQABAIAAAP\/\/\/\/\/\/\/yH5BAEKAAEALAAAAAABAAEAAAICTAEAOw==\" data-safe-src=\"data:image\/gif;base64,R0lGODlhAQABAIAAAP\/\/\/\/\/\/\/yH5BAEKAAEALAAAAAABAAEAAAICTAEAOw==\" \/><\/a><\/div><\/div><div id=\"envira-gallery-item-504\" class=\"envira-gallery-item enviratope-item envira-gallery-item-13 envira-lazy-load\" style=\"padding-left: 5px; padding-bottom: 10px; padding-right: 5px;\"  itemscope itemtype=\"https:\/\/schema.org\/ImageObject\"><div class=\"envira-gallery-item-inner\"><div class=\"envira-gallery-position-overlay  envira-gallery-top-left\"><\/div><div class=\"envira-gallery-position-overlay  envira-gallery-top-right\"><\/div><div class=\"envira-gallery-position-overlay  envira-gallery-bottom-left\"><\/div><div class=\"envira-gallery-position-overlay  envira-gallery-bottom-right\"><\/div><a href=\"https:\/\/100anossemrui.casaruibarbosa.gov.br\/wp-content\/uploads\/2023\/10\/image015.jpg\" class=\"envira-gallery-489 envira-gallery-link\" rel=\"enviragallery489\" title=\"Inscri\u00e7\u00e3o: &quot;Com esta camisa no corpo morreu o conselheiro Ruy Barbosa 1-3-1923&quot;\" data-envira-caption=\"Inscri\u00e7\u00e3o: &quot;Com esta camisa no corpo morreu o conselheiro Ruy Barbosa 1-3-1923&quot;\" data-envira-retina=\"\" data-thumbnail=\"\"  itemprop=\"contentUrl\"><img decoding=\"async\" id=\"envira-gallery-image-504\" class=\"envira-gallery-image envira-gallery-image-13 envira-normal envira-lazy\" data-envira-index=\"13\" src=\"https:\/\/100anossemrui.casaruibarbosa.gov.br\/wp-content\/uploads\/2023\/10\/image015-1024x683-640x480.jpg\" data-envira-src=\"https:\/\/100anossemrui.casaruibarbosa.gov.br\/wp-content\/uploads\/2023\/10\/image015-1024x683-640x480.jpg\" data-envira-gallery-id=\"489\" data-envira-item-id=\"504\" data-envira-caption=\"Inscri\u00e7\u00e3o: &quot;Com esta camisa no corpo morreu o conselheiro Ruy Barbosa 1-3-1923&quot;\" alt=\"Inscri\u00e7\u00e3o: &quot;Com esta camisa no corpo morreu o conselheiro Ruy Barbosa 1-3-1923&quot;\" title=\"Inscri\u00e7\u00e3o: &quot;Com esta camisa no corpo morreu o conselheiro Ruy Barbosa 1-3-1923&quot;\"  itemprop=\"thumbnailUrl\" data-envira-srcset=\"https:\/\/100anossemrui.casaruibarbosa.gov.br\/wp-content\/uploads\/2023\/10\/image015-1024x683-640x480.jpg 400w,https:\/\/100anossemrui.casaruibarbosa.gov.br\/wp-content\/uploads\/2023\/10\/image015-1024x683-640x480.jpg 2x\" data-envira-width=\"300\" data-envira-height=\"200\" srcset=\"data:image\/gif;base64,R0lGODlhAQABAIAAAP\/\/\/\/\/\/\/yH5BAEKAAEALAAAAAABAAEAAAICTAEAOw==\" data-safe-src=\"data:image\/gif;base64,R0lGODlhAQABAIAAAP\/\/\/\/\/\/\/yH5BAEKAAEALAAAAAABAAEAAAICTAEAOw==\" \/><\/a><\/div><\/div><\/div><\/div><noscript><img decoding=\"async\" src=\"https:\/\/100anossemrui.casaruibarbosa.gov.br\/wp-content\/uploads\/2023\/10\/image001.jpg\" alt=\"\" \/><img decoding=\"async\" src=\"https:\/\/100anossemrui.casaruibarbosa.gov.br\/wp-content\/uploads\/2023\/10\/image006.jpg\" alt=\"Bandeira que envolveu o ata\u00fade de Rui Barbosa quando da vinda de seu corpo de Petr\u00f3polis para o Rio de Janeiro, em 1923\" \/><img decoding=\"async\" src=\"https:\/\/100anossemrui.casaruibarbosa.gov.br\/wp-content\/uploads\/2023\/10\/image007.jpg\" alt=\"Bandeira que cobriu o esquife de Rui Barbosa da Biblioteca Nacional ao Cemit\u00e9rio S\u00e3o Jo\u00e3o Batista\" \/><img decoding=\"async\" src=\"https:\/\/100anossemrui.casaruibarbosa.gov.br\/wp-content\/uploads\/2023\/10\/image002.jpg\" alt=\"Ata\u00fade que cont\u00e9m a m\u00e1scara mortu\u00e1ria de Rui Barbosa, ladeado pelas duas bandeiras do Brasil\" \/><img decoding=\"async\" src=\"https:\/\/100anossemrui.casaruibarbosa.gov.br\/wp-content\/uploads\/2023\/10\/image004.jpg\" alt=\"Ata\u00fade que cont\u00e9m a m\u00e1scara mortu\u00e1ria de Rui Barbosa, ladeado pelas duas bandeiras do Brasil\" \/><img decoding=\"async\" src=\"https:\/\/100anossemrui.casaruibarbosa.gov.br\/wp-content\/uploads\/2023\/10\/image003.jpg\" alt=\"\" \/><img decoding=\"async\" src=\"https:\/\/100anossemrui.casaruibarbosa.gov.br\/wp-content\/uploads\/2023\/10\/image008.jpg\" alt=\"M\u00e1scara mortu\u00e1ria de Rui Barbosa, em bronze. \u00c0 frente da m\u00e1scara, p\u00e9tala de flor de L\u00f3tus do enterro. \u00c0 esquerda, a bandeira que cobriu o esquife de Rui Barbosa da Biblioteca Nacional ao Cemit\u00e9rio S\u00e3o Jo\u00e3o Batista. E, \u00e0 direita, bandeira que envolveu o ata\u00fade de Rui Barbosa quando da vinda de seu corpo de Petr\u00f3polis para o Rio de Janeiro, em 1923.\" \/><img decoding=\"async\" src=\"https:\/\/100anossemrui.casaruibarbosa.gov.br\/wp-content\/uploads\/2023\/10\/image010.jpg\" alt=\"M\u00e1scara mortu\u00e1ria de Rui Barbosa, em bronze\" \/><img decoding=\"async\" src=\"https:\/\/100anossemrui.casaruibarbosa.gov.br\/wp-content\/uploads\/2023\/10\/image011.jpg\" alt=\"M\u00f3veis que pertenciam ao quarto de Rui Barbosa e dona Maria Augusta na casa de Petr\u00f3polis. Rui Barbosa faleceu nessa cama.\" \/><img decoding=\"async\" src=\"https:\/\/100anossemrui.casaruibarbosa.gov.br\/wp-content\/uploads\/2023\/10\/image012.jpg\" alt=\"M\u00f3veis que pertenciam ao quarto de Rui Barbosa e dona Maria Augusta na casa de Petr\u00f3polis. Rui Barbosa faleceu nessa cama.\" \/><img decoding=\"async\" src=\"https:\/\/100anossemrui.casaruibarbosa.gov.br\/wp-content\/uploads\/2023\/10\/image013.jpg\" alt=\"\" \/><img decoding=\"async\" src=\"https:\/\/100anossemrui.casaruibarbosa.gov.br\/wp-content\/uploads\/2023\/10\/image014.jpg\" alt=\"Camisa que Rui Barbosa vestia quando faleceu.\" \/><img decoding=\"async\" src=\"https:\/\/100anossemrui.casaruibarbosa.gov.br\/wp-content\/uploads\/2023\/10\/image015.jpg\" alt=\"Inscri\u00e7\u00e3o: &quot;Com esta camisa no corpo morreu o conselheiro Ruy Barbosa 1-3-1923&quot;\" \/><\/noscript>\n<p>&nbsp;<\/p>\n<p><strong>Os 100 anos do falecimento de Rui Barbosa e mostra de seu arquivo hist\u00f3rico com curadoria de J\u00e9ssica Moraes Tavares<\/strong><\/p>\n<p>Mostra realizada no Museu da Justi\u00e7a do Estado do Rio de Janeiro no dia 7 de junho de 2023.<\/p>\n<p>O cat\u00e1logo da exposi\u00e7\u00e3o faz uma descri\u00e7\u00e3o minuciosa das pe\u00e7as:<\/p>\n<p><a href=\"https:\/\/100anossemrui.casaruibarbosa.gov.br\/wp-content\/uploads\/2023\/10\/museutjrj_quadros.png\"><img fetchpriority=\"high\" decoding=\"async\" class=\"alignnone wp-image-633 size-full\" src=\"https:\/\/100anossemrui.casaruibarbosa.gov.br\/wp-content\/uploads\/2023\/10\/museutjrj_quadros.png\" alt=\"\" width=\"1300\" height=\"1377\" srcset=\"https:\/\/100anossemrui.casaruibarbosa.gov.br\/wp-content\/uploads\/2023\/10\/museutjrj_quadros.png 1300w, https:\/\/100anossemrui.casaruibarbosa.gov.br\/wp-content\/uploads\/2023\/10\/museutjrj_quadros-283x300.png 283w, https:\/\/100anossemrui.casaruibarbosa.gov.br\/wp-content\/uploads\/2023\/10\/museutjrj_quadros-967x1024.png 967w, https:\/\/100anossemrui.casaruibarbosa.gov.br\/wp-content\/uploads\/2023\/10\/museutjrj_quadros-768x813.png 768w\" sizes=\"(max-width: 1300px) 100vw, 1300px\" \/><\/a><\/p>\n<p><a href=\"https:\/\/100anossemrui.casaruibarbosa.gov.br\/wp-content\/uploads\/2023\/10\/museutjrj_busto.png\"><img decoding=\"async\" class=\"aligncenter wp-image-674\" src=\"https:\/\/100anossemrui.casaruibarbosa.gov.br\/wp-content\/uploads\/2023\/10\/museutjrj_busto-162x300.png\" alt=\"\" width=\"700\" height=\"1295\" srcset=\"https:\/\/100anossemrui.casaruibarbosa.gov.br\/wp-content\/uploads\/2023\/10\/museutjrj_busto-162x300.png 162w, https:\/\/100anossemrui.casaruibarbosa.gov.br\/wp-content\/uploads\/2023\/10\/museutjrj_busto-553x1024.png 553w, https:\/\/100anossemrui.casaruibarbosa.gov.br\/wp-content\/uploads\/2023\/10\/museutjrj_busto-768x1421.png 768w, https:\/\/100anossemrui.casaruibarbosa.gov.br\/wp-content\/uploads\/2023\/10\/museutjrj_busto-830x1536.png 830w, https:\/\/100anossemrui.casaruibarbosa.gov.br\/wp-content\/uploads\/2023\/10\/museutjrj_busto-1107x2048.png 1107w, https:\/\/100anossemrui.casaruibarbosa.gov.br\/wp-content\/uploads\/2023\/10\/museutjrj_busto.png 1182w\" sizes=\"(max-width: 700px) 100vw, 700px\" \/><\/a><\/p>\n<p>Nas vitrines estavam os seguintes documentos e objetos museol\u00f3gicos:<\/p>\n<p><a href=\"https:\/\/100anossemrui.casaruibarbosa.gov.br\/wp-content\/uploads\/2023\/10\/museutjrj_vitrine1.png\"><img decoding=\"async\" class=\"alignnone wp-image-634 size-full\" src=\"https:\/\/100anossemrui.casaruibarbosa.gov.br\/wp-content\/uploads\/2023\/10\/museutjrj_vitrine1.png\" alt=\"\" width=\"1965\" height=\"1393\" srcset=\"https:\/\/100anossemrui.casaruibarbosa.gov.br\/wp-content\/uploads\/2023\/10\/museutjrj_vitrine1.png 1965w, https:\/\/100anossemrui.casaruibarbosa.gov.br\/wp-content\/uploads\/2023\/10\/museutjrj_vitrine1-300x213.png 300w, https:\/\/100anossemrui.casaruibarbosa.gov.br\/wp-content\/uploads\/2023\/10\/museutjrj_vitrine1-1024x726.png 1024w, https:\/\/100anossemrui.casaruibarbosa.gov.br\/wp-content\/uploads\/2023\/10\/museutjrj_vitrine1-768x544.png 768w, https:\/\/100anossemrui.casaruibarbosa.gov.br\/wp-content\/uploads\/2023\/10\/museutjrj_vitrine1-1536x1089.png 1536w\" sizes=\"(max-width: 1965px) 100vw, 1965px\" \/><\/a> <a href=\"https:\/\/100anossemrui.casaruibarbosa.gov.br\/wp-content\/uploads\/2023\/10\/museutjrj_vitrine2.png\"><img loading=\"lazy\" decoding=\"async\" class=\"alignnone wp-image-635 size-full\" src=\"https:\/\/100anossemrui.casaruibarbosa.gov.br\/wp-content\/uploads\/2023\/10\/museutjrj_vitrine2.png\" alt=\"\" width=\"2903\" height=\"1211\" srcset=\"https:\/\/100anossemrui.casaruibarbosa.gov.br\/wp-content\/uploads\/2023\/10\/museutjrj_vitrine2.png 2903w, https:\/\/100anossemrui.casaruibarbosa.gov.br\/wp-content\/uploads\/2023\/10\/museutjrj_vitrine2-300x125.png 300w, https:\/\/100anossemrui.casaruibarbosa.gov.br\/wp-content\/uploads\/2023\/10\/museutjrj_vitrine2-1024x427.png 1024w, https:\/\/100anossemrui.casaruibarbosa.gov.br\/wp-content\/uploads\/2023\/10\/museutjrj_vitrine2-768x320.png 768w, https:\/\/100anossemrui.casaruibarbosa.gov.br\/wp-content\/uploads\/2023\/10\/museutjrj_vitrine2-1536x641.png 1536w, https:\/\/100anossemrui.casaruibarbosa.gov.br\/wp-content\/uploads\/2023\/10\/museutjrj_vitrine2-2048x854.png 2048w\" sizes=\"(max-width: 2903px) 100vw, 2903px\" \/><\/a><\/p>\n<div id=\"envira-gallery-wrap-550\" class=\"envira-gallery-wrap envira-gallery-theme-base envira-lightbox-theme-base\" itemscope itemtype=\"https:\/\/schema.org\/ImageGallery\"><div data-row-height=\"800\" data-gallery-theme=\"normal\" id=\"envira-gallery-550\" class=\"envira-gallery-public envira-gallery-justified-public envira-gallery-0-columns envira-clear enviratope envira-gallery-css-animations\" data-envira-columns=\"0\"><div id=\"envira-gallery-item-553\" class=\"envira-gallery-item enviratope-item envira-gallery-item-1 envira-lazy-load\" style=\"padding-left: 5px; padding-bottom: 10px; padding-right: 5px;\"  itemscope itemtype=\"https:\/\/schema.org\/ImageObject\"><div class=\"envira-gallery-item-inner\"><div class=\"envira-gallery-position-overlay  envira-gallery-top-left\"><\/div><div class=\"envira-gallery-position-overlay  envira-gallery-top-right\"><\/div><div class=\"envira-gallery-position-overlay  envira-gallery-bottom-left\"><\/div><div class=\"envira-gallery-position-overlay  envira-gallery-bottom-right\"><\/div><a href=\"https:\/\/100anossemrui.casaruibarbosa.gov.br\/wp-content\/uploads\/2023\/10\/IMG-20230606-WA0241.jpg\" class=\"envira-gallery-550 envira-gallery-link\" rel=\"enviragallery550\" title=\"Busto, em bronze, homenageando Rui Barbosa. H\u00e1 a inscri\u00e7\u00e3o: &quot;F. Latorre, 1939&quot;. Encontra-se em um pedestal de madeira trabalhada. Rui Barbosa (1849-1923): Jurista, advogado, pol\u00edtico, escritor, jornalista e orador. Teve o m\u00e9rito de rever e dar forma definitiva ao projeto da primeira Constitui\u00e7\u00e3o Republicana (1891).\" data-envira-caption=\"Busto, em bronze, homenageando Rui Barbosa. H\u00e1 a inscri\u00e7\u00e3o: &quot;F. Latorre, 1939&quot;. Encontra-se em um pedestal de madeira trabalhada. Rui Barbosa (1849-1923): Jurista, advogado, pol\u00edtico, escritor, jornalista e orador. Teve o m\u00e9rito de rever e dar forma definitiva ao projeto da primeira Constitui\u00e7\u00e3o Republicana (1891).\" data-envira-retina=\"\" data-thumbnail=\"\"  itemprop=\"contentUrl\"><img decoding=\"async\" id=\"envira-gallery-image-553\" class=\"envira-gallery-image envira-gallery-image-1 envira-normal envira-lazy\" data-envira-index=\"1\" src=\"https:\/\/100anossemrui.casaruibarbosa.gov.br\/wp-content\/uploads\/2023\/10\/IMG-20230606-WA0241-768x1024-640x480.jpg\" data-envira-src=\"https:\/\/100anossemrui.casaruibarbosa.gov.br\/wp-content\/uploads\/2023\/10\/IMG-20230606-WA0241-768x1024-640x480.jpg\" data-envira-gallery-id=\"550\" data-envira-item-id=\"553\" data-envira-caption=\"Busto, em bronze, homenageando Rui Barbosa. H\u00e1 a inscri\u00e7\u00e3o: &quot;F. Latorre, 1939&quot;. Encontra-se em um pedestal de madeira trabalhada. Rui Barbosa (1849-1923): Jurista, advogado, pol\u00edtico, escritor, jornalista e orador. Teve o m\u00e9rito de rever e dar forma definitiva ao projeto da primeira Constitui\u00e7\u00e3o Republicana (1891).\" alt=\"Busto, em bronze, homenageando Rui Barbosa. H\u00e1 a inscri\u00e7\u00e3o: &quot;F. Latorre, 1939&quot;. Encontra-se em um pedestal de madeira trabalhada. Rui Barbosa (1849-1923): Jurista, advogado, pol\u00edtico, escritor, jornalista e orador. Teve o m\u00e9rito de rever e dar forma definitiva ao projeto da primeira Constitui\u00e7\u00e3o Republicana (1891).\" title=\"Busto, em bronze, homenageando Rui Barbosa. H\u00e1 a inscri\u00e7\u00e3o: &quot;F. Latorre, 1939&quot;. Encontra-se em um pedestal de madeira trabalhada. Rui Barbosa (1849-1923): Jurista, advogado, pol\u00edtico, escritor, jornalista e orador. Teve o m\u00e9rito de rever e dar forma definitiva ao projeto da primeira Constitui\u00e7\u00e3o Republicana (1891).\"  itemprop=\"thumbnailUrl\" data-envira-srcset=\"https:\/\/100anossemrui.casaruibarbosa.gov.br\/wp-content\/uploads\/2023\/10\/IMG-20230606-WA0241-768x1024-640x480.jpg 400w,https:\/\/100anossemrui.casaruibarbosa.gov.br\/wp-content\/uploads\/2023\/10\/IMG-20230606-WA0241-768x1024-640x480.jpg 2x\" data-envira-width=\"225\" data-envira-height=\"300\" srcset=\"data:image\/gif;base64,R0lGODlhAQABAIAAAP\/\/\/\/\/\/\/yH5BAEKAAEALAAAAAABAAEAAAICTAEAOw==\" data-safe-src=\"data:image\/gif;base64,R0lGODlhAQABAIAAAP\/\/\/\/\/\/\/yH5BAEKAAEALAAAAAABAAEAAAICTAEAOw==\" \/><\/a><\/div><\/div><div id=\"envira-gallery-item-551\" class=\"envira-gallery-item enviratope-item envira-gallery-item-2 envira-lazy-load\" style=\"padding-left: 5px; padding-bottom: 10px; padding-right: 5px;\"  itemscope itemtype=\"https:\/\/schema.org\/ImageObject\"><div class=\"envira-gallery-item-inner\"><div class=\"envira-gallery-position-overlay  envira-gallery-top-left\"><\/div><div class=\"envira-gallery-position-overlay  envira-gallery-top-right\"><\/div><div class=\"envira-gallery-position-overlay  envira-gallery-bottom-left\"><\/div><div class=\"envira-gallery-position-overlay  envira-gallery-bottom-right\"><\/div><a href=\"https:\/\/100anossemrui.casaruibarbosa.gov.br\/wp-content\/uploads\/2023\/10\/IMG-20230606-WA0226.jpg\" class=\"envira-gallery-550 envira-gallery-link\" rel=\"enviragallery550\" title=\"Busto, em bronze, homenageando Rui Barbosa. H\u00e1 a inscri\u00e7\u00e3o: &quot;F. Latorre, 1939&quot;. Encontra-se em um pedestal de madeira trabalhada. Rui Barbosa (1849-1923): Jurista, advogado, pol\u00edtico, escritor, jornalista e orador. Teve o m\u00e9rito de rever e dar forma definitiva ao projeto da primeira Constitui\u00e7\u00e3o Republicana (1891).\" data-envira-caption=\"Busto, em bronze, homenageando Rui Barbosa. H\u00e1 a inscri\u00e7\u00e3o: &quot;F. Latorre, 1939&quot;. Encontra-se em um pedestal de madeira trabalhada. Rui Barbosa (1849-1923): Jurista, advogado, pol\u00edtico, escritor, jornalista e orador. Teve o m\u00e9rito de rever e dar forma definitiva ao projeto da primeira Constitui\u00e7\u00e3o Republicana (1891).\" data-envira-retina=\"\" data-thumbnail=\"\"  itemprop=\"contentUrl\"><img decoding=\"async\" id=\"envira-gallery-image-551\" class=\"envira-gallery-image envira-gallery-image-2 envira-normal envira-lazy\" data-envira-index=\"2\" src=\"https:\/\/100anossemrui.casaruibarbosa.gov.br\/wp-content\/uploads\/2023\/10\/IMG-20230606-WA0226-576x1024-640x480.jpg\" data-envira-src=\"https:\/\/100anossemrui.casaruibarbosa.gov.br\/wp-content\/uploads\/2023\/10\/IMG-20230606-WA0226-576x1024-640x480.jpg\" data-envira-gallery-id=\"550\" data-envira-item-id=\"551\" data-envira-caption=\"Busto, em bronze, homenageando Rui Barbosa. H\u00e1 a inscri\u00e7\u00e3o: &quot;F. Latorre, 1939&quot;. Encontra-se em um pedestal de madeira trabalhada. Rui Barbosa (1849-1923): Jurista, advogado, pol\u00edtico, escritor, jornalista e orador. Teve o m\u00e9rito de rever e dar forma definitiva ao projeto da primeira Constitui\u00e7\u00e3o Republicana (1891).\" alt=\"Busto, em bronze, homenageando Rui Barbosa. H\u00e1 a inscri\u00e7\u00e3o: &quot;F. Latorre, 1939&quot;. Encontra-se em um pedestal de madeira trabalhada. Rui Barbosa (1849-1923): Jurista, advogado, pol\u00edtico, escritor, jornalista e orador. Teve o m\u00e9rito de rever e dar forma definitiva ao projeto da primeira Constitui\u00e7\u00e3o Republicana (1891).\" title=\"Busto, em bronze, homenageando Rui Barbosa. H\u00e1 a inscri\u00e7\u00e3o: &quot;F. Latorre, 1939&quot;. Encontra-se em um pedestal de madeira trabalhada. Rui Barbosa (1849-1923): Jurista, advogado, pol\u00edtico, escritor, jornalista e orador. Teve o m\u00e9rito de rever e dar forma definitiva ao projeto da primeira Constitui\u00e7\u00e3o Republicana (1891).\"  itemprop=\"thumbnailUrl\" data-envira-srcset=\"https:\/\/100anossemrui.casaruibarbosa.gov.br\/wp-content\/uploads\/2023\/10\/IMG-20230606-WA0226-576x1024-640x480.jpg 400w,https:\/\/100anossemrui.casaruibarbosa.gov.br\/wp-content\/uploads\/2023\/10\/IMG-20230606-WA0226-576x1024-640x480.jpg 2x\" data-envira-width=\"169\" data-envira-height=\"300\" srcset=\"data:image\/gif;base64,R0lGODlhAQABAIAAAP\/\/\/\/\/\/\/yH5BAEKAAEALAAAAAABAAEAAAICTAEAOw==\" data-safe-src=\"data:image\/gif;base64,R0lGODlhAQABAIAAAP\/\/\/\/\/\/\/yH5BAEKAAEALAAAAAABAAEAAAICTAEAOw==\" \/><\/a><\/div><\/div><div id=\"envira-gallery-item-555\" class=\"envira-gallery-item enviratope-item envira-gallery-item-3 envira-lazy-load\" style=\"padding-left: 5px; padding-bottom: 10px; padding-right: 5px;\"  itemscope itemtype=\"https:\/\/schema.org\/ImageObject\"><div class=\"envira-gallery-item-inner\"><div class=\"envira-gallery-position-overlay  envira-gallery-top-left\"><\/div><div class=\"envira-gallery-position-overlay  envira-gallery-top-right\"><\/div><div class=\"envira-gallery-position-overlay  envira-gallery-bottom-left\"><\/div><div class=\"envira-gallery-position-overlay  envira-gallery-bottom-right\"><\/div><a href=\"https:\/\/100anossemrui.casaruibarbosa.gov.br\/wp-content\/uploads\/2023\/10\/IMG-20230606-WA0247.jpg\" class=\"envira-gallery-550 envira-gallery-link\" rel=\"enviragallery550\" title=\"Duas pinturas intituladas &quot;Rui Barbosa&quot; e vitrine com objetos e documentos.\" data-envira-caption=\"Duas pinturas intituladas &quot;Rui Barbosa&quot; e vitrine com objetos e documentos.\" data-envira-retina=\"\" data-thumbnail=\"\"  itemprop=\"contentUrl\"><img decoding=\"async\" id=\"envira-gallery-image-555\" class=\"envira-gallery-image envira-gallery-image-3 envira-normal envira-lazy\" data-envira-index=\"3\" src=\"https:\/\/100anossemrui.casaruibarbosa.gov.br\/wp-content\/uploads\/2023\/10\/IMG-20230606-WA0247-1024x576-640x480.jpg\" data-envira-src=\"https:\/\/100anossemrui.casaruibarbosa.gov.br\/wp-content\/uploads\/2023\/10\/IMG-20230606-WA0247-1024x576-640x480.jpg\" data-envira-gallery-id=\"550\" data-envira-item-id=\"555\" data-envira-caption=\"Duas pinturas intituladas &quot;Rui Barbosa&quot; e vitrine com objetos e documentos.\" alt=\"Duas pinturas intituladas &quot;Rui Barbosa&quot; e vitrine com objetos e documentos.\" title=\"Duas pinturas intituladas &quot;Rui Barbosa&quot; e vitrine com objetos e documentos.\"  itemprop=\"thumbnailUrl\" data-envira-srcset=\"https:\/\/100anossemrui.casaruibarbosa.gov.br\/wp-content\/uploads\/2023\/10\/IMG-20230606-WA0247-1024x576-640x480.jpg 400w,https:\/\/100anossemrui.casaruibarbosa.gov.br\/wp-content\/uploads\/2023\/10\/IMG-20230606-WA0247-1024x576-640x480.jpg 2x\" data-envira-width=\"300\" data-envira-height=\"169\" srcset=\"data:image\/gif;base64,R0lGODlhAQABAIAAAP\/\/\/\/\/\/\/yH5BAEKAAEALAAAAAABAAEAAAICTAEAOw==\" data-safe-src=\"data:image\/gif;base64,R0lGODlhAQABAIAAAP\/\/\/\/\/\/\/yH5BAEKAAEALAAAAAABAAEAAAICTAEAOw==\" \/><\/a><\/div><\/div><div id=\"envira-gallery-item-554\" class=\"envira-gallery-item enviratope-item envira-gallery-item-4 envira-lazy-load\" style=\"padding-left: 5px; padding-bottom: 10px; padding-right: 5px;\"  itemscope itemtype=\"https:\/\/schema.org\/ImageObject\"><div class=\"envira-gallery-item-inner\"><div class=\"envira-gallery-position-overlay  envira-gallery-top-left\"><\/div><div class=\"envira-gallery-position-overlay  envira-gallery-top-right\"><\/div><div class=\"envira-gallery-position-overlay  envira-gallery-bottom-left\"><\/div><div class=\"envira-gallery-position-overlay  envira-gallery-bottom-right\"><\/div><a href=\"https:\/\/100anossemrui.casaruibarbosa.gov.br\/wp-content\/uploads\/2023\/10\/IMG-20230606-WA0245.jpg\" class=\"envira-gallery-550 envira-gallery-link\" rel=\"enviragallery550\" title=\"\" data-envira-caption=\"\" data-envira-retina=\"\" data-thumbnail=\"\"  itemprop=\"contentUrl\"><img decoding=\"async\" id=\"envira-gallery-image-554\" class=\"envira-gallery-image envira-gallery-image-4 envira-normal envira-lazy\" data-envira-index=\"4\" src=\"https:\/\/100anossemrui.casaruibarbosa.gov.br\/wp-content\/uploads\/2023\/10\/IMG-20230606-WA0245-576x1024-640x480.jpg\" data-envira-src=\"https:\/\/100anossemrui.casaruibarbosa.gov.br\/wp-content\/uploads\/2023\/10\/IMG-20230606-WA0245-576x1024-640x480.jpg\" data-envira-gallery-id=\"550\" data-envira-item-id=\"554\" data-envira-caption=\"\" alt=\"\" title=\"\"  itemprop=\"thumbnailUrl\" data-envira-srcset=\"https:\/\/100anossemrui.casaruibarbosa.gov.br\/wp-content\/uploads\/2023\/10\/IMG-20230606-WA0245-576x1024-640x480.jpg 400w,https:\/\/100anossemrui.casaruibarbosa.gov.br\/wp-content\/uploads\/2023\/10\/IMG-20230606-WA0245-576x1024-640x480.jpg 2x\" data-envira-width=\"169\" data-envira-height=\"300\" srcset=\"data:image\/gif;base64,R0lGODlhAQABAIAAAP\/\/\/\/\/\/\/yH5BAEKAAEALAAAAAABAAEAAAICTAEAOw==\" data-safe-src=\"data:image\/gif;base64,R0lGODlhAQABAIAAAP\/\/\/\/\/\/\/yH5BAEKAAEALAAAAAABAAEAAAICTAEAOw==\" \/><\/a><\/div><\/div><\/div><\/div><noscript><img decoding=\"async\" src=\"https:\/\/100anossemrui.casaruibarbosa.gov.br\/wp-content\/uploads\/2023\/10\/IMG-20230606-WA0241.jpg\" alt=\"Busto, em bronze, homenageando Rui Barbosa. H\u00e1 a inscri\u00e7\u00e3o: &quot;F. Latorre, 1939&quot;. Encontra-se em um pedestal de madeira trabalhada. Rui Barbosa (1849-1923): Jurista, advogado, pol\u00edtico, escritor, jornalista e orador. Teve o m\u00e9rito de rever e dar forma definitiva ao projeto da primeira Constitui\u00e7\u00e3o Republicana (1891).\" \/><img decoding=\"async\" src=\"https:\/\/100anossemrui.casaruibarbosa.gov.br\/wp-content\/uploads\/2023\/10\/IMG-20230606-WA0226.jpg\" alt=\"Busto, em bronze, homenageando Rui Barbosa. H\u00e1 a inscri\u00e7\u00e3o: &quot;F. Latorre, 1939&quot;. Encontra-se em um pedestal de madeira trabalhada. Rui Barbosa (1849-1923): Jurista, advogado, pol\u00edtico, escritor, jornalista e orador. Teve o m\u00e9rito de rever e dar forma definitiva ao projeto da primeira Constitui\u00e7\u00e3o Republicana (1891).\" \/><img decoding=\"async\" src=\"https:\/\/100anossemrui.casaruibarbosa.gov.br\/wp-content\/uploads\/2023\/10\/IMG-20230606-WA0247.jpg\" alt=\"Duas pinturas intituladas &quot;Rui Barbosa&quot; e vitrine com objetos e documentos.\" \/><img decoding=\"async\" src=\"https:\/\/100anossemrui.casaruibarbosa.gov.br\/wp-content\/uploads\/2023\/10\/IMG-20230606-WA0245.jpg\" alt=\"\" \/><\/noscript>\n<p>&nbsp;<\/p>\n","protected":false},"excerpt":{"rendered":"<p>100 anos depois&#8230; &nbsp; Mostras comemorativas &nbsp; Adeus, Conselheiro: 100 anos sem Rui Barbosa Mostra realizada no e pelo Museu da Funda\u00e7\u00e3o Casa de Rui Barbosa. De 24 de mar\u00e7o a 23 de junho de 2023. Na noite de 1 de mar\u00e7o de 1923, Rui Barbosa, ent\u00e3o com 73 anos, morre na sua casa em [&hellip;]<\/p>\n","protected":false},"author":1,"featured_media":0,"parent":0,"menu_order":0,"comment_status":"closed","ping_status":"closed","template":"","meta":{"footnotes":""},"class_list":["post-30","page","type-page","status-publish","hentry"],"_links":{"self":[{"href":"https:\/\/100anossemrui.casaruibarbosa.gov.br\/index.php?rest_route=\/wp\/v2\/pages\/30","targetHints":{"allow":["GET"]}}],"collection":[{"href":"https:\/\/100anossemrui.casaruibarbosa.gov.br\/index.php?rest_route=\/wp\/v2\/pages"}],"about":[{"href":"https:\/\/100anossemrui.casaruibarbosa.gov.br\/index.php?rest_route=\/wp\/v2\/types\/page"}],"author":[{"embeddable":true,"href":"https:\/\/100anossemrui.casaruibarbosa.gov.br\/index.php?rest_route=\/wp\/v2\/users\/1"}],"replies":[{"embeddable":true,"href":"https:\/\/100anossemrui.casaruibarbosa.gov.br\/index.php?rest_route=%2Fwp%2Fv2%2Fcomments&post=30"}],"version-history":[{"count":23,"href":"https:\/\/100anossemrui.casaruibarbosa.gov.br\/index.php?rest_route=\/wp\/v2\/pages\/30\/revisions"}],"predecessor-version":[{"id":735,"href":"https:\/\/100anossemrui.casaruibarbosa.gov.br\/index.php?rest_route=\/wp\/v2\/pages\/30\/revisions\/735"}],"wp:attachment":[{"href":"https:\/\/100anossemrui.casaruibarbosa.gov.br\/index.php?rest_route=%2Fwp%2Fv2%2Fmedia&parent=30"}],"curies":[{"name":"wp","href":"https:\/\/api.w.org\/{rel}","templated":true}]}}