{"id":393,"date":"2023-10-24T08:40:29","date_gmt":"2023-10-24T11:40:29","guid":{"rendered":"https:\/\/100anossemrui.casaruibarbosa.gov.br\/?page_id=393"},"modified":"2023-10-31T10:53:22","modified_gmt":"2023-10-31T13:53:22","slug":"eventos-do-dia-1o-de-marco-de-2023","status":"publish","type":"page","link":"https:\/\/100anossemrui.casaruibarbosa.gov.br\/?page_id=393","title":{"rendered":"Eventos do dia 1\u00ba de mar\u00e7o de 2023"},"content":{"rendered":"\r\n<h1 class=\"wp-block-heading\">100 anos depois&#8230;<\/h1>\r\n\r\n\r\n\r\n<h3 class=\"wp-block-heading\">Eventos do dia 1\u00ba de mar\u00e7o<\/h3>\r\n\r\n\r\n\r\n<p><strong>A) Sess\u00e3o solene no Senado Federal: Centen\u00e1rio de falecimento de Rui Barbosa:<\/strong><\/p>\r\n\r\n\r\n\r\n<p>Presidente Alexandre Santini participou representando a FCRB.<\/p>\r\n<div id=\"envira-gallery-wrap-408\" class=\"envira-gallery-wrap envira-gallery-theme-base envira-lightbox-theme-base\" itemscope itemtype=\"https:\/\/schema.org\/ImageGallery\"><div data-row-height=\"300\" data-gallery-theme=\"normal\" id=\"envira-gallery-408\" class=\"envira-gallery-public envira-gallery-justified-public envira-gallery-0-columns envira-clear enviratope envira-gallery-css-animations\" data-envira-columns=\"0\"><div id=\"envira-gallery-item-394\" class=\"envira-gallery-item enviratope-item envira-gallery-item-1 envira-lazy-load\" style=\"padding-left: 5px; padding-bottom: 10px; padding-right: 5px;\"  itemscope itemtype=\"https:\/\/schema.org\/ImageObject\"><div class=\"envira-gallery-item-inner\"><div class=\"envira-gallery-position-overlay  envira-gallery-top-left\"><\/div><div class=\"envira-gallery-position-overlay  envira-gallery-top-right\"><\/div><div class=\"envira-gallery-position-overlay  envira-gallery-bottom-left\"><\/div><div class=\"envira-gallery-position-overlay  envira-gallery-bottom-right\"><\/div><a href=\"https:\/\/100anossemrui.casaruibarbosa.gov.br\/wp-content\/uploads\/2023\/10\/sessao-solene-Senado-Federal.jpg\" class=\"envira-gallery-408 envira-gallery-link\" rel=\"enviragallery408\" title=\"Convite para a Sess\u00e3o Solene pela passagem do centen\u00e1rio de falecimento de Rui Barbosa no Senado Federal\" data-envira-caption=\"Convite para a Sess\u00e3o Solene pela passagem do centen\u00e1rio de falecimento de Rui Barbosa no Senado Federal\" data-envira-retina=\"\" data-thumbnail=\"\"  itemprop=\"contentUrl\"><img decoding=\"async\" id=\"envira-gallery-image-394\" class=\"envira-gallery-image envira-gallery-image-1 envira-normal envira-lazy\" data-envira-index=\"1\" src=\"https:\/\/100anossemrui.casaruibarbosa.gov.br\/wp-content\/uploads\/2023\/10\/sessao-solene-Senado-Federal-640x480.jpg\" data-envira-src=\"https:\/\/100anossemrui.casaruibarbosa.gov.br\/wp-content\/uploads\/2023\/10\/sessao-solene-Senado-Federal-640x480.jpg\" data-envira-gallery-id=\"408\" data-envira-item-id=\"394\" data-envira-caption=\"Convite para a Sess\u00e3o Solene pela passagem do centen\u00e1rio de falecimento de Rui Barbosa no Senado Federal\" alt=\"\" title=\"Convite para a Sess\u00e3o Solene pela passagem do centen\u00e1rio de falecimento de Rui Barbosa no Senado Federal\"  itemprop=\"thumbnailUrl\" data-envira-srcset=\"https:\/\/100anossemrui.casaruibarbosa.gov.br\/wp-content\/uploads\/2023\/10\/sessao-solene-Senado-Federal-640x480.jpg 400w,https:\/\/100anossemrui.casaruibarbosa.gov.br\/wp-content\/uploads\/2023\/10\/sessao-solene-Senado-Federal-640x480.jpg 2x\" data-envira-width=\"300\" data-envira-height=\"225\" srcset=\"data:image\/gif;base64,R0lGODlhAQABAIAAAP\/\/\/\/\/\/\/yH5BAEKAAEALAAAAAABAAEAAAICTAEAOw==\" data-safe-src=\"data:image\/gif;base64,R0lGODlhAQABAIAAAP\/\/\/\/\/\/\/yH5BAEKAAEALAAAAAABAAEAAAICTAEAOw==\" \/><\/a><\/div><\/div><\/div><\/div><noscript><img decoding=\"async\" src=\"https:\/\/100anossemrui.casaruibarbosa.gov.br\/wp-content\/uploads\/2023\/10\/sessao-solene-Senado-Federal.jpg\" alt=\"\" \/><\/noscript>\r\n\r\n\r\n\r\n\r\n\r\n<p><strong>Publica\u00e7\u00e3o na internet (visualiza\u00e7\u00e3o da sess\u00e3o):<\/strong><\/p>\r\n<div style=\"width: 720px;\" class=\"wp-video\"><video class=\"wp-video-shortcode\" id=\"video-393-1\" width=\"720\" height=\"1280\" preload=\"metadata\" controls=\"controls\"><source type=\"video\/mp4\" src=\"https:\/\/100anossemrui.casaruibarbosa.gov.br\/wp-content\/uploads\/2023\/10\/video_senado.mp4?_=1\" \/><a href=\"https:\/\/100anossemrui.casaruibarbosa.gov.br\/wp-content\/uploads\/2023\/10\/video_senado.mp4\">https:\/\/100anossemrui.casaruibarbosa.gov.br\/wp-content\/uploads\/2023\/10\/video_senado.mp4<\/a><\/video><\/div>\r\n<p>&nbsp;<\/p>\r\n<p><a href=\"https:\/\/www.instagram.com\/reel\/CpTQdDrpZWF\/\" target=\"_blank\" rel=\"noopener\">https:\/\/www.instagram.com\/reel\/CpTQdDrpZWF\/<\/a><\/p>\r\n<p>&nbsp;<\/p>\r\n\r\n\r\n\r\n\r\n\r\n<p><b>B) Col\u00f3quio de abertura da mostra &#8220;Adeus, Conselheiro&#8221;. Realiza\u00e7\u00e3o: Museu da Funda\u00e7\u00e3o Casa de Rui Barbosa:<\/b><\/p>\r\n<p><b>Col\u00f3quio\u00a0&#8220;Rui Barbosa: rememorando uma trajet\u00f3ria&#8221;<\/b><\/p>\r\n<p>Participa\u00e7\u00e3o dos pesquisadores da FCRB Christian Lynch e Jos\u00e9 Almino de Alencar<\/p>\r\n<p><a href=\"https:\/\/100anossemrui.casaruibarbosa.gov.br\/wp-content\/uploads\/2023\/10\/Rui-Barbosa-rememorando-uma-trajetoria_Pagina_1.png\"><img fetchpriority=\"high\" decoding=\"async\" class=\"alignnone wp-image-406 size-full\" src=\"https:\/\/100anossemrui.casaruibarbosa.gov.br\/wp-content\/uploads\/2023\/10\/Rui-Barbosa-rememorando-uma-trajetoria_Pagina_1.png\" alt=\"\" width=\"1653\" height=\"2340\" srcset=\"https:\/\/100anossemrui.casaruibarbosa.gov.br\/wp-content\/uploads\/2023\/10\/Rui-Barbosa-rememorando-uma-trajetoria_Pagina_1.png 1653w, https:\/\/100anossemrui.casaruibarbosa.gov.br\/wp-content\/uploads\/2023\/10\/Rui-Barbosa-rememorando-uma-trajetoria_Pagina_1-212x300.png 212w, https:\/\/100anossemrui.casaruibarbosa.gov.br\/wp-content\/uploads\/2023\/10\/Rui-Barbosa-rememorando-uma-trajetoria_Pagina_1-723x1024.png 723w, https:\/\/100anossemrui.casaruibarbosa.gov.br\/wp-content\/uploads\/2023\/10\/Rui-Barbosa-rememorando-uma-trajetoria_Pagina_1-768x1087.png 768w, https:\/\/100anossemrui.casaruibarbosa.gov.br\/wp-content\/uploads\/2023\/10\/Rui-Barbosa-rememorando-uma-trajetoria_Pagina_1-1085x1536.png 1085w, https:\/\/100anossemrui.casaruibarbosa.gov.br\/wp-content\/uploads\/2023\/10\/Rui-Barbosa-rememorando-uma-trajetoria_Pagina_1-1447x2048.png 1447w\" sizes=\"(max-width: 1653px) 100vw, 1653px\" \/><\/a><\/p>\r\n<p><a href=\"https:\/\/100anossemrui.casaruibarbosa.gov.br\/wp-content\/uploads\/2023\/10\/Convite-virtual-Coloquio-Rui-Barbosa-rememorando-uma-trajetoria.jpeg\"><img decoding=\"async\" class=\"alignnone wp-image-413 size-full\" src=\"https:\/\/100anossemrui.casaruibarbosa.gov.br\/wp-content\/uploads\/2023\/10\/Convite-virtual-Coloquio-Rui-Barbosa-rememorando-uma-trajetoria.jpeg\" alt=\"\" width=\"1600\" height=\"1600\" srcset=\"https:\/\/100anossemrui.casaruibarbosa.gov.br\/wp-content\/uploads\/2023\/10\/Convite-virtual-Coloquio-Rui-Barbosa-rememorando-uma-trajetoria.jpeg 1600w, https:\/\/100anossemrui.casaruibarbosa.gov.br\/wp-content\/uploads\/2023\/10\/Convite-virtual-Coloquio-Rui-Barbosa-rememorando-uma-trajetoria-300x300.jpeg 300w, https:\/\/100anossemrui.casaruibarbosa.gov.br\/wp-content\/uploads\/2023\/10\/Convite-virtual-Coloquio-Rui-Barbosa-rememorando-uma-trajetoria-1024x1024.jpeg 1024w, https:\/\/100anossemrui.casaruibarbosa.gov.br\/wp-content\/uploads\/2023\/10\/Convite-virtual-Coloquio-Rui-Barbosa-rememorando-uma-trajetoria-150x150.jpeg 150w, https:\/\/100anossemrui.casaruibarbosa.gov.br\/wp-content\/uploads\/2023\/10\/Convite-virtual-Coloquio-Rui-Barbosa-rememorando-uma-trajetoria-768x768.jpeg 768w, https:\/\/100anossemrui.casaruibarbosa.gov.br\/wp-content\/uploads\/2023\/10\/Convite-virtual-Coloquio-Rui-Barbosa-rememorando-uma-trajetoria-1536x1536.jpeg 1536w\" sizes=\"(max-width: 1600px) 100vw, 1600px\" \/><\/a>\u00a0<\/p>\r\n<p>&nbsp;<\/p>\r\n<p><iframe title=\"Col\u00f3quio Rui Barbosa: Rememorando uma Trajet\u00f3ria\" width=\"800\" height=\"450\" src=\"https:\/\/www.youtube.com\/embed\/3AS3X8D4-8E?feature=oembed\" frameborder=\"0\" allow=\"accelerometer; autoplay; clipboard-write; encrypted-media; gyroscope; picture-in-picture; web-share\" allowfullscreen><\/iframe><\/p>\r\n<p>&nbsp;<\/p>\r\n<p><b>C) Abertura da mostra &#8220;Adeus, Conselheiro: 100 anos sem Rui Barbosa&#8221; (realiza\u00e7\u00e3o: Museu da Funda\u00e7\u00e3o Casa de Rui Barbosa)<\/b><\/p>\r\n<p>Imagens no link <a href=\"https:\/\/100anossemrui.casaruibarbosa.gov.br\/exposicao-comemorativa\/\" target=\"_blank\" rel=\"noopener\">Mostras Comemorativas<\/a>.<\/p>\r\n<p>&nbsp;<\/p>\r\n<p><b>D) Palestra do pesquisador J\u00falio Aur\u00e9lio Lopes na FCRB:<\/b><\/p>\r\n<p><b>&#8220;Rui Barbosa: pela constru\u00e7\u00e3o de uma cultura c\u00edvica brasileira&#8221;<\/b><\/p>\r\n<p><a href=\"https:\/\/100anossemrui.casaruibarbosa.gov.br\/wp-content\/uploads\/2023\/10\/1-03-a-tarde-Julio-Aurelio-scaled.jpg\"><img decoding=\"async\" class=\"alignnone wp-image-416 size-full\" src=\"https:\/\/100anossemrui.casaruibarbosa.gov.br\/wp-content\/uploads\/2023\/10\/1-03-a-tarde-Julio-Aurelio-scaled.jpg\" alt=\"\" width=\"1810\" height=\"2560\" srcset=\"https:\/\/100anossemrui.casaruibarbosa.gov.br\/wp-content\/uploads\/2023\/10\/1-03-a-tarde-Julio-Aurelio-scaled.jpg 1810w, https:\/\/100anossemrui.casaruibarbosa.gov.br\/wp-content\/uploads\/2023\/10\/1-03-a-tarde-Julio-Aurelio-212x300.jpg 212w, https:\/\/100anossemrui.casaruibarbosa.gov.br\/wp-content\/uploads\/2023\/10\/1-03-a-tarde-Julio-Aurelio-724x1024.jpg 724w, https:\/\/100anossemrui.casaruibarbosa.gov.br\/wp-content\/uploads\/2023\/10\/1-03-a-tarde-Julio-Aurelio-768x1086.jpg 768w, https:\/\/100anossemrui.casaruibarbosa.gov.br\/wp-content\/uploads\/2023\/10\/1-03-a-tarde-Julio-Aurelio-1086x1536.jpg 1086w, https:\/\/100anossemrui.casaruibarbosa.gov.br\/wp-content\/uploads\/2023\/10\/1-03-a-tarde-Julio-Aurelio-1448x2048.jpg 1448w\" sizes=\"(max-width: 1810px) 100vw, 1810px\" \/><\/a><\/p>\r\n\r\n\r\n\r\n<p>&nbsp;<\/p>\r\n","protected":false},"excerpt":{"rendered":"<p>100 anos depois&#8230; Eventos do dia 1\u00ba de mar\u00e7o A) Sess\u00e3o solene no Senado Federal: Centen\u00e1rio de falecimento de Rui Barbosa: Presidente Alexandre Santini participou representando a FCRB. Publica\u00e7\u00e3o na internet (visualiza\u00e7\u00e3o da sess\u00e3o): &nbsp; https:\/\/www.instagram.com\/reel\/CpTQdDrpZWF\/ &nbsp; B) Col\u00f3quio de abertura da mostra &#8220;Adeus, Conselheiro&#8221;. Realiza\u00e7\u00e3o: Museu da Funda\u00e7\u00e3o Casa de Rui Barbosa: Col\u00f3quio\u00a0&#8220;Rui Barbosa: [&hellip;]<\/p>\n","protected":false},"author":3,"featured_media":0,"parent":0,"menu_order":0,"comment_status":"closed","ping_status":"closed","template":"","meta":{"footnotes":""},"class_list":["post-393","page","type-page","status-publish","hentry"],"_links":{"self":[{"href":"https:\/\/100anossemrui.casaruibarbosa.gov.br\/index.php?rest_route=\/wp\/v2\/pages\/393","targetHints":{"allow":["GET"]}}],"collection":[{"href":"https:\/\/100anossemrui.casaruibarbosa.gov.br\/index.php?rest_route=\/wp\/v2\/pages"}],"about":[{"href":"https:\/\/100anossemrui.casaruibarbosa.gov.br\/index.php?rest_route=\/wp\/v2\/types\/page"}],"author":[{"embeddable":true,"href":"https:\/\/100anossemrui.casaruibarbosa.gov.br\/index.php?rest_route=\/wp\/v2\/users\/3"}],"replies":[{"embeddable":true,"href":"https:\/\/100anossemrui.casaruibarbosa.gov.br\/index.php?rest_route=%2Fwp%2Fv2%2Fcomments&post=393"}],"version-history":[{"count":26,"href":"https:\/\/100anossemrui.casaruibarbosa.gov.br\/index.php?rest_route=\/wp\/v2\/pages\/393\/revisions"}],"predecessor-version":[{"id":716,"href":"https:\/\/100anossemrui.casaruibarbosa.gov.br\/index.php?rest_route=\/wp\/v2\/pages\/393\/revisions\/716"}],"wp:attachment":[{"href":"https:\/\/100anossemrui.casaruibarbosa.gov.br\/index.php?rest_route=%2Fwp%2Fv2%2Fmedia&parent=393"}],"curies":[{"name":"wp","href":"https:\/\/api.w.org\/{rel}","templated":true}]}}