{"id":426,"date":"2023-10-24T09:06:04","date_gmt":"2023-10-24T12:06:04","guid":{"rendered":"https:\/\/100anossemrui.casaruibarbosa.gov.br\/?page_id=426"},"modified":"2023-10-31T09:58:51","modified_gmt":"2023-10-31T12:58:51","slug":"eventos-do-dia-25-de-maio-de-2023","status":"publish","type":"page","link":"https:\/\/100anossemrui.casaruibarbosa.gov.br\/?page_id=426","title":{"rendered":"Eventos do dia 25 de maio de 2023"},"content":{"rendered":"<h1 class=\"wp-block-heading\">100 anos depois&#8230;<\/h1>\r\n<!-- \/wp:post-content -->\r\n\r\n<!-- wp:heading {\"level\":3} -->\r\n<h3 class=\"wp-block-heading\">Eventos do dia 25 de maio de 2023<\/h3>\r\n<!-- \/wp:heading -->\r\n\r\n<!-- wp:paragraph -->\r\n<p><strong>A) Debate no Museu da Justi\u00e7a no Rio de Janeiro:<\/strong><\/p>\r\n<p>&#8220;Rui Barbosa, 100 anos depois: legado e justi\u00e7a&#8221;.<\/p>\r\n<p>Com a participa\u00e7\u00e3o do presidente da FCRB Alexandre Santini.<\/p>\r\n<div id=\"envira-gallery-wrap-427\" class=\"envira-gallery-wrap envira-gallery-theme-base envira-lightbox-theme-base\" itemscope itemtype=\"https:\/\/schema.org\/ImageGallery\"><div data-row-height=\"600\" data-gallery-theme=\"normal\" id=\"envira-gallery-427\" class=\"envira-gallery-public envira-gallery-justified-public envira-gallery-0-columns envira-clear enviratope envira-gallery-css-animations\" data-envira-columns=\"0\"><div id=\"envira-gallery-item-428\" class=\"envira-gallery-item enviratope-item envira-gallery-item-1 envira-lazy-load\" style=\"padding-left: 5px; padding-bottom: 10px; padding-right: 5px;\"  itemscope itemtype=\"https:\/\/schema.org\/ImageObject\"><div class=\"envira-gallery-item-inner\"><div class=\"envira-gallery-position-overlay  envira-gallery-top-left\"><\/div><div class=\"envira-gallery-position-overlay  envira-gallery-top-right\"><\/div><div class=\"envira-gallery-position-overlay  envira-gallery-bottom-left\"><\/div><div class=\"envira-gallery-position-overlay  envira-gallery-bottom-right\"><\/div><a href=\"https:\/\/100anossemrui.casaruibarbosa.gov.br\/wp-content\/uploads\/2023\/10\/Rui-Barbosa-_100-anos-depois.jpeg\" class=\"envira-gallery-427 envira-gallery-link\" rel=\"enviragallery427\" title=\"Debate Rui Barbosa, 100 anos depois: legado e justi\u00e7a\" data-envira-caption=\"Debate Rui Barbosa, 100 anos depois: legado e justi\u00e7a\" data-envira-retina=\"\" data-thumbnail=\"\"  itemprop=\"contentUrl\"><img decoding=\"async\" id=\"envira-gallery-image-428\" class=\"envira-gallery-image envira-gallery-image-1 envira-normal envira-lazy\" data-envira-index=\"1\" src=\"https:\/\/100anossemrui.casaruibarbosa.gov.br\/wp-content\/uploads\/2023\/10\/Rui-Barbosa-_100-anos-depois-640x480.jpeg\" data-envira-src=\"https:\/\/100anossemrui.casaruibarbosa.gov.br\/wp-content\/uploads\/2023\/10\/Rui-Barbosa-_100-anos-depois-640x480.jpeg\" data-envira-gallery-id=\"427\" data-envira-item-id=\"428\" data-envira-caption=\"Debate Rui Barbosa, 100 anos depois: legado e justi\u00e7a\" alt=\"\" title=\"Debate Rui Barbosa, 100 anos depois: legado e justi\u00e7a\"  itemprop=\"thumbnailUrl\" data-envira-srcset=\"https:\/\/100anossemrui.casaruibarbosa.gov.br\/wp-content\/uploads\/2023\/10\/Rui-Barbosa-_100-anos-depois-640x480.jpeg 400w,https:\/\/100anossemrui.casaruibarbosa.gov.br\/wp-content\/uploads\/2023\/10\/Rui-Barbosa-_100-anos-depois-640x480.jpeg 2x\" data-envira-width=\"242\" data-envira-height=\"300\" srcset=\"data:image\/gif;base64,R0lGODlhAQABAIAAAP\/\/\/\/\/\/\/yH5BAEKAAEALAAAAAABAAEAAAICTAEAOw==\" data-safe-src=\"data:image\/gif;base64,R0lGODlhAQABAIAAAP\/\/\/\/\/\/\/yH5BAEKAAEALAAAAAABAAEAAAICTAEAOw==\" \/><\/a><\/div><\/div><\/div><\/div><noscript><img decoding=\"async\" src=\"https:\/\/100anossemrui.casaruibarbosa.gov.br\/wp-content\/uploads\/2023\/10\/Rui-Barbosa-_100-anos-depois.jpeg\" alt=\"\" \/><\/noscript>\r\n<p>&nbsp;<\/p>\r\n<p><strong>B) Lan\u00e7amento do Podcast do TJRJ intitulado &#8220;Rui Barbosa, 100 anos depois: legado e justi\u00e7a&#8221;:<\/strong><\/p>\r\n<p>Participa\u00e7\u00e3o dos pesquisadores da FCRB Laura do Carmo, Christian Lynch, Jos\u00e9 Almino de Alencar e Soraia Farias Reolon.<\/p>\r\n<!-- \/wp:paragraph -->\r\n\r\n<!-- wp:paragraph -->\r\n<p><iframe title=\"Spotify Embed: Rui Barbosa, 100 anos depois: legado e Justi\u00e7a\" style=\"border-radius: 12px\" width=\"100%\" height=\"152\" frameborder=\"0\" allowfullscreen allow=\"autoplay; clipboard-write; encrypted-media; fullscreen; picture-in-picture\" loading=\"lazy\" src=\"https:\/\/open.spotify.com\/embed\/episode\/191rwylBr8CC7q10BabHN5?utm_source=oembed\"><\/iframe><\/p>","protected":false},"excerpt":{"rendered":"<p>100 anos depois&#8230; Eventos do dia 25 de maio de 2023 A) Debate no Museu da Justi\u00e7a no Rio de Janeiro: &#8220;Rui Barbosa, 100 anos depois: legado e justi\u00e7a&#8221;. Com a participa\u00e7\u00e3o do presidente da FCRB Alexandre Santini. &nbsp; B) Lan\u00e7amento do Podcast do TJRJ intitulado &#8220;Rui Barbosa, 100 anos depois: legado e justi\u00e7a&#8221;: Participa\u00e7\u00e3o [&hellip;]<\/p>\n","protected":false},"author":3,"featured_media":0,"parent":0,"menu_order":0,"comment_status":"closed","ping_status":"closed","template":"","meta":{"footnotes":""},"class_list":["post-426","page","type-page","status-publish","hentry"],"_links":{"self":[{"href":"https:\/\/100anossemrui.casaruibarbosa.gov.br\/index.php?rest_route=\/wp\/v2\/pages\/426","targetHints":{"allow":["GET"]}}],"collection":[{"href":"https:\/\/100anossemrui.casaruibarbosa.gov.br\/index.php?rest_route=\/wp\/v2\/pages"}],"about":[{"href":"https:\/\/100anossemrui.casaruibarbosa.gov.br\/index.php?rest_route=\/wp\/v2\/types\/page"}],"author":[{"embeddable":true,"href":"https:\/\/100anossemrui.casaruibarbosa.gov.br\/index.php?rest_route=\/wp\/v2\/users\/3"}],"replies":[{"embeddable":true,"href":"https:\/\/100anossemrui.casaruibarbosa.gov.br\/index.php?rest_route=%2Fwp%2Fv2%2Fcomments&post=426"}],"version-history":[{"count":13,"href":"https:\/\/100anossemrui.casaruibarbosa.gov.br\/index.php?rest_route=\/wp\/v2\/pages\/426\/revisions"}],"predecessor-version":[{"id":685,"href":"https:\/\/100anossemrui.casaruibarbosa.gov.br\/index.php?rest_route=\/wp\/v2\/pages\/426\/revisions\/685"}],"wp:attachment":[{"href":"https:\/\/100anossemrui.casaruibarbosa.gov.br\/index.php?rest_route=%2Fwp%2Fv2%2Fmedia&parent=426"}],"curies":[{"name":"wp","href":"https:\/\/api.w.org\/{rel}","templated":true}]}}