{"id":452,"date":"2023-10-24T09:17:31","date_gmt":"2023-10-24T12:17:31","guid":{"rendered":"https:\/\/100anossemrui.casaruibarbosa.gov.br\/?page_id=452"},"modified":"2023-10-24T11:46:53","modified_gmt":"2023-10-24T14:46:53","slug":"evento-do-dia-21-de-junho-de-2023","status":"publish","type":"page","link":"https:\/\/100anossemrui.casaruibarbosa.gov.br\/?page_id=452","title":{"rendered":"Evento do dia 21 de junho de 2023"},"content":{"rendered":"<h1 class=\"wp-block-heading\">100 anos depois&#8230;<\/h1>\r\n<!-- \/wp:post-content -->\r\n\r\n<!-- wp:heading {\"level\":3} -->\r\n<h3 class=\"wp-block-heading\">Evento do dia 21 de junho de 2023<\/h3>\r\n<!-- \/wp:heading -->\r\n\r\n<!-- wp:paragraph -->\r\n<p><strong>Col\u00f3quio de encerramento da mostra tempor\u00e1ria &#8220;Adeus, Conselheiro&#8221; &#8211; realiza\u00e7\u00e3o: Museu da Casa de Rui Barbosa:<\/strong><\/p>\r\n<!-- \/wp:paragraph -->\r\n\r\n<!-- wp:paragraph -->\r\n<p>Col\u00f3quio &#8220;A reconstru\u00e7\u00e3o do quarto de Petr\u00f3polis&#8221;<\/p>\r\n<p>Participa\u00e7\u00e3o do pesquisador Marcos Veneu, da conservadora-restauradora J\u00e9ssica Maria da Silva e da tecnologista em conserva\u00e7\u00e3o de bens m\u00f3veis M\u00e1rcia Ribeiro, da FCRB.\u00a0<\/p>\r\n<div id=\"envira-gallery-wrap-453\" class=\"envira-gallery-wrap envira-gallery-theme-base envira-lightbox-theme-base\" itemscope itemtype=\"https:\/\/schema.org\/ImageGallery\"><div data-row-height=\"600\" data-gallery-theme=\"normal\" id=\"envira-gallery-453\" class=\"envira-gallery-public envira-gallery-justified-public envira-gallery-0-columns envira-clear enviratope envira-gallery-css-animations\" data-envira-columns=\"0\"><div id=\"envira-gallery-item-454\" class=\"envira-gallery-item enviratope-item envira-gallery-item-1 envira-lazy-load\" style=\"padding-left: 5px; padding-bottom: 10px; padding-right: 5px;\"  itemscope itemtype=\"https:\/\/schema.org\/ImageObject\"><div class=\"envira-gallery-item-inner\"><div class=\"envira-gallery-position-overlay  envira-gallery-top-left\"><\/div><div class=\"envira-gallery-position-overlay  envira-gallery-top-right\"><\/div><div class=\"envira-gallery-position-overlay  envira-gallery-bottom-left\"><\/div><div class=\"envira-gallery-position-overlay  envira-gallery-bottom-right\"><\/div><a href=\"https:\/\/100anossemrui.casaruibarbosa.gov.br\/wp-content\/uploads\/2023\/10\/Convite-virtual-coloquio-de-encerramento-da-mostra-Adeus-Conselheiro.jpeg\" class=\"envira-gallery-453 envira-gallery-link\" rel=\"enviragallery453\" title=\"Convite virtual col\u00f3quio de encerramento da mostra Adeus, Conselheiro: 100 anos sem Rui Barbosa\" data-envira-caption=\"Convite virtual col\u00f3quio de encerramento da mostra Adeus, Conselheiro: 100 anos sem Rui Barbosa\" data-envira-retina=\"\" data-thumbnail=\"\"  itemprop=\"contentUrl\"><img decoding=\"async\" id=\"envira-gallery-image-454\" class=\"envira-gallery-image envira-gallery-image-1 envira-normal envira-lazy\" data-envira-index=\"1\" src=\"https:\/\/100anossemrui.casaruibarbosa.gov.br\/wp-content\/uploads\/2023\/10\/Convite-virtual-coloquio-de-encerramento-da-mostra-Adeus-Conselheiro-1024x1024-640x480.jpeg\" data-envira-src=\"https:\/\/100anossemrui.casaruibarbosa.gov.br\/wp-content\/uploads\/2023\/10\/Convite-virtual-coloquio-de-encerramento-da-mostra-Adeus-Conselheiro-1024x1024-640x480.jpeg\" data-envira-gallery-id=\"453\" data-envira-item-id=\"454\" data-envira-caption=\"Convite virtual col\u00f3quio de encerramento da mostra Adeus, Conselheiro: 100 anos sem Rui Barbosa\" alt=\"Convite virtual col\u00f3quio de encerramento da mostra Adeus, Conselheiro: 100 anos sem Rui Barbosa\" title=\"Convite virtual col\u00f3quio de encerramento da mostra Adeus, Conselheiro: 100 anos sem Rui Barbosa\"  itemprop=\"thumbnailUrl\" data-envira-srcset=\"https:\/\/100anossemrui.casaruibarbosa.gov.br\/wp-content\/uploads\/2023\/10\/Convite-virtual-coloquio-de-encerramento-da-mostra-Adeus-Conselheiro-1024x1024-640x480.jpeg 400w,https:\/\/100anossemrui.casaruibarbosa.gov.br\/wp-content\/uploads\/2023\/10\/Convite-virtual-coloquio-de-encerramento-da-mostra-Adeus-Conselheiro-1024x1024-640x480.jpeg 2x\" data-envira-width=\"300\" data-envira-height=\"300\" srcset=\"data:image\/gif;base64,R0lGODlhAQABAIAAAP\/\/\/\/\/\/\/yH5BAEKAAEALAAAAAABAAEAAAICTAEAOw==\" data-safe-src=\"data:image\/gif;base64,R0lGODlhAQABAIAAAP\/\/\/\/\/\/\/yH5BAEKAAEALAAAAAABAAEAAAICTAEAOw==\" \/><\/a><\/div><\/div><\/div><\/div><noscript><img decoding=\"async\" src=\"https:\/\/100anossemrui.casaruibarbosa.gov.br\/wp-content\/uploads\/2023\/10\/Convite-virtual-coloquio-de-encerramento-da-mostra-Adeus-Conselheiro.jpeg\" alt=\"Convite virtual col\u00f3quio de encerramento da mostra Adeus, Conselheiro: 100 anos sem Rui Barbosa\" \/><\/noscript>\r\n<p><iframe title=\"Col\u00f3quio de encerramento da mostra Adeus Conselheiro, 100 anos sem Rui Barbosa\" width=\"800\" height=\"450\" src=\"https:\/\/www.youtube.com\/embed\/zXjUvnjBvyg?feature=oembed\" frameborder=\"0\" allow=\"accelerometer; autoplay; clipboard-write; encrypted-media; gyroscope; picture-in-picture; web-share\" allowfullscreen><\/iframe><\/p>","protected":false},"excerpt":{"rendered":"<p>100 anos depois&#8230; Evento do dia 21 de junho de 2023 Col\u00f3quio de encerramento da mostra tempor\u00e1ria &#8220;Adeus, Conselheiro&#8221; &#8211; realiza\u00e7\u00e3o: Museu da Casa de Rui Barbosa: Col\u00f3quio &#8220;A reconstru\u00e7\u00e3o do quarto de Petr\u00f3polis&#8221; Participa\u00e7\u00e3o do pesquisador Marcos Veneu, da conservadora-restauradora J\u00e9ssica Maria da Silva e da tecnologista em conserva\u00e7\u00e3o de bens m\u00f3veis M\u00e1rcia Ribeiro, [&hellip;]<\/p>\n","protected":false},"author":3,"featured_media":0,"parent":0,"menu_order":0,"comment_status":"closed","ping_status":"closed","template":"","meta":{"footnotes":""},"class_list":["post-452","page","type-page","status-publish","hentry"],"_links":{"self":[{"href":"https:\/\/100anossemrui.casaruibarbosa.gov.br\/index.php?rest_route=\/wp\/v2\/pages\/452","targetHints":{"allow":["GET"]}}],"collection":[{"href":"https:\/\/100anossemrui.casaruibarbosa.gov.br\/index.php?rest_route=\/wp\/v2\/pages"}],"about":[{"href":"https:\/\/100anossemrui.casaruibarbosa.gov.br\/index.php?rest_route=\/wp\/v2\/types\/page"}],"author":[{"embeddable":true,"href":"https:\/\/100anossemrui.casaruibarbosa.gov.br\/index.php?rest_route=\/wp\/v2\/users\/3"}],"replies":[{"embeddable":true,"href":"https:\/\/100anossemrui.casaruibarbosa.gov.br\/index.php?rest_route=%2Fwp%2Fv2%2Fcomments&post=452"}],"version-history":[{"count":9,"href":"https:\/\/100anossemrui.casaruibarbosa.gov.br\/index.php?rest_route=\/wp\/v2\/pages\/452\/revisions"}],"predecessor-version":[{"id":527,"href":"https:\/\/100anossemrui.casaruibarbosa.gov.br\/index.php?rest_route=\/wp\/v2\/pages\/452\/revisions\/527"}],"wp:attachment":[{"href":"https:\/\/100anossemrui.casaruibarbosa.gov.br\/index.php?rest_route=%2Fwp%2Fv2%2Fmedia&parent=452"}],"curies":[{"name":"wp","href":"https:\/\/api.w.org\/{rel}","templated":true}]}}