{"id":567,"date":"2023-10-25T10:31:59","date_gmt":"2023-10-25T13:31:59","guid":{"rendered":"https:\/\/100anossemrui.casaruibarbosa.gov.br\/?page_id=567"},"modified":"2023-11-06T16:47:28","modified_gmt":"2023-11-06T19:47:28","slug":"evento-do-dia-1o-de-novembro-de-2023","status":"publish","type":"page","link":"https:\/\/100anossemrui.casaruibarbosa.gov.br\/?page_id=567","title":{"rendered":"Evento do dia 1\u00ba de novembro de 2023"},"content":{"rendered":"<h1 class=\"wp-block-heading\">100 anos depois&#8230;<\/h1>\r\n<!-- \/wp:post-content -->\r\n\r\n<!-- wp:heading {\"level\":3} -->\r\n<h3 class=\"wp-block-heading\">Evento do dia 1\u00ba de novembro de 2023<\/h3>\r\n<p class=\"wp-block-heading\"><strong>Anivers\u00e1rio do TCE-RJ:<\/strong><\/p>\r\n<!-- \/wp:heading -->\r\n\r\n<!-- wp:paragraph -->\r\n<p>Participa\u00e7\u00e3o do pesquisador da FCRB Jos\u00e9 Almino de Alencar<\/p>\r\n<p><a href=\"https:\/\/www.tcerj.tc.br\/portalnovo\/noticia\/ao_vivo_coloquio_aborda_centenario_de_morte_de_rui_barbosa_e_rememora_sua_trajetoria\" target=\"_blank\" rel=\"noopener\">Col\u00f3quio aborda centen\u00e1rio de morte de Rui Barbosa e rememora sua trajet\u00f3ria<\/a><\/p>\r\n<!-- \/wp:paragraph -->\r\n\r\n<!-- wp:paragraph -->\r\n<div id=\"envira-gallery-wrap-568\" class=\"envira-gallery-wrap envira-gallery-theme-base envira-lightbox-theme-base\" itemscope itemtype=\"https:\/\/schema.org\/ImageGallery\"><div data-row-height=\"600\" data-gallery-theme=\"normal\" id=\"envira-gallery-568\" class=\"envira-gallery-public envira-gallery-justified-public envira-gallery-0-columns envira-clear enviratope envira-gallery-css-animations\" data-envira-columns=\"0\"><div id=\"envira-gallery-item-637\" class=\"envira-gallery-item enviratope-item envira-gallery-item-1 envira-lazy-load\" style=\"padding-left: 5px; padding-bottom: 10px; padding-right: 5px;\"  itemscope itemtype=\"https:\/\/schema.org\/ImageObject\"><div class=\"envira-gallery-item-inner\"><div class=\"envira-gallery-position-overlay  envira-gallery-top-left\"><\/div><div class=\"envira-gallery-position-overlay  envira-gallery-top-right\"><\/div><div class=\"envira-gallery-position-overlay  envira-gallery-bottom-left\"><\/div><div class=\"envira-gallery-position-overlay  envira-gallery-bottom-right\"><\/div><a href=\"https:\/\/100anossemrui.casaruibarbosa.gov.br\/wp-content\/uploads\/2023\/10\/TCE_RJ-1.jpg\" class=\"envira-gallery-568 envira-gallery-link\" rel=\"enviragallery568\" title=\"\" data-envira-caption=\"\" data-envira-retina=\"\" data-thumbnail=\"\"  itemprop=\"contentUrl\"><img decoding=\"async\" id=\"envira-gallery-image-637\" class=\"envira-gallery-image envira-gallery-image-1 envira-normal envira-lazy\" data-envira-index=\"1\" src=\"https:\/\/100anossemrui.casaruibarbosa.gov.br\/wp-content\/uploads\/2023\/10\/TCE_RJ-1-724x1024-640x480.jpg\" data-envira-src=\"https:\/\/100anossemrui.casaruibarbosa.gov.br\/wp-content\/uploads\/2023\/10\/TCE_RJ-1-724x1024-640x480.jpg\" data-envira-gallery-id=\"568\" data-envira-item-id=\"637\" data-envira-caption=\"\" alt=\"\" title=\"\"  itemprop=\"thumbnailUrl\" data-envira-srcset=\"https:\/\/100anossemrui.casaruibarbosa.gov.br\/wp-content\/uploads\/2023\/10\/TCE_RJ-1-724x1024-640x480.jpg 400w,https:\/\/100anossemrui.casaruibarbosa.gov.br\/wp-content\/uploads\/2023\/10\/TCE_RJ-1-724x1024-640x480.jpg 2x\" data-envira-width=\"212\" data-envira-height=\"300\" srcset=\"data:image\/gif;base64,R0lGODlhAQABAIAAAP\/\/\/\/\/\/\/yH5BAEKAAEALAAAAAABAAEAAAICTAEAOw==\" data-safe-src=\"data:image\/gif;base64,R0lGODlhAQABAIAAAP\/\/\/\/\/\/\/yH5BAEKAAEALAAAAAABAAEAAAICTAEAOw==\" \/><\/a><\/div><\/div><\/div><\/div><noscript><img decoding=\"async\" src=\"https:\/\/100anossemrui.casaruibarbosa.gov.br\/wp-content\/uploads\/2023\/10\/TCE_RJ-1.jpg\" alt=\"\" \/><\/noscript>\r\n<p><iframe title=\"Solenidade de Imposi\u00e7\u00e3o do Colar do M\u00e9rito  do TCE-RJ\" width=\"800\" height=\"450\" src=\"https:\/\/www.youtube.com\/embed\/lU1EvTYBrsM?feature=oembed\" frameborder=\"0\" allow=\"accelerometer; autoplay; clipboard-write; encrypted-media; gyroscope; picture-in-picture; web-share\" allowfullscreen><\/iframe><\/p>","protected":false},"excerpt":{"rendered":"<p>100 anos depois&#8230; Evento do dia 1\u00ba de novembro de 2023 Anivers\u00e1rio do TCE-RJ: Participa\u00e7\u00e3o do pesquisador da FCRB Jos\u00e9 Almino de Alencar Col\u00f3quio aborda centen\u00e1rio de morte de Rui Barbosa e rememora sua trajet\u00f3ria<\/p>\n","protected":false},"author":3,"featured_media":0,"parent":0,"menu_order":0,"comment_status":"closed","ping_status":"closed","template":"","meta":{"footnotes":""},"class_list":["post-567","page","type-page","status-publish","hentry"],"_links":{"self":[{"href":"https:\/\/100anossemrui.casaruibarbosa.gov.br\/index.php?rest_route=\/wp\/v2\/pages\/567","targetHints":{"allow":["GET"]}}],"collection":[{"href":"https:\/\/100anossemrui.casaruibarbosa.gov.br\/index.php?rest_route=\/wp\/v2\/pages"}],"about":[{"href":"https:\/\/100anossemrui.casaruibarbosa.gov.br\/index.php?rest_route=\/wp\/v2\/types\/page"}],"author":[{"embeddable":true,"href":"https:\/\/100anossemrui.casaruibarbosa.gov.br\/index.php?rest_route=\/wp\/v2\/users\/3"}],"replies":[{"embeddable":true,"href":"https:\/\/100anossemrui.casaruibarbosa.gov.br\/index.php?rest_route=%2Fwp%2Fv2%2Fcomments&post=567"}],"version-history":[{"count":8,"href":"https:\/\/100anossemrui.casaruibarbosa.gov.br\/index.php?rest_route=\/wp\/v2\/pages\/567\/revisions"}],"predecessor-version":[{"id":749,"href":"https:\/\/100anossemrui.casaruibarbosa.gov.br\/index.php?rest_route=\/wp\/v2\/pages\/567\/revisions\/749"}],"wp:attachment":[{"href":"https:\/\/100anossemrui.casaruibarbosa.gov.br\/index.php?rest_route=%2Fwp%2Fv2%2Fmedia&parent=567"}],"curies":[{"name":"wp","href":"https:\/\/api.w.org\/{rel}","templated":true}]}}