{"id":590,"date":"2023-10-25T11:55:47","date_gmt":"2023-10-25T14:55:47","guid":{"rendered":"https:\/\/100anossemrui.casaruibarbosa.gov.br\/?page_id=590"},"modified":"2023-11-06T16:42:32","modified_gmt":"2023-11-06T19:42:32","slug":"trecho-sobre-a-educacao-e-a-construcao-do-pais","status":"publish","type":"page","link":"https:\/\/100anossemrui.casaruibarbosa.gov.br\/?page_id=590","title":{"rendered":"Trecho sobre a educa\u00e7\u00e3o e a constru\u00e7\u00e3o do pa\u00eds"},"content":{"rendered":"<p style=\"text-align: center;\"><strong>A educa\u00e7\u00e3o e a constru\u00e7\u00e3o do pa\u00eds<\/strong><\/p>\n<p>O primeiro ponto de partida das boas finan\u00e7as \u00e9 o derramamento do ensino, a cultura extensiva e intensiva da mentalidade nacional. A base de todo o c\u00e1lculo financeiro est\u00e1 na produ\u00e7\u00e3o; e a produ\u00e7\u00e3o \u00e9, no sentido mais cient\u00edfico, mais real, mais pr\u00e1tico da palavra, \u00e9, para nos servirmos da express\u00e3o de Horace Mann, &#8220;obra da intelig\u00eancia&#8221;. Todos abstratamente est\u00e3o dispostos a render homenagem a esta verdade; mas quase ningu\u00e9m, neste pa\u00eds, lhe \u00e9 fiel, ou sequer a compreende. De atestar que a educa\u00e7\u00e3o \u00e9 a matriz universal da felicidade humana, qualquer estadista nosso se honraria; mas transportem-se da ret\u00f3rica aos fatos, e ver\u00e3o que a frase n\u00e3o passa de um desses aforismos convencionais de mero aparato decorativo na eloqu\u00eancia dos oradores, e simples engodo na boca dos pol\u00edticos, para armarem \u00e0s simpatias da opini\u00e3o, a quem s\u00e3o sempre aceitas as causas nobres, os sentimentos generosos. O de que precisamos, \u00e9 de homens de Estado, que se conven\u00e7am efetivamente de que a suprema necessidade atual da p\u00e1tria est\u00e1 na cria\u00e7\u00e3o do ensino.<\/p>\n<p>O que falece aos nossos financeiros em geral \u00e9 esse singelo rudimento da ci\u00eancia das finan\u00e7as: que o primeiro elemento de fertiliza\u00e7\u00e3o da terra consiste na fecunda\u00e7\u00e3o do entendimento do povo; que a produtividade de um pa\u00eds est\u00e1 na raz\u00e3o direta da propaga\u00e7\u00e3o da ci\u00eancia entre os seus habitantes; que uma na\u00e7\u00e3o ser\u00e1 sempre tanto mais pobre, quanto menos difundida se achar nas camadas populares a educa\u00e7\u00e3o t\u00e9cnica e o saber positivo.&#8221;<\/p>\n<p>[<em>Reforma do ensino secund\u00e1rio e superior<\/em>. Rio de Janeiro: Minist\u00e9rio da Educa\u00e7\u00e3o e Sa\u00fade, 1942. p. 147-148. (Obras Completas de Rui Barbosa, v. 9, t. 1, 1882).]<\/p>\n<p><img decoding=\"async\" class=\"alignnone size-full wp-image-54 aligncenter\" src=\"https:\/\/100anossemrui.casaruibarbosa.gov.br\/wp-content\/uploads\/2023\/10\/assrb.gif\" alt=\"\" width=\"120\" height=\"30\" \/><\/p>\n<p>&nbsp;<\/p>\n<p style=\"text-align: center;\" data-wp-editing=\"1\"><a href=\"https:\/\/100anossemrui.casaruibarbosa.gov.br\/?page_id=28\"><img decoding=\"async\" class=\"alignnone wp-image-607\" src=\"https:\/\/100anossemrui.casaruibarbosa.gov.br\/wp-content\/uploads\/2023\/10\/voltar-300x300.png\" alt=\"\" width=\"40\" height=\"40\" srcset=\"https:\/\/100anossemrui.casaruibarbosa.gov.br\/wp-content\/uploads\/2023\/10\/voltar-300x300.png 300w, https:\/\/100anossemrui.casaruibarbosa.gov.br\/wp-content\/uploads\/2023\/10\/voltar-150x150.png 150w, https:\/\/100anossemrui.casaruibarbosa.gov.br\/wp-content\/uploads\/2023\/10\/voltar.png 512w\" sizes=\"(max-width: 40px) 100vw, 40px\" \/><\/a><br \/>\n<a href=\"https:\/\/100anossemrui.casaruibarbosa.gov.br\/?page_id=28\">Voltar<\/a><\/p>\n","protected":false},"excerpt":{"rendered":"<p>A educa\u00e7\u00e3o e a constru\u00e7\u00e3o do pa\u00eds O primeiro ponto de partida das boas finan\u00e7as \u00e9 o derramamento do ensino, a cultura extensiva e intensiva da mentalidade nacional. A base de todo o c\u00e1lculo financeiro est\u00e1 na produ\u00e7\u00e3o; e a produ\u00e7\u00e3o \u00e9, no sentido mais cient\u00edfico, mais real, mais pr\u00e1tico da palavra, \u00e9, para nos [&hellip;]<\/p>\n","protected":false},"author":3,"featured_media":0,"parent":0,"menu_order":0,"comment_status":"closed","ping_status":"closed","template":"","meta":{"footnotes":""},"class_list":["post-590","page","type-page","status-publish","hentry"],"_links":{"self":[{"href":"https:\/\/100anossemrui.casaruibarbosa.gov.br\/index.php?rest_route=\/wp\/v2\/pages\/590","targetHints":{"allow":["GET"]}}],"collection":[{"href":"https:\/\/100anossemrui.casaruibarbosa.gov.br\/index.php?rest_route=\/wp\/v2\/pages"}],"about":[{"href":"https:\/\/100anossemrui.casaruibarbosa.gov.br\/index.php?rest_route=\/wp\/v2\/types\/page"}],"author":[{"embeddable":true,"href":"https:\/\/100anossemrui.casaruibarbosa.gov.br\/index.php?rest_route=\/wp\/v2\/users\/3"}],"replies":[{"embeddable":true,"href":"https:\/\/100anossemrui.casaruibarbosa.gov.br\/index.php?rest_route=%2Fwp%2Fv2%2Fcomments&post=590"}],"version-history":[{"count":10,"href":"https:\/\/100anossemrui.casaruibarbosa.gov.br\/index.php?rest_route=\/wp\/v2\/pages\/590\/revisions"}],"predecessor-version":[{"id":743,"href":"https:\/\/100anossemrui.casaruibarbosa.gov.br\/index.php?rest_route=\/wp\/v2\/pages\/590\/revisions\/743"}],"wp:attachment":[{"href":"https:\/\/100anossemrui.casaruibarbosa.gov.br\/index.php?rest_route=%2Fwp%2Fv2%2Fmedia&parent=590"}],"curies":[{"name":"wp","href":"https:\/\/api.w.org\/{rel}","templated":true}]}}