{"id":752,"date":"2024-04-19T15:30:20","date_gmt":"2024-04-19T18:30:20","guid":{"rendered":"https:\/\/100anossemrui.casaruibarbosa.gov.br\/?page_id=752"},"modified":"2024-04-19T15:30:55","modified_gmt":"2024-04-19T18:30:55","slug":"evento-dos-dias-7-8-e-9-de-novembro-de-2023-2","status":"publish","type":"page","link":"https:\/\/100anossemrui.casaruibarbosa.gov.br\/?page_id=752","title":{"rendered":"Evento dos dias 7, 8 e 9 de novembro de 2023"},"content":{"rendered":"<h1 class=\"wp-block-heading\">100 anos depois&#8230;<\/h1>\r\n<!-- \/wp:post-content -->\r\n\r\n<!-- wp:heading {\"level\":3} -->\r\n<h3 class=\"wp-block-heading\">Evento dos dias 7, 8 e 9 de novembro de 2023<\/h3>\r\n<!-- \/wp:heading -->\r\n\r\n<!-- wp:paragraph -->\r\n<p><strong>Semin\u00e1rio 100 anos sem Rui: o homem e sua Funda\u00e7\u00e3o<\/strong><\/p>\r\n<p>Organiza\u00e7\u00e3o: Soraia Farias Reolon, Laura do Carmo, Christian Lynch e Jos\u00e9 Almino de Alencar.<\/p>\r\n<p>Com a participa\u00e7\u00e3o de pesquisadores da FCRB e convidados.<\/p>\r\n<!-- \/wp:paragraph -->\r\n\r\n<!-- wp:paragraph -->\r\n<div id=\"envira-gallery-wrap-530\" class=\"envira-gallery-wrap envira-gallery-theme-base envira-lightbox-theme-base\" itemscope itemtype=\"https:\/\/schema.org\/ImageGallery\"><div data-row-height=\"600\" data-gallery-theme=\"normal\" id=\"envira-gallery-530\" class=\"envira-gallery-public envira-gallery-justified-public envira-gallery-0-columns envira-clear enviratope envira-gallery-css-animations\" data-envira-columns=\"0\"><div id=\"envira-gallery-item-531\" class=\"envira-gallery-item enviratope-item envira-gallery-item-1 envira-lazy-load\" style=\"padding-left: 5px; padding-bottom: 10px; padding-right: 5px;\"  itemscope itemtype=\"https:\/\/schema.org\/ImageObject\"><div class=\"envira-gallery-item-inner\"><div class=\"envira-gallery-position-overlay  envira-gallery-top-left\"><\/div><div class=\"envira-gallery-position-overlay  envira-gallery-top-right\"><\/div><div class=\"envira-gallery-position-overlay  envira-gallery-bottom-left\"><\/div><div class=\"envira-gallery-position-overlay  envira-gallery-bottom-right\"><\/div><a href=\"https:\/\/100anossemrui.casaruibarbosa.gov.br\/wp-content\/uploads\/2023\/10\/convite-100-anos-sem-Rui.png\" class=\"envira-gallery-530 envira-gallery-link\" rel=\"enviragallery530\" title=\"Semin\u00e1rio 100 anos sem Rui: o homem e sua Funda\u00e7\u00e3o\" data-envira-caption=\"Semin\u00e1rio 100 anos sem Rui: o homem e sua Funda\u00e7\u00e3o\" data-envira-retina=\"\" data-thumbnail=\"\"  itemprop=\"contentUrl\"><img decoding=\"async\" id=\"envira-gallery-image-531\" class=\"envira-gallery-image envira-gallery-image-1 envira-normal envira-lazy\" data-envira-index=\"1\" src=\"https:\/\/100anossemrui.casaruibarbosa.gov.br\/wp-content\/uploads\/2023\/10\/convite-100-anos-sem-Rui-1024x856-640x480.png\" data-envira-src=\"https:\/\/100anossemrui.casaruibarbosa.gov.br\/wp-content\/uploads\/2023\/10\/convite-100-anos-sem-Rui-1024x856-640x480.png\" data-envira-gallery-id=\"530\" data-envira-item-id=\"531\" data-envira-caption=\"Semin\u00e1rio 100 anos sem Rui: o homem e sua Funda\u00e7\u00e3o\" alt=\"\" title=\"Semin\u00e1rio 100 anos sem Rui: o homem e sua Funda\u00e7\u00e3o\"  itemprop=\"thumbnailUrl\" data-envira-srcset=\"https:\/\/100anossemrui.casaruibarbosa.gov.br\/wp-content\/uploads\/2023\/10\/convite-100-anos-sem-Rui-1024x856-640x480.png 400w,https:\/\/100anossemrui.casaruibarbosa.gov.br\/wp-content\/uploads\/2023\/10\/convite-100-anos-sem-Rui-1024x856-640x480.png 2x\" data-envira-width=\"300\" data-envira-height=\"251\" srcset=\"data:image\/gif;base64,R0lGODlhAQABAIAAAP\/\/\/\/\/\/\/yH5BAEKAAEALAAAAAABAAEAAAICTAEAOw==\" data-safe-src=\"data:image\/gif;base64,R0lGODlhAQABAIAAAP\/\/\/\/\/\/\/yH5BAEKAAEALAAAAAABAAEAAAICTAEAOw==\" \/><\/a><\/div><\/div><\/div><\/div><noscript><img decoding=\"async\" src=\"https:\/\/100anossemrui.casaruibarbosa.gov.br\/wp-content\/uploads\/2023\/10\/convite-100-anos-sem-Rui.png\" alt=\"\" \/><\/noscript>\r\n<p><a href=\"https:\/\/100anossemrui.casaruibarbosa.gov.br\/wp-content\/uploads\/2023\/10\/Seminario-100anos-semRui-logo-endereco.pdf\">Clique aqui para acessar a programa\u00e7\u00e3o completa em pdf<\/a><\/p>\r\n<div id=\"envira-gallery-wrap-687\" class=\"envira-gallery-wrap envira-gallery-theme-base envira-lightbox-theme-base\" itemscope itemtype=\"https:\/\/schema.org\/ImageGallery\"><div data-row-height=\"\" data-gallery-theme=\"\" id=\"envira-gallery-687\" class=\"envira-gallery-public  envira-gallery-1-columns envira-clear enviratope envira-gallery-css-animations\" data-envira-columns=\"1\"><div id=\"envira-gallery-item-688\" class=\"envira-gallery-item enviratope-item envira-gallery-item-1 envira-lazy-load\" style=\"padding-left: 5px; padding-bottom: 10px; padding-right: 5px;\"  itemscope itemtype=\"https:\/\/schema.org\/ImageObject\"><div class=\"envira-gallery-item-inner\"><div class=\"envira-gallery-position-overlay  envira-gallery-top-left\"><\/div><div class=\"envira-gallery-position-overlay  envira-gallery-top-right\"><\/div><div class=\"envira-gallery-position-overlay  envira-gallery-bottom-left\"><\/div><div class=\"envira-gallery-position-overlay  envira-gallery-bottom-right\"><\/div><a href=\"https:\/\/100anossemrui.casaruibarbosa.gov.br\/wp-content\/uploads\/2023\/10\/Seminario-100anos-semRui-logo-endereco_Pagina_1.png\" class=\"envira-gallery-687 envira-gallery-link\" rel=\"enviragallery687\" title=\"\" data-envira-caption=\"\" data-envira-retina=\"\" data-thumbnail=\"\"  itemprop=\"contentUrl\"><div class=\"envira-lazy\" data-test-width=\"640\" data-test-height=\"480\" style=\"padding-bottom:75%;\"><img decoding=\"async\" id=\"envira-gallery-image-688\" class=\"envira-gallery-image envira-gallery-image-1\" data-envira-index=\"1\" src=\"https:\/\/100anossemrui.casaruibarbosa.gov.br\/wp-content\/uploads\/2023\/10\/Seminario-100anos-semRui-logo-endereco_Pagina_1-725x1024-640x480.png\" data-envira-src=\"https:\/\/100anossemrui.casaruibarbosa.gov.br\/wp-content\/uploads\/2023\/10\/Seminario-100anos-semRui-logo-endereco_Pagina_1-725x1024-640x480.png\" data-envira-gallery-id=\"687\" data-envira-item-id=\"688\" data-envira-caption=\"\" alt=\"\" title=\"\"  itemprop=\"thumbnailUrl\" data-envira-srcset=\"https:\/\/100anossemrui.casaruibarbosa.gov.br\/wp-content\/uploads\/2023\/10\/Seminario-100anos-semRui-logo-endereco_Pagina_1-725x1024-640x480.png 400w,https:\/\/100anossemrui.casaruibarbosa.gov.br\/wp-content\/uploads\/2023\/10\/Seminario-100anos-semRui-logo-endereco_Pagina_1-725x1024-640x480.png 2x\" srcset=\"data:image\/gif;base64,R0lGODlhAQABAIAAAP\/\/\/\/\/\/\/yH5BAEKAAEALAAAAAABAAEAAAICTAEAOw==\" \/><\/div><\/a><\/div><\/div><div id=\"envira-gallery-item-689\" class=\"envira-gallery-item enviratope-item envira-gallery-item-2 envira-lazy-load\" style=\"padding-left: 5px; padding-bottom: 10px; padding-right: 5px;\"  itemscope itemtype=\"https:\/\/schema.org\/ImageObject\"><div class=\"envira-gallery-item-inner\"><div class=\"envira-gallery-position-overlay  envira-gallery-top-left\"><\/div><div class=\"envira-gallery-position-overlay  envira-gallery-top-right\"><\/div><div class=\"envira-gallery-position-overlay  envira-gallery-bottom-left\"><\/div><div class=\"envira-gallery-position-overlay  envira-gallery-bottom-right\"><\/div><a href=\"https:\/\/100anossemrui.casaruibarbosa.gov.br\/wp-content\/uploads\/2023\/10\/Seminario-100anos-semRui-logo-endereco_Pagina_2.png\" class=\"envira-gallery-687 envira-gallery-link\" rel=\"enviragallery687\" title=\"\" data-envira-caption=\"\" data-envira-retina=\"\" data-thumbnail=\"\"  itemprop=\"contentUrl\"><div class=\"envira-lazy\" data-test-width=\"640\" data-test-height=\"480\" style=\"padding-bottom:75%;\"><img decoding=\"async\" id=\"envira-gallery-image-689\" class=\"envira-gallery-image envira-gallery-image-2\" data-envira-index=\"2\" src=\"https:\/\/100anossemrui.casaruibarbosa.gov.br\/wp-content\/uploads\/2023\/10\/Seminario-100anos-semRui-logo-endereco_Pagina_2-725x1024-640x480.png\" data-envira-src=\"https:\/\/100anossemrui.casaruibarbosa.gov.br\/wp-content\/uploads\/2023\/10\/Seminario-100anos-semRui-logo-endereco_Pagina_2-725x1024-640x480.png\" data-envira-gallery-id=\"687\" data-envira-item-id=\"689\" data-envira-caption=\"\" alt=\"\" title=\"\"  itemprop=\"thumbnailUrl\" data-envira-srcset=\"https:\/\/100anossemrui.casaruibarbosa.gov.br\/wp-content\/uploads\/2023\/10\/Seminario-100anos-semRui-logo-endereco_Pagina_2-725x1024-640x480.png 400w,https:\/\/100anossemrui.casaruibarbosa.gov.br\/wp-content\/uploads\/2023\/10\/Seminario-100anos-semRui-logo-endereco_Pagina_2-725x1024-640x480.png 2x\" srcset=\"data:image\/gif;base64,R0lGODlhAQABAIAAAP\/\/\/\/\/\/\/yH5BAEKAAEALAAAAAABAAEAAAICTAEAOw==\" \/><\/div><\/a><\/div><\/div><div id=\"envira-gallery-item-691\" class=\"envira-gallery-item enviratope-item envira-gallery-item-3 envira-lazy-load\" style=\"padding-left: 5px; padding-bottom: 10px; padding-right: 5px;\"  itemscope itemtype=\"https:\/\/schema.org\/ImageObject\"><div class=\"envira-gallery-item-inner\"><div class=\"envira-gallery-position-overlay  envira-gallery-top-left\"><\/div><div class=\"envira-gallery-position-overlay  envira-gallery-top-right\"><\/div><div class=\"envira-gallery-position-overlay  envira-gallery-bottom-left\"><\/div><div class=\"envira-gallery-position-overlay  envira-gallery-bottom-right\"><\/div><a href=\"https:\/\/100anossemrui.casaruibarbosa.gov.br\/wp-content\/uploads\/2023\/10\/Seminario-100anos-semRui-logo-endereco_Pagina_3.png\" class=\"envira-gallery-687 envira-gallery-link\" rel=\"enviragallery687\" title=\"\" data-envira-caption=\"\" data-envira-retina=\"\" data-thumbnail=\"\"  itemprop=\"contentUrl\"><div class=\"envira-lazy\" data-test-width=\"640\" data-test-height=\"480\" style=\"padding-bottom:75%;\"><img decoding=\"async\" id=\"envira-gallery-image-691\" class=\"envira-gallery-image envira-gallery-image-3\" data-envira-index=\"3\" src=\"https:\/\/100anossemrui.casaruibarbosa.gov.br\/wp-content\/uploads\/2023\/10\/Seminario-100anos-semRui-logo-endereco_Pagina_3-725x1024-640x480.png\" data-envira-src=\"https:\/\/100anossemrui.casaruibarbosa.gov.br\/wp-content\/uploads\/2023\/10\/Seminario-100anos-semRui-logo-endereco_Pagina_3-725x1024-640x480.png\" data-envira-gallery-id=\"687\" data-envira-item-id=\"691\" data-envira-caption=\"\" alt=\"\" title=\"\"  itemprop=\"thumbnailUrl\" data-envira-srcset=\"https:\/\/100anossemrui.casaruibarbosa.gov.br\/wp-content\/uploads\/2023\/10\/Seminario-100anos-semRui-logo-endereco_Pagina_3-725x1024-640x480.png 400w,https:\/\/100anossemrui.casaruibarbosa.gov.br\/wp-content\/uploads\/2023\/10\/Seminario-100anos-semRui-logo-endereco_Pagina_3-725x1024-640x480.png 2x\" srcset=\"data:image\/gif;base64,R0lGODlhAQABAIAAAP\/\/\/\/\/\/\/yH5BAEKAAEALAAAAAABAAEAAAICTAEAOw==\" \/><\/div><\/a><\/div><\/div><div id=\"envira-gallery-item-692\" class=\"envira-gallery-item enviratope-item envira-gallery-item-4 envira-lazy-load\" style=\"padding-left: 5px; padding-bottom: 10px; padding-right: 5px;\"  itemscope itemtype=\"https:\/\/schema.org\/ImageObject\"><div class=\"envira-gallery-item-inner\"><div class=\"envira-gallery-position-overlay  envira-gallery-top-left\"><\/div><div class=\"envira-gallery-position-overlay  envira-gallery-top-right\"><\/div><div class=\"envira-gallery-position-overlay  envira-gallery-bottom-left\"><\/div><div class=\"envira-gallery-position-overlay  envira-gallery-bottom-right\"><\/div><a href=\"https:\/\/100anossemrui.casaruibarbosa.gov.br\/wp-content\/uploads\/2023\/10\/Seminario-100anos-semRui-logo-endereco_Pagina_4.png\" class=\"envira-gallery-687 envira-gallery-link\" rel=\"enviragallery687\" title=\"\" data-envira-caption=\"\" data-envira-retina=\"\" data-thumbnail=\"\"  itemprop=\"contentUrl\"><div class=\"envira-lazy\" data-test-width=\"640\" data-test-height=\"480\" style=\"padding-bottom:75%;\"><img decoding=\"async\" id=\"envira-gallery-image-692\" class=\"envira-gallery-image envira-gallery-image-4\" data-envira-index=\"4\" src=\"https:\/\/100anossemrui.casaruibarbosa.gov.br\/wp-content\/uploads\/2023\/10\/Seminario-100anos-semRui-logo-endereco_Pagina_4-725x1024-640x480.png\" data-envira-src=\"https:\/\/100anossemrui.casaruibarbosa.gov.br\/wp-content\/uploads\/2023\/10\/Seminario-100anos-semRui-logo-endereco_Pagina_4-725x1024-640x480.png\" data-envira-gallery-id=\"687\" data-envira-item-id=\"692\" data-envira-caption=\"\" alt=\"\" title=\"\"  itemprop=\"thumbnailUrl\" data-envira-srcset=\"https:\/\/100anossemrui.casaruibarbosa.gov.br\/wp-content\/uploads\/2023\/10\/Seminario-100anos-semRui-logo-endereco_Pagina_4-725x1024-640x480.png 400w,https:\/\/100anossemrui.casaruibarbosa.gov.br\/wp-content\/uploads\/2023\/10\/Seminario-100anos-semRui-logo-endereco_Pagina_4-725x1024-640x480.png 2x\" srcset=\"data:image\/gif;base64,R0lGODlhAQABAIAAAP\/\/\/\/\/\/\/yH5BAEKAAEALAAAAAABAAEAAAICTAEAOw==\" \/><\/div><\/a><\/div><\/div><div id=\"envira-gallery-item-693\" class=\"envira-gallery-item enviratope-item envira-gallery-item-5 envira-lazy-load\" style=\"padding-left: 5px; padding-bottom: 10px; padding-right: 5px;\"  itemscope itemtype=\"https:\/\/schema.org\/ImageObject\"><div class=\"envira-gallery-item-inner\"><div class=\"envira-gallery-position-overlay  envira-gallery-top-left\"><\/div><div class=\"envira-gallery-position-overlay  envira-gallery-top-right\"><\/div><div class=\"envira-gallery-position-overlay  envira-gallery-bottom-left\"><\/div><div class=\"envira-gallery-position-overlay  envira-gallery-bottom-right\"><\/div><a href=\"https:\/\/100anossemrui.casaruibarbosa.gov.br\/wp-content\/uploads\/2023\/10\/Seminario-100anos-semRui-logo-endereco_Pagina_5.png\" class=\"envira-gallery-687 envira-gallery-link\" rel=\"enviragallery687\" title=\"\" data-envira-caption=\"\" data-envira-retina=\"\" data-thumbnail=\"\"  itemprop=\"contentUrl\"><div class=\"envira-lazy\" data-test-width=\"640\" data-test-height=\"480\" style=\"padding-bottom:75%;\"><img decoding=\"async\" id=\"envira-gallery-image-693\" class=\"envira-gallery-image envira-gallery-image-5\" data-envira-index=\"5\" src=\"https:\/\/100anossemrui.casaruibarbosa.gov.br\/wp-content\/uploads\/2023\/10\/Seminario-100anos-semRui-logo-endereco_Pagina_5-724x1024-640x480.png\" data-envira-src=\"https:\/\/100anossemrui.casaruibarbosa.gov.br\/wp-content\/uploads\/2023\/10\/Seminario-100anos-semRui-logo-endereco_Pagina_5-724x1024-640x480.png\" data-envira-gallery-id=\"687\" data-envira-item-id=\"693\" data-envira-caption=\"\" alt=\"\" title=\"\"  itemprop=\"thumbnailUrl\" data-envira-srcset=\"https:\/\/100anossemrui.casaruibarbosa.gov.br\/wp-content\/uploads\/2023\/10\/Seminario-100anos-semRui-logo-endereco_Pagina_5-724x1024-640x480.png 400w,https:\/\/100anossemrui.casaruibarbosa.gov.br\/wp-content\/uploads\/2023\/10\/Seminario-100anos-semRui-logo-endereco_Pagina_5-724x1024-640x480.png 2x\" srcset=\"data:image\/gif;base64,R0lGODlhAQABAIAAAP\/\/\/\/\/\/\/yH5BAEKAAEALAAAAAABAAEAAAICTAEAOw==\" \/><\/div><\/a><\/div><\/div><\/div><\/div><noscript><img decoding=\"async\" src=\"https:\/\/100anossemrui.casaruibarbosa.gov.br\/wp-content\/uploads\/2023\/10\/Seminario-100anos-semRui-logo-endereco_Pagina_1.png\" alt=\"\" \/><img decoding=\"async\" src=\"https:\/\/100anossemrui.casaruibarbosa.gov.br\/wp-content\/uploads\/2023\/10\/Seminario-100anos-semRui-logo-endereco_Pagina_2.png\" alt=\"\" \/><img decoding=\"async\" src=\"https:\/\/100anossemrui.casaruibarbosa.gov.br\/wp-content\/uploads\/2023\/10\/Seminario-100anos-semRui-logo-endereco_Pagina_3.png\" alt=\"\" \/><img decoding=\"async\" src=\"https:\/\/100anossemrui.casaruibarbosa.gov.br\/wp-content\/uploads\/2023\/10\/Seminario-100anos-semRui-logo-endereco_Pagina_4.png\" alt=\"\" \/><img decoding=\"async\" src=\"https:\/\/100anossemrui.casaruibarbosa.gov.br\/wp-content\/uploads\/2023\/10\/Seminario-100anos-semRui-logo-endereco_Pagina_5.png\" alt=\"\" \/><\/noscript>\r\n<p>&nbsp;<\/p>\r\n<h3><strong>Grava\u00e7\u00f5es do semin\u00e1rio<\/strong><\/h3>\r\n<h6><strong>V\u00eddeo 1 &#8211; Dia 7\/11\/2023:<\/strong><\/h6>\r\n<p><strong>Apresenta\u00e7\u00e3o do evento<\/strong><br \/>Alexandre Santini (Presidente\/FCRB)<br \/>Ant\u00f4nio Herculano Lopes (Diretor do Centro de Pesquisa\/FCRB)<br \/>Soraia Farias Reolon (Chefe do Ruiano\/FCRB)<\/p>\r\n<p><strong>Confer\u00eancia de abertura<\/strong><br \/>Apresenta\u00e7\u00e3o: Ant\u00f4nio Herculano Lopes (Diretor do Centro de Pesquisa\/FCRB)<\/p>\r\n<p><em>Rui Barbosa, um liberal na pol\u00edtica brasileira<\/em> &#8211; Jos\u00e9 Almino de Alencar (Filologia\/FCRB)<\/p>\r\n<p><strong>Mesa 1: Judici\u00e1rio<\/strong><br \/>Coordena\u00e7\u00e3o: Christian Lynch (Direito\/FCRB)<\/p>\r\n<p><em>Rui Barbosa na estrutura\u00e7\u00e3o do Judici\u00e1rio de 1891<\/em> &#8211; Leonardo Sato (UFF)<\/p>\r\n<p><em>Rui e a doutrina brasileira do habeas corpus<\/em> &#8211; Carlos Guilherme Lugones (PUC-Rio)<\/p>\r\n<p><em>A influ\u00eancia do judiciarismo ruiano no liberalismo brasileiro do s\u00e9culo XX<\/em> &#8211; Wingler Alves Pereira (Iesp-Uerj)<\/p>\r\n<p><em>A atualidade de Rui Barbosa \u00e0 cultura do Estado Democr\u00e1tico de Direito no centen\u00e1rio de sua morte<\/em> &#8211; Ruy Samuel Esp\u00edndola (OAB-SC)<\/p>\r\n<p><iframe title=\"Semin\u00e1rio 100 anos, sem Rui: o homem e sua Funda\u00e7\u00e3o dia 7\/11\" width=\"800\" height=\"450\" src=\"https:\/\/www.youtube.com\/embed\/cdfVHRbuwok?feature=oembed\" frameborder=\"0\" allow=\"accelerometer; autoplay; clipboard-write; encrypted-media; gyroscope; picture-in-picture; web-share\" referrerpolicy=\"strict-origin-when-cross-origin\" allowfullscreen><\/iframe><\/p>\r\n<h6>\u00a0<\/h6>\r\n<h6><strong>V\u00eddeo 2 &#8211; Dia 7\/11\/2023:<\/strong><\/h6>\r\n<p><strong>Mesa 2: Rep\u00fablica<\/strong><br \/>Coordena\u00e7\u00e3o: Marcelo Gantus Jasmin (pesquisador CNPq)<\/p>\r\n<p><em>Rui Barbosa e os processos eleitorais da Primeira Rep\u00fablica<\/em> &#8211; Cl\u00e1udia Viscardi (UFJF)<\/p>\r\n<p><em>Rui Barbosa e o imagin\u00e1rio da Rep\u00fablica no Brasil: algumas interpreta\u00e7\u00f5es e disputas<\/em> &#8211; Jorge Chaloub (UFRJ, UFJF)<\/p>\r\n<p><em>Atualidade do ide\u00e1rio republicano de Rui<\/em> &#8211; Christian Lynch (Direito\/FCRB)<\/p>\r\n<p><strong>Mesa 3: Pol\u00edtica externa\/direito internacional<\/strong><br \/>Coordena\u00e7\u00e3o: Jos\u00e9 Almino de Alencar (FCRB)<\/p>\r\n<p><em>Rui Barbosa e a geopol\u00edtica: o Brasil na Confer\u00eancia de Haia<\/em> &#8211; Christiane Laidler (Uerj)<\/p>\r\n<p><em>Um homem contra uma guerra: a conex\u00e3o entre a Confer\u00eancia da Haia e a Confer\u00eancia de Buenos Aires &#8211; <\/em>Paulo Em\u00edlio Vauthier Borges de Macedo (Uerj)<\/p>\r\n<p><em>Rui Barbosa e a R\u00fassia<\/em> &#8211; Carlos Henrique Cardim (MRE, UnB)<\/p>\r\n<p><iframe title=\"Semin\u00e1rio 100 anos, sem Rui: o homem e sua Funda\u00e7\u00e3o dia 7\/11\" width=\"800\" height=\"450\" src=\"https:\/\/www.youtube.com\/embed\/FWN74qrUI9M?feature=oembed\" frameborder=\"0\" allow=\"accelerometer; autoplay; clipboard-write; encrypted-media; gyroscope; picture-in-picture; web-share\" referrerpolicy=\"strict-origin-when-cross-origin\" allowfullscreen><\/iframe><\/p>\r\n<h6>\u00a0<\/h6>\r\n<h6><strong>V\u00eddeo 3 &#8211; Dia 8\/11\/2023:<\/strong><\/h6>\r\n<p><strong>Mesa 4: Instru\u00e7\u00e3o\/Educa\u00e7\u00e3o<\/strong><br \/>Coordena\u00e7\u00e3o: Soraia Farias Reolon (Ruiano\/FCRB)<\/p>\r\n<p><em>A norma que Rui: a crise normativa brasileira no final do s\u00e9culo XIX<\/em> &#8211; Em\u00edlio Gozze Pagotto (Unicamp)<\/p>\r\n<p><em>Os pareceres de Rui Barbosa sobre a reforma da instru\u00e7\u00e3o p\u00fablica no Imp\u00e9rio: obrigatoriedade do ensino p\u00fablico como for\u00e7a motriz da forma\u00e7\u00e3o do cidad\u00e3o e de uma sociedade liberal\u00a0 democr\u00e1tica<\/em> &#8211; Fl\u00e1via R\u00e9 (USP, CEETEPS)<\/p>\r\n<p><em>Rui Barbosa leitor de John Ruskin<\/em> &#8211; Cl\u00e1udio Silveira Amaral (Unesp)<\/p>\r\n<p><iframe title=\"Semin\u00e1rio 100 anos, sem Rui: o homem e sua Funda\u00e7\u00e3o dia 08\/11\" width=\"800\" height=\"450\" src=\"https:\/\/www.youtube.com\/embed\/cYtSBz1zzfg?feature=oembed\" frameborder=\"0\" allow=\"accelerometer; autoplay; clipboard-write; encrypted-media; gyroscope; picture-in-picture; web-share\" referrerpolicy=\"strict-origin-when-cross-origin\" allowfullscreen><\/iframe><\/p>\r\n<p>&nbsp;<\/p>\r\n<h6><strong>V\u00eddeo 4 &#8211; Dia 8\/11\/2023:<\/strong><\/h6>\r\n<p><strong>Mesa 5: Arquivo Rui Barbosa: atravessando o tempo, representando seu produtor e a atualidade de seu pensamento<\/strong><br \/>Coordena\u00e7\u00e3o: Leandro Jaccoud (Arquivo Hist\u00f3rico e Institucional\/FCRB)<\/p>\r\n<p><em>O homem, sua vida e seu arquivo<\/em> &#8211; Lucia Maria Velloso Oliveira (UFF e PPGMA-FCRB)<\/p>\r\n<p><em>O arquivo Rui Barbosa: organiza\u00e7\u00e3o, preserva\u00e7\u00e3o e acesso<\/em> &#8211; Bianca Panisset (Arquivo Hist\u00f3rico e Institucional\/FCRB)<\/p>\r\n<p><em>Site 100 anos da Campanha Civilista: um produto da pesquisa no PPGMA da FCRB<\/em> &#8211; Maria Madalena Schmid<\/p>\r\n<p><strong>Depoimento 1<\/strong><br \/>Apresenta\u00e7\u00e3o: Jos\u00e9 Almino de Alencar (Filologia\/FCRB)<\/p>\r\n<p>70 anos do Centro de Pesquisa &#8211; Rachel Valen\u00e7a (IMS-RJ)<\/p>\r\n<p><strong>Mesa 6: Edi\u00e7\u00e3o de textos na FCRB<\/strong><br \/>Coordena\u00e7\u00e3o: Laura do Carmo (Ruiano\/FCRB)<\/p>\r\n<p><em>A edi\u00e7\u00e3o das Obras Completas de Rui Barbosa e a forma\u00e7\u00e3o de profissionais em edi\u00e7\u00e3o de texto<\/em> &#8211; Soraia Reolon (Ruiano\/FCRB)<\/p>\r\n<p><em>Pesquisas de fontes no projeto das OCRB: em busca de um manuscrito<\/em> &#8211; Julia Borges (FCRB)<\/p>\r\n<p><em>Edi\u00e7\u00e3o cr\u00edtica de O Guesa de J. de Sous\u00e2ndrade: perspectivas em cr\u00edtica textual<\/em> &#8211; Jussara Maria Menezes Quadros (FCRB)<\/p>\r\n<p><strong>Palestra de encerramento<\/strong><br \/>Apresenta\u00e7\u00e3o: Ana L\u00edgia Medeiros (AMLB\/FCRB)<\/p>\r\n<p><em>Colabora\u00e7\u00e3o dos bolsistas de inicia\u00e7\u00e3o cient\u00edfica na pesquisa Hist\u00f3ria Social das L\u00ednguas no Brasil: 2003-2023<\/em> &#8211; Ivana Stolze Lima (Hist\u00f3ria\/FCRB)<\/p>\r\n<p><iframe title=\"Semin\u00e1rio 100 anos, sem Rui: o homem e sua Funda\u00e7\u00e3o dia 08\/11\" width=\"800\" height=\"450\" src=\"https:\/\/www.youtube.com\/embed\/nqZErZQuslI?feature=oembed\" frameborder=\"0\" allow=\"accelerometer; autoplay; clipboard-write; encrypted-media; gyroscope; picture-in-picture; web-share\" referrerpolicy=\"strict-origin-when-cross-origin\" allowfullscreen><\/iframe><\/p>\r\n<h6>\u00a0<\/h6>\r\n<h6><strong>V\u00eddeo 5 &#8211; Dia 9\/11\/2023:<\/strong><\/h6>\r\n<p><strong>Depoimento 2<\/strong><br \/>Apresenta\u00e7\u00e3o: Soraia Reolon (Ruiano\/FCRB)<\/p>\r\n<p><strong>Mesa 7: Arquivo-Museu de Literatura Brasileira, Biblioteca e Conserva\u00e7\u00e3o<\/strong><br \/>Coordena\u00e7\u00e3o: Maria Andrade (Arquivo-Museu de Literatura Brasileira\/FCRB)<\/p>\r\n<p><em>O Sabadoyle<\/em> &#8211; Ros\u00e2ngela Florido Rangel (Arquivo-Museu de Literatura Brasileira\/FCRB)<br \/><em>Biblioteca de Rui Barbosa: patrim\u00f4nio bibliogr\u00e1fico e bibliotec\u00e1rio<\/em> &#8211; Let\u00edcia Krauss Provenzano (Biblioteca\/FCRB)<\/p>\r\n<p><em>Dicion\u00e1rios na Biblioteca Rui Barbosa<\/em> &#8211; Laura do Carmo (Ruiano\/FCRB)<\/p>\r\n<p><em>Preserva\u00e7\u00e3o da cole\u00e7\u00e3o bibliogr\u00e1fica de Rui Barbosa: resgate de identidade hist\u00f3rica<\/em> &#8211; Edmar Moraes Gon\u00e7alves (Servi\u00e7o de Preserva\u00e7\u00e3o\/FCRB)<\/p>\r\n<p><strong>Mesa 8: A casa, o jardim, a mem\u00f3ria<\/strong><br \/>Coordena\u00e7\u00e3o: Claudia S. Rodrigues de Carvalho (PPGMA\/FCRB)<\/p>\r\n<p><em>O gosto do dono: Rui, a casa e as artes decorativas finisseculares &#8211; <\/em>Ana Pessoa (Hist\u00f3ria\/FCRB)<\/p>\r\n<p><em>Museu Casa de Rui Barbosa, personagem e resson\u00e2ncia<\/em> &#8211; Aparecida Rangel (Museu\/FCRB)<\/p>\r\n<p><em>Museu e outros personagens: Maria Augusta Rui Barbosa<\/em> &#8211; Gabriela Faria (Museu\/FCRB)<\/p>\r\n<p><em>Preserva\u00e7\u00e3o do museu casa: a\u00e7\u00f5es sobre o patrim\u00f4nio arquitet\u00f4nico e paisag\u00edstico<\/em> &#8211; M\u00e1rcia Furriel (N\u00facleo de Preserva\u00e7\u00e3o Arquitet\u00f4nica\/FCRB)<\/p>\r\n<p>&nbsp;<\/p>\r\n<p><iframe title=\"Semin\u00e1rio 100 anos, sem Rui: o homem e sua Funda\u00e7\u00e3o dia 09\/11\" width=\"800\" height=\"450\" src=\"https:\/\/www.youtube.com\/embed\/gz1a-DXDkr0?start=15&#038;feature=oembed\" frameborder=\"0\" allow=\"accelerometer; autoplay; clipboard-write; encrypted-media; gyroscope; picture-in-picture; web-share\" referrerpolicy=\"strict-origin-when-cross-origin\" allowfullscreen><\/iframe><\/p>\r\n<p>&nbsp;<\/p>\r\n<h6><strong>V\u00eddeo 6 &#8211; Dia 9\/11\/2023:<\/strong><\/h6>\r\n<p><strong>Mesa 9: Cultura e democracia, quest\u00f5es sociais e temporalidade<\/strong><br \/>Coordena\u00e7\u00e3o: Lia Calabre (Pol\u00edticas Culturais\/FCRB)<\/p>\r\n<p><em>A import\u00e2ncia da comunica\u00e7\u00e3o e da cultura na democracia brasileira &#8211; <\/em>Eula Cabral (Pol\u00edticas Culturais\/FCRB)<\/p>\r\n<p><em>Rui e a quest\u00e3o social e pol\u00edtica &#8211; <\/em>Ant\u00f4nio Herculano Lopes (Hist\u00f3ria\/FCRB)<\/p>\r\n<p><em>A constru\u00e7\u00e3o do tempo: narrativa e temporalidade no livro A crian\u00e7a e a vida familiar sob o Antigo Regime, de Philippe Ari\u00e8s &#8211; <\/em>Marcos Veneu (Hist\u00f3ria\/FCRB)<\/p>\r\n<p><strong>Legado interinstitucional de Rui Barbosa<\/strong><br \/>Alexandre Santini (Presidente\/FCRB)<br \/>Ernesto Marques (presidente da Associa\u00e7\u00e3o Bahiana de Imprensa)<br \/>Luciano Bandeira Arantes (presidente da OAB &#8211; RJ)<\/p>\r\n<p><iframe title=\"Semin\u00e1rio 100 anos, sem Rui: o homem e sua Funda\u00e7\u00e3o dia 09\/11\" width=\"800\" height=\"450\" src=\"https:\/\/www.youtube.com\/embed\/XvvXMuHWt6U?feature=oembed\" frameborder=\"0\" allow=\"accelerometer; autoplay; clipboard-write; encrypted-media; gyroscope; picture-in-picture; web-share\" referrerpolicy=\"strict-origin-when-cross-origin\" allowfullscreen><\/iframe><\/p>","protected":false},"excerpt":{"rendered":"<p>100 anos depois&#8230; Evento dos dias 7, 8 e 9 de novembro de 2023 Semin\u00e1rio 100 anos sem Rui: o homem e sua Funda\u00e7\u00e3o Organiza\u00e7\u00e3o: Soraia Farias Reolon, Laura do Carmo, Christian Lynch e Jos\u00e9 Almino de Alencar. Com a participa\u00e7\u00e3o de pesquisadores da FCRB e convidados. Clique aqui para acessar a programa\u00e7\u00e3o completa em [&hellip;]<\/p>\n","protected":false},"author":3,"featured_media":0,"parent":0,"menu_order":0,"comment_status":"closed","ping_status":"closed","template":"","meta":{"footnotes":""},"class_list":["post-752","page","type-page","status-publish","hentry"],"_links":{"self":[{"href":"https:\/\/100anossemrui.casaruibarbosa.gov.br\/index.php?rest_route=\/wp\/v2\/pages\/752","targetHints":{"allow":["GET"]}}],"collection":[{"href":"https:\/\/100anossemrui.casaruibarbosa.gov.br\/index.php?rest_route=\/wp\/v2\/pages"}],"about":[{"href":"https:\/\/100anossemrui.casaruibarbosa.gov.br\/index.php?rest_route=\/wp\/v2\/types\/page"}],"author":[{"embeddable":true,"href":"https:\/\/100anossemrui.casaruibarbosa.gov.br\/index.php?rest_route=\/wp\/v2\/users\/3"}],"replies":[{"embeddable":true,"href":"https:\/\/100anossemrui.casaruibarbosa.gov.br\/index.php?rest_route=%2Fwp%2Fv2%2Fcomments&post=752"}],"version-history":[{"count":24,"href":"https:\/\/100anossemrui.casaruibarbosa.gov.br\/index.php?rest_route=\/wp\/v2\/pages\/752\/revisions"}],"predecessor-version":[{"id":795,"href":"https:\/\/100anossemrui.casaruibarbosa.gov.br\/index.php?rest_route=\/wp\/v2\/pages\/752\/revisions\/795"}],"wp:attachment":[{"href":"https:\/\/100anossemrui.casaruibarbosa.gov.br\/index.php?rest_route=%2Fwp%2Fv2%2Fmedia&parent=752"}],"curies":[{"name":"wp","href":"https:\/\/api.w.org\/{rel}","templated":true}]}}